{"id":224,"date":"2023-08-15T13:25:59","date_gmt":"2023-08-15T11:25:59","guid":{"rendered":"https:\/\/burg-halle.de\/innenausbautag\/?page_id=224"},"modified":"2023-08-25T10:44:42","modified_gmt":"2023-08-25T08:44:42","slug":"innenausbautag-2019","status":"publish","type":"page","link":"https:\/\/burg-halle.de\/innenausbautag\/innenausbautag-2019\/","title":{"rendered":"Innenausbautag 2019"},"content":{"rendered":"\n<div id=\"custom-header-container\" class=\"wp-block-group alignwide is-layout-flow wp-block-group-is-layout-flow\">\n    <div class=\"custom-header-content\">\n        <div class=\"custom-left-column\">\n            <span class=\"custom-topline\" style=\"--cs-header-color-primary:#e70211; --cs-header-color-secondary:#ffffff\"><p>03.\u2013 04. September 2019 im Bauhaus Dessau<\/p>\n<\/span>\n            <figure class=\"wp-block-image size-large custom-header-text\">\n                <img decoding=\"async\" fetchpriority=\"high\" width=\"824\" height=\"1024\" src=\"https:\/\/burg-halle.de\/innenausbautag\/wp-content\/uploads\/2023\/08\/LogoSchrift_2019.png\" alt=\"Logo Schriftzug Innenausbautag\">\n            <\/figure>\n        <\/div>\n\n        <div class=\"custom-right-column\">\n            <figure class=\"wp-block-image size-large custom-header-image\">\n                <img loading=\"lazy\" decoding=\"async\" width=\"1024\" height=\"723\" src=\"https:\/\/burg-halle.de\/innenausbautag\/wp-content\/uploads\/2023\/08\/lasche_2019.png\" alt=\"Bild von einer Lasche\">\n            <\/figure>\n        <\/div>\n\n\n        <div class=\"custom-bottom-row\">\n            <div class=\"wp-block-group alignwide mobile-scroll-down is-layout-flow wp-block-group-is-layout-flow\">\n                <figure class=\"wp-block-image alignwide size-full mobile-arrow-down\">\n                    <a href=\"#cs-intro-link\">\n                        <svg width=\"100\" height=\"50\" viewBox=\"0 0 100 50\" xmlns=\"http:\/\/www.w3.org\/2000\/svg\">\n                            <line x1=\"2\" y1=\"9\" x2=\"50\" y2=\"41\" stroke=\"var(--cs-color-h)\" stroke-width=\"4\" stroke-linecap=\"round\" \/>\n                            <line x1=\"98\" y1=\"9\" x2=\"50\" y2=\"41\" stroke=\"var(--cs-color-h)\" stroke-width=\"4\" stroke-linecap=\"round\" \/>\n                        <\/svg>\n                    <\/a>\n                <\/figure>\n            <\/div>\n        <\/div>\n    <\/div>\n<\/div>\n\n\n<div class=\"wp-block-group alignfull cs-content-element is-layout-flow wp-block-group-is-layout-flow\">\n<p>Der Mitteldeutsche Innenausbautag ist eine Kooperation der Tischler Sachsen-Anhalt und des Designhaus Halle an der Burg Giebichenstein Kunsthochschule Halle. Das Format im Zusammenspiel zweiter Partner &#8211; einer Handwerksorganisation und einer Kunsthochschule &#8211; ist in dieser Form einmalig.<\/p>\n\n\n\n<p>Der Innenausbautag lebt vom kollegialen Austausch, Impulse geben den Teilnehmenden die Gelegenheit sich mit innovativen oder gesellschaftlich relevanten Themen auseinanderzusetzen und diese in einem behaglichen Rahmen zu auszutauschen und auch sacken zu lassen. Die Impulse orientieren sich an Leitthemen wie Wert, Zukunft, Vision oder Region und beleuchten diese zun\u00e4chst abstrakten Begriffe anhand von handfesten Beispielen. Das Anliegen des Innenausbautages ist, jedem Teilnehmenden einen einen Ansto\u00df f\u00fcr den Alltag &#8211; oder auch dar\u00fcber hinaus &#8211; mitzugeben.<\/p>\n\n\n\n<p>Unterst\u00fctzt von einem Freundeskreis findet diese Veranstaltung seit 2015 alle zwei Jahre Anfang September statt.&nbsp;<\/p>\n<\/div>\n\n\n\n<div class=\"wp-block-group alignfull cs-content-element has-global-padding is-layout-constrained wp-block-group-is-layout-constrained\" id=\"cs-intro-link\">\n<h2 class=\"wp-block-heading alignfull\">Vision<\/h2>\n\n\n\n<p>\u00bbNichts ist m\u00e4chtiger als eine Idee zur richtigen Zeit.\u00ab (Victor Hugo) <\/p>\n\n\n\n<p>Ohne Visionen herrscht Stillstand auf unserem Planeten. Besonders Handwerker haben in allen Epochen neue Denkweisen begleitet und zur Umsetzung entsprechender Produkte beigetragen. Allerdings scheinen heute bisweilen auch dem Handwerk Visionen abhanden gekommen zu sein. Neue Ideen ordnen sich dem Alltagstrott unter, es fehlt Muse oder einfach der richtige Impuls. Dazu m\u00f6chten wir uns mit Ihnen an einem besonderen Ort \u00fcber Visionen austauschen.<\/p>\n\n\n\n<p>Neben vision\u00e4ren Gedanken und gelebter Unternehmenskultur werden richtungsweisende Strategien aufgezeigt, um der gestellten Aufgabe an moderne Innenausbaubetriebe gerecht zu werden. Wir m\u00f6chten Inpulse geben und uns in der Aula des BAUHAUS in Dessau die Frage stellen: Wo wollen wir hin, wer wollen wir sein? <\/p>\n\n\n\n<p>Zukunft braucht VISIONEN und Akteure, die diese umsetzten \u2013 Impulsvortr\u00e4ge mit anschlie\u00dfendem lockeren Austausch<\/p>\n<\/div>\n\n\n\n<div class=\"wp-block-group alignfull cs-content-element is-layout-flow wp-block-group-is-layout-flow\" id=\"programm\">\n<h2 class=\"wp-block-heading alignfull\">Programm<\/h2>\n\n\n\n<p><br>03.\u2013 04. September 2019 im Bauhaus Dessau<\/p>\n\n\n\n<p class=\"download-link\"><a href=\"https:\/\/burg-halle.de\/innenausbautag\/wp-content\/uploads\/2023\/08\/19_TI-FLY-101-210-OHNE-Schnittmarken.pdf\" data-type=\"link\" data-id=\"https:\/\/burg-halle.de\/innenausbautag\/wp-content\/uploads\/2023\/08\/19_TI-FLY-101-210-OHNE-Schnittmarken.pdf\" target=\"_blank\" rel=\"noreferrer noopener\">Programm Download (2MB)<\/a><\/p>\n\n\n\n<p class=\"has-text-color\" style=\"color:#e70211\"><strong>TAG 1<\/strong><\/p>\n\n\n\n<p><strong>09:00 Uhr Gru\u00dfworte<\/strong><br>Gesch\u00e4ftsf\u00fchrer Tischler Sachsen-Anhalt, J\u00f6rg Schwamberger<br><strong>Einf\u00fchrung in den Themenkomplex<\/strong><br>Martin A. B\u00fcdel, Burg Giebichenstein Kunsthochschule Halle<\/p>\n\n\n\n<p><strong>09:30 Uhr Impuls 1<\/strong><br>PROTOTYPEN f\u00fcr ein neues Leben \u2013 das Bauhaus in Dessau<br>Dr. Werner M\u00f6ller, wissenschaftlicher Mitarbeiter der Stiftung Bauhaus Dessau<\/p>\n\n\n\n<p><strong>10:30 Uhr Impuls 2<\/strong><br>NACHFOLGE &#8211; \u201eEin ernstes Problem?\u201c<br>Ursula Maier- Fa. Sarah Maier, Stuttgart Feuerbach<\/p>\n\n\n\n<p><strong>13:30 Uhr Impuls 3<\/strong><br>ZEITGEIST \u2013 NACHHALTIGKEIT &#8211; \u201eWarum ist Nachhaltigkeit kein Trend?\u201c <br>Niels Holger Wien, Trendforscher, Halle (Saale), Pr\u00e4sident Intercolor<\/p>\n\n\n\n<p><strong>14:30 Uhr Impuls 4<\/strong><br>FOCUS &#8211; Wenn der Schreiner Designer wird.<br>Kevin Gerstmeier, Schreinermeister und staatl. gepr. Raum- und Objektdesigner, Dettingen<\/p>\n\n\n\n<p><strong>16:00 Uhr Zwischenspiel<\/strong><br>Besucherprogramm der Stiftung Bauhaus Dessau<\/p>\n\n\n\n<p><strong>18:00 Uhr Kulinarischer Ausklang im Club des Bauhaus<\/strong><\/p>\n\n\n\n<p><strong>20:00 Uhr Abendprogramm Kabarett &#8222;Schwarze Gr\u00fctze&#8220;<\/strong><\/p>\n\n\n\n<p><strong>22:00 Uhr Ausklang des Tages an der Bar im Club des Bauhaus<\/strong><\/p>\n\n\n\n<p class=\"has-text-color\" style=\"color:#e70211\"><strong>TAG 2<\/strong><\/p>\n\n\n\n<p><strong>ab 09:00 Uhr 2. FR\u00dcHST\u00dcCK IN DER MENSA DES BAUHAUS<\/strong><\/p>\n\n\n\n<p><strong>09:30 Uhr F\u00dcHRUNGEN durch das historische BAUHAUS<\/strong><\/p>\n\n\n\n<p><strong>11:00 Uhr HALTUNGEN&nbsp;<\/strong><br>Wenn Visionen wahr werden. Wir fragen Gestalterpers\u00f6nlichkeiten unterschiedlicher Generationen, in welchem Kontext innovative Produkte entstanden sind. Wie war der Weg von VISION zum PRODUKT? Was lie\u00df sich nicht umsetzen, worin lagen die Gr\u00fcnde.<br>Prof. Klaus Michel, Burg Giebichenstein Kunsthochschule Halle<br>Prof. Jacob Strobel, Angewandte Kunst Schneeberg (AKS)<br>Dr. Christoph Schindler, Leiter Objektdesign BA, Hochschule Luzern Design &amp; Kunst<br>Martin A. B\u00fcdel, Burg Giebichenstein Kunsthochschule Halle<\/p>\n\n\n\n<p><strong>12:15 Uhr&nbsp;ZUSAMMENFASSUNG <\/strong><br>Martin A. B\u00fcdel<\/p>\n\n\n\n<p><strong>12:30 Uhr VERABSCHIEDUNG\/VERANSTALTUNGSENDE<\/strong><\/p>\n\n\n\n<p><strong>13:00 Uhr \u00d6FFENTLICHE F\u00dcHRUNG MEISTERH\u00c4USER<\/strong><\/p>\n<\/div>\n\n\n\n<div class=\"wp-block-group alignfull cs-content-element is-layout-flow wp-block-group-is-layout-flow\" id=\"speaker\">\n<h2 class=\"wp-block-heading alignfull\">Referent*innen<\/h2>\n\n\n<div class=\"wp-block-group alignfull lectures is-layout-flow wp-block-group-is-layout-flow\">\n      <div class=\"wp-block-group lecture-grid is-layout-flow wp-block-group-is-layout-flow\">\n      <div class=\"wp-block-group lecture-grid-description is-layout-flow wp-block-group-is-layout-flow\">\n        <div class=\"wp-block-group is-nowrap is-layout-flex wp-container-10 wp-block-group-is-layout-flex lecture-topline\">\n          <h3 class=\"wp-block-heading lecture-category\">Bauhaus<\/h3>\n          <p class=\"lecture-speaker-names\">\n                            <span class=\"lecture-speaker-name\">Dr. Werner M\u00f6ller<\/span>\n                      <\/p>\n        <\/div>\n\n        <p><strong class=\"lecture-title\">Prototypen f\u00fcr ein neues Leben \u2013 das Bauhaus in Dessau<\/strong> \u2013 <p>Ihre Zeitgenossen versetzten sie in Erstaunen, manche auch in Entsetzen. Mit den Ideen wurde an radikalen Zukunftsentw\u00fcrfen gearbeitet, in Dessau schufen die Bauh\u00e4usler*innen etwas Neues. Die Denkweisen und objekte dienten als Prototypen modernen Lebens. Das Bauhaus bewegte sich dabei zwischen radikaler Utopie, gesellschaftlichen Visionen und sozialen Realit\u00e4ten. Vieles, was damals vorgedacht und realisiert wurde, wurde zum Standard. Doch welche neuen Ans\u00e4tze f\u00fcr zukunftsweisende VISIoNEN brauchen wir heute?<\/p>\n <\/p>\n      <\/div>\n\n      <div class=\"wp-block-group lecture-speaker-grid is-layout-flow wp-block-group-is-layout-flow\">\n\n                    <div class=\"wp-block-group speaker-grid-item is-layout-flow wp-block-group-is-layout-flow\">\n              <figure class=\"wp-block-image size-large\">\n                <img decoding=\"async\" src=\"https:\/\/burg-halle.de\/innenausbautag\/wp-content\/uploads\/2023\/08\/Portrait-Werner-Moeller-.jpg\" alt=\"Bild des Referenten Dr. Werner M\u00f6ller\">\n              <\/figure>\n\n              <div class=\"wp-block-group speaker-hover-container is-layout-flow wp-block-group-is-layout-flow\">\n                <h3 class=\"wp-block-heading\">Dr. Werner M\u00f6ller<\/h3>\n\n                <p><p>Werner M\u00f6ller ist <strong>seit 1991<\/strong> wissenschaftlicher Mitarbeiter der Stiftung Bauhaus Dessau.<\/p>\n<p>&nbsp;<\/p>\n<p>Sein Forschungsinteresse gilt der Konzept , konkreten und konstruktiven Kunst sowie Architektur und Design Theorie der Moderne. Seine Arbeitsschwerpunkte bewegen sich an den Schnittstellen wissenschaftlicher, gestalterischer und kuratorischer Praxis.<\/p>\n<p>&nbsp;<\/p>\n<p><strong>2015<\/strong> co kuratierte und gestaltete er am Bauhaus Dessau die Ausstellung \u00bbdas prinzip coop \u2013 Hannes Meyer und die Idee einer kollektiven Gestaltung\u00ab.<\/p>\n<p>&nbsp;<\/p>\n<p><strong>2016<\/strong> entwickelte er zusammen mit Partnern in Rotterdam das Ausstellungsprojekt \u00bbSimultanit\u00e4t der Moderne \u2013 die Van Nelle Fabrik in Rotterdam und das Bauhaus in Dessau\u00ab.<\/p>\n<\/p>\n              <\/div>\n            <\/div>\n              <\/div>\n    <\/div>\n\n      <div class=\"wp-block-group lecture-grid is-layout-flow wp-block-group-is-layout-flow\">\n      <div class=\"wp-block-group lecture-grid-description is-layout-flow wp-block-group-is-layout-flow\">\n        <div class=\"wp-block-group is-nowrap is-layout-flex wp-container-10 wp-block-group-is-layout-flex lecture-topline\">\n          <h3 class=\"wp-block-heading lecture-category\">Unternehmensnachfolge<\/h3>\n          <p class=\"lecture-speaker-names\">\n                            <span class=\"lecture-speaker-name\">Ursula Maier<\/span>\n                      <\/p>\n        <\/div>\n\n        <p><strong class=\"lecture-title\">NACHFOLGE \u2013 \u00bbEin ernstes Problem?\u00ab<\/strong> \u2013 <p><span id=\"page70R_mcid146\" class=\"markedContent\"><\/span>Ursula Maier \u00fcbergibt die Unternehmensverantwortung an die Tochter Sarah Maier, an die 4. GENERATIoN. Sie selbst ist Schreinermeisterin und Innenarchitektin und hat den Betrieb von ihrem Vater Hermann Maier 1980 \u00fcbernommen.<\/p>\n<p>Die erste Generation, Hermann Maier war ebenfalls Schreinermeister und Innenarchitekt und hat in F\u00fcrth an der Kunstgewerbeschule gelehrt, bevor er die Werkstatt in Stuttgart 1910 gegr\u00fcndet hat.<\/p>\n<p>Ursula Maier erz\u00e4hlt \u00fcber ihre 50 Jahre lange spannende Berufserfahrung. Insbesondere wird sie \u00fcber die Firmen\u00fcbergabe an die Tochter Sarah berichten. Interessant ist, was die 4. Generation daraus gemacht hat<\/p>\n <\/p>\n      <\/div>\n\n      <div class=\"wp-block-group lecture-speaker-grid is-layout-flow wp-block-group-is-layout-flow\">\n\n                    <div class=\"wp-block-group speaker-grid-item is-layout-flow wp-block-group-is-layout-flow\">\n              <figure class=\"wp-block-image size-large\">\n                <img decoding=\"async\" src=\"https:\/\/burg-halle.de\/innenausbautag\/wp-content\/uploads\/2023\/08\/UrsulaMaier.jpg\" alt=\"Bild des Referenten Ursula Maier\">\n              <\/figure>\n\n              <div class=\"wp-block-group speaker-hover-container is-layout-flow wp-block-group-is-layout-flow\">\n                <h3 class=\"wp-block-heading\">Ursula Maier<\/h3>\n\n                <p><p>Ma\u00eetre Eb\u00e9nist\u00e9 und Innenarchitektin<br \/>\nSchreinerlehre im elterlichen Betrieb; Gesellenpr\u00fcfung, Bundessiegerin; beim internationalen Berufswettkampf Bronzemedaille; Studium an der Staatlichen Akademie der bildenden K\u00fcnste Stuttgart<\/p>\n<p>&nbsp;<\/p>\n<p><strong>ab 1974<\/strong> Gesch\u00e4ftsleitung der Firma Hermann Maier, M\u00f6bel und Innenausbau in Markgr\u00f6ningen<\/p>\n<p>&nbsp;<\/p>\n<p><strong>1980<\/strong> Meisterpr\u00fcfung im Schreinerhandwerk<\/p>\n<p>&nbsp;<\/p>\n<p><strong>1993<\/strong> Lehrbeauftragte f\u00fcr das 7. und 8. Semester an der<\/p>\n<p>&nbsp;<\/p>\n<p><strong>2007<\/strong> Hochschule f\u00fcr Technik Stuttgart, Fachbereich Innenarchitektur<\/p>\n<p>&nbsp;<\/p>\n<p><strong>1995<\/strong> Landesvorsitzende des Verbandes deutscher<\/p>\n<p>&nbsp;<\/p>\n<p><strong>1997<\/strong> Unternehmerinnen, VdU<\/p>\n<p>&nbsp;<\/p>\n<p><strong>1996<\/strong> Gr\u00fcndung des Hermann Maier Fonds, im Gedenken an Vater Hermann Maier, Unterst\u00fctzung der Lehrlingsausbildung in Butende Uganda<\/p>\n<p>&nbsp;<\/p>\n<p><strong>1992<\/strong> Meisterfrau des Jahres 92<\/p>\n<p>&nbsp;<\/p>\n<p><strong>1995<\/strong> \u00bbHonorable Mention\u00ab f\u00fcr \u00bbPaperdesk\u00ab, Nagoya International Design Competition 95, IFI Konferenz in Japan,<\/p>\n<p>&nbsp;<\/p>\n<p><strong>2010<\/strong> Ehrenmitgliedschaft des BDIA, Bund Deutscher Innenarchitekten,<\/p>\n<p>&nbsp;<\/p>\n<p><strong>2013<\/strong> Wirtschaftsverdienstmedaille des Landes Baden W\u00fcrttemberg<\/p>\n<\/p>\n              <\/div>\n            <\/div>\n              <\/div>\n    <\/div>\n\n      <div class=\"wp-block-group lecture-grid is-layout-flow wp-block-group-is-layout-flow\">\n      <div class=\"wp-block-group lecture-grid-description is-layout-flow wp-block-group-is-layout-flow\">\n        <div class=\"wp-block-group is-nowrap is-layout-flex wp-container-10 wp-block-group-is-layout-flex lecture-topline\">\n          <h3 class=\"wp-block-heading lecture-category\">ZEITGEIST \u2013 NACHHALTIGKEIT<\/h3>\n          <p class=\"lecture-speaker-names\">\n                            <span class=\"lecture-speaker-name\">Niels Holger Wien<\/span>\n                      <\/p>\n        <\/div>\n\n        <p><strong class=\"lecture-title\">\u00bbWarum ist Nachhaltigkeit kein Trend?\u00ab<\/strong> \u2013 <p><span id=\"page74R_mcid181\" class=\"markedContent\"><\/span>Wir erleben Realit\u00e4t in Beschleunigung, Wandel ist zum konstanten Faktor geworden. Fantasie und Realit\u00e4t werden eins \u2013 so eine VISIoN. Digitalisierung wird ein Schl\u00fcssel dazu sein. \u00bbWir m\u00fcssen Unsicherheit lieben lernen und Ver\u00e4nderungen als Lernchancen sehen.\u00ab, sagt Christoph Werner (dm) \u00fcber den Zustand des Jetzt. Alles ist in Bewegung, auch die Kultur unseres Zusammenlebens ver\u00e4ndert sich. Der Wandel ist tiefgreifend, weil wir Grundeinstellungen neu definieren m\u00fcssen. Wie gehen wir mit den Herausforderungen von Klimawandel und Nachhaltigkeit um? Was hat f\u00fcr uns Relevanz bei solchen komplexen Themen? Wie sehen alternative Materialien der Zukunft aus, wie ver\u00e4ndern sie unsere \u00c4sthetik? Willkommen zur Horizonterweiterung! Es geht darum Vielfalt m\u00f6glich zu machen und neue Entwicklungen mit Ma\u00dfst\u00e4ben der Nachhaltigkeit zu planen.<\/p>\n <\/p>\n      <\/div>\n\n      <div class=\"wp-block-group lecture-speaker-grid is-layout-flow wp-block-group-is-layout-flow\">\n\n                    <div class=\"wp-block-group speaker-grid-item is-layout-flow wp-block-group-is-layout-flow\">\n              <figure class=\"wp-block-image size-large\">\n                <img decoding=\"async\" src=\"https:\/\/burg-halle.de\/innenausbautag\/wp-content\/uploads\/2023\/08\/NHW_Portrait_02-2017_CJo.schaller_RGB--768x1024.jpg\" alt=\"Bild des Referenten Niels Holger Wien\">\n              <\/figure>\n\n              <div class=\"wp-block-group speaker-hover-container is-layout-flow wp-block-group-is-layout-flow\">\n                <h3 class=\"wp-block-heading\">Niels Holger Wien<\/h3>\n\n                <p><p>Trendforscher, Halle (Saale), Pr\u00e4sident Intercolor<\/p>\n<p>&nbsp;<\/p>\n<p>Niels Holger Wien arbeitet als Trendanalyst und Farbexperte u. a. f\u00fcr das Deutsche Mode Institut DMI und ist Pr\u00e4sident des internationalen Trend Netzwerks INTERCOLOR, wo er mit dem DMI Deutschland repr\u00e4sentiert. Niels Holger Wien versteht sich als Ideenvermittler, seine Zeitgeistanalysen und Trendprognosen richten sich branchen\u00fcbergreifend an Kreative, Entwickler und Entscheider.<\/p>\n<\/p>\n              <\/div>\n            <\/div>\n              <\/div>\n    <\/div>\n\n      <div class=\"wp-block-group lecture-grid is-layout-flow wp-block-group-is-layout-flow\">\n      <div class=\"wp-block-group lecture-grid-description is-layout-flow wp-block-group-is-layout-flow\">\n        <div class=\"wp-block-group is-nowrap is-layout-flex wp-container-10 wp-block-group-is-layout-flex lecture-topline\">\n          <h3 class=\"wp-block-heading lecture-category\">Focus<\/h3>\n          <p class=\"lecture-speaker-names\">\n                            <span class=\"lecture-speaker-name\">Kevin Gerstmeier<\/span>\n                      <\/p>\n        <\/div>\n\n        <p><strong class=\"lecture-title\">Wenn der Schreiner Designer wird<\/strong> \u2013 <p><span id=\"page79R_mcid216\" class=\"markedContent\"><\/span>Alle Zeichen stehen auf Durchbruch: Kevin Gerstmeier aus Dettingen entwirft M\u00f6bel \u2013 und hat in den vergangenen zwei Jahren einige Design-Preise gewonnen. Mit seinem Armlehnstuhl \u00bbmahu\u00ab wurde er mit dem \u00bbGerman Design Award Winner 2019\u00ab ausgezeichnet. Kevin Gerstmeier begann im August 2011 eine Ausbildung zum Schreiner in einer Schreinerei, die gro\u00dfen Wert auf Gestaltung legt. Im Hinblick auf seine Kreativit\u00e4t und sein handwerkliches Geschick war diese Ausbildung der Grundstein f\u00fcr seinen Werdegang, seine heutigen Entw\u00fcrfe und die daraus resultierenden Produkte. Nach der Gesellenzeit besuchte er die Schreinermeisterschule in Garmisch-Partenkirchen. Hier schloss er auch sein Studium f\u00fcr Raum- und objektdesign an das er im Mai 2019 abschloss. Seinen Wunsch ein eigenes Designstudio zu betreiben hat er sich erf\u00fcllt, was treibt ihn an und wie geht es weiter?<\/p>\n <\/p>\n      <\/div>\n\n      <div class=\"wp-block-group lecture-speaker-grid is-layout-flow wp-block-group-is-layout-flow\">\n\n                    <div class=\"wp-block-group speaker-grid-item is-layout-flow wp-block-group-is-layout-flow\">\n              <figure class=\"wp-block-image size-large\">\n                <img decoding=\"async\" src=\"https:\/\/burg-halle.de\/innenausbautag\/wp-content\/uploads\/2023\/08\/portrait-825x1024.jpg\" alt=\"Bild des Referenten Kevin Gerstmeier\">\n              <\/figure>\n\n              <div class=\"wp-block-group speaker-hover-container is-layout-flow wp-block-group-is-layout-flow\">\n                <h3 class=\"wp-block-heading\">Kevin Gerstmeier<\/h3>\n\n                <p><p>Schreinermeister und staatl. gepr. Raum und Objektdesigner, Dettingen<\/p>\n<p>&nbsp;<\/p>\n<p>Kevin Gerstmeier wurde am 30.09.1992 in Ormstown geboren und wuchs auf der schw\u00e4bischen Alb in der N\u00e4he von Ulm auf. Als Absolvent einer Waldorfschule konnte er bereits sehr fr\u00fch seine Kreativit\u00e4t ausleben.<\/p>\n<p>&nbsp;<\/p>\n<p>So begann er im August 2011 eine Ausbildung zum Schreiner. Im Hinblick auf seine Kreativit\u00e4t und sein handwerkliches Geschick war diese Ausbildung der Grundstein f\u00fcr seinen Werdegang, seine heutigen Entw\u00fcrfe und die daraus resultierenden Produkte.<\/p>\n<p>&nbsp;<\/p>\n<p>Nach der Gesellenzeit besuchte er die Schreinermeisterschule in Garmisch Partenkirchen. Das Interesse f\u00fcr Gestaltung wurde mit den Jahren immer st\u00e4rker.<\/p>\n<p>&nbsp;<\/p>\n<p>Heute f\u00fchrt der Designer ein eigenes Designstudio und ist der kreative Kopf der Schreinerei in der er seine Ausbildung zum Schreiner Gesellen machte.<\/p>\n<\/p>\n              <\/div>\n            <\/div>\n              <\/div>\n    <\/div>\n\n      <div class=\"wp-block-group lecture-grid is-layout-flow wp-block-group-is-layout-flow\">\n      <div class=\"wp-block-group lecture-grid-description is-layout-flow wp-block-group-is-layout-flow\">\n        <div class=\"wp-block-group is-nowrap is-layout-flex wp-container-10 wp-block-group-is-layout-flex lecture-topline\">\n          <h3 class=\"wp-block-heading lecture-category\">HALTUNGEN<\/h3>\n          <p class=\"lecture-speaker-names\">\n                            <span class=\"lecture-speaker-name\">Martin A. B\u00fcdel<\/span>\n                      <\/p>\n        <\/div>\n\n        <p><strong class=\"lecture-title\">Podiumsdiskussion<\/strong> \u2013 <p>Wenn VISIONEN wahr werden! Wir fragen Gestalterpers\u00f6nlichkeiten unterschiedlicher Generationen, in welchem Kontext ihre Produkte entstanden sind. Wie war der Weg von der VISION zum Produkt? Inwiefern lie\u00df sich diese VISION umsetzen, gab es unerwartete Wendungen im Voranschreiten? Freuen Sie sich auf eine offene und spannende Diskussionsrunde mit Autoren erfolgreicher Produkte auf der B\u00fchne des Bauhausgeb\u00e4udes. Uns erwarten ungew\u00f6hnliche Geschichten und ein Einblick in die Arbeitsweise der jeweiligen Autoren. Das Mitreden und Nachfragen ist ausdr\u00fccklich erw\u00fcnscht!<\/p>\n <\/p>\n      <\/div>\n\n      <div class=\"wp-block-group lecture-speaker-grid is-layout-flow wp-block-group-is-layout-flow\">\n\n                    <div class=\"wp-block-group speaker-grid-item is-layout-flow wp-block-group-is-layout-flow\">\n              <figure class=\"wp-block-image size-large\">\n                <img decoding=\"async\" src=\"https:\/\/burg-halle.de\/innenausbautag\/wp-content\/uploads\/2023\/08\/martin-buedel-683x1024.jpg\" alt=\"Bild des Referenten Martin A. B\u00fcdel\">\n              <\/figure>\n\n              <div class=\"wp-block-group speaker-hover-container is-layout-flow wp-block-group-is-layout-flow\">\n                <h3 class=\"wp-block-heading\">Martin A. B\u00fcdel<\/h3>\n\n                <p><p><strong>1971<\/strong> geboren in Aschaffenburg \u00a0(Main)<\/p>\n<p>&nbsp;<\/p>\n<p><strong>1991<\/strong> Geselle im Schreinerhandwerk Fa. Thum&amp;H\u00e4user GbR, Sch\u00f6nenberg K\u00fcbelberg<\/p>\n<p>&nbsp;<\/p>\n<p><strong>2000<\/strong> Diplom der Innenarchitektur Hochschule f\u00fcr Kunst und Design Halle<\/p>\n<p>&nbsp;<\/p>\n<p><strong>1997<\/strong> Beginn der freiberuflichen T\u00e4tigkeit als M\u00f6belgestalter<\/p>\n<p>&nbsp;<\/p>\n<p><strong>1998<\/strong> Gr\u00fcndung des Gestaltungsb\u00fcros &#8230;4! mit Astrid Pankrath, Achim Hack und Wolfgang Kreser<\/p>\n<p>&nbsp;<\/p>\n<p><strong>2000<\/strong> Mitarbeiter Burg Giebichenstein Kunsthochschule Halle Burg Giebichenstein Hochschule f\u00fcr Kunst und Design Halle<\/p>\n<p>&nbsp;<\/p>\n<p><strong>2001<\/strong> Projektleiter, Entwicklung eines Faltf\u00e4higen Plattenwerkstoffs Innovatoren des Landes Sachsen-Anhalt<\/p>\n<p>&nbsp;<\/p>\n<p><strong>2001<\/strong> Gr\u00fcndung des b\u00fcro b\u00fcdel, innenachitektur + design mit Ehefrau Cornelia B\u00fcdel<\/p>\n<p>&nbsp;<\/p>\n<p><strong>2013<\/strong> Leiter der Zentralen Werkst\u00e4tten der BURG Burg Giebichenstein Kunsthochschule Halle<\/p>\n<p>&nbsp;<\/p>\n<p><strong>2017<\/strong> Leiter Designhaus Halle, Existenzgr\u00fcnderzentrum der BURG Burg Giebichenstein Kunsthochschule Halle<\/p>\n<\/p>\n              <\/div>\n            <\/div>\n              <\/div>\n    <\/div>\n\n  \n<\/div><\/div>\n\n\n\n<div class=\"wp-block-group alignfull cs-content-element is-layout-flow wp-block-group-is-layout-flow\" id=\"location\">\n<h2 class=\"wp-block-heading alignfull\">Veranstaltungsort<\/h2>\n\n\n\n<p>Bauhaus Dessau, Aula<br>Gropiusallee 38<br>06846 Dessau<\/p>\n\n\n\n<figure class=\"wp-block-image size-large cs-map-image\"><img decoding=\"async\" loading=\"lazy\" width=\"1024\" height=\"935\" src=\"https:\/\/burg-halle.de\/innenausbautag\/wp-content\/uploads\/2023\/08\/location_2019-1024x935.png\" alt=\"\" class=\"wp-image-257\" srcset=\"https:\/\/burg-halle.de\/innenausbautag\/wp-content\/uploads\/2023\/08\/location_2019-1024x935.png 1024w, https:\/\/burg-halle.de\/innenausbautag\/wp-content\/uploads\/2023\/08\/location_2019-300x274.png 300w, https:\/\/burg-halle.de\/innenausbautag\/wp-content\/uploads\/2023\/08\/location_2019-768x701.png 768w, https:\/\/burg-halle.de\/innenausbautag\/wp-content\/uploads\/2023\/08\/location_2019-1536x1403.png 1536w, https:\/\/burg-halle.de\/innenausbautag\/wp-content\/uploads\/2023\/08\/location_2019-2048x1871.png 2048w\" sizes=\"(max-width: 1024px) 100vw, 1024px\" \/><\/figure>\n<\/div>\n\n\n\n<div class=\"wp-block-group alignfull cs-content-element is-layout-flow wp-block-group-is-layout-flow\" id=\"kontakt\">\n<h2 class=\"wp-block-heading alignfull\">Kontakt<\/h2>\n\n\n\n<p>Tischler Sachsen-Anhalt e. V.<br>J\u00f6rg Schwamberger<br><br>Telefon: 03491 41 19 22<br>Mail: hkh.s-a@tischler.de<\/p>\n<\/div>\n\n\n\n<div class=\"wp-block-group alignfull cs-content-element is-layout-flow wp-block-group-is-layout-flow\" id=\"partner\">\n<h2 class=\"wp-block-heading alignfull\">Partnerschaften<\/h2>\n\n\n\n<p>Ein besonderes Augenmerk der Veranstaltung liegt darauf, die gewonnenen Erfahrungen untereinander, aber auch mit den entsprechenden Industrie- und Handelspartnern zu diskutieren. Der Austausch, mit den f\u00fcr die Veranstaltung gewonnen Unternehmen, soll dem Anspruch an werthaltige Handwerksprodukte gerecht werden. Dieser Erfolg ist ma\u00dfgeblich von guten Partnern mit hervorragenden Ausgangsprodukten f\u00fcr das Handwerk abh\u00e4ngig. Dazu \u00fcbernehmen Unternehmen f\u00fcr Handel und Industrie Tischpatenschaften und stellen in Gespr\u00e4chsrunden ihre eigenen Aktivit\u00e4ten und Perspektiven im Kontext des Innenausbautages zum Thema VISIoN vor<\/p>\n\n\n\n<div class=\"wp-block-group alignwide partner-logo-container has-global-padding is-layout-constrained wp-block-group-is-layout-constrained\">\n        <div class=\"wp-block-group partner-container-item is-layout-flow wp-block-group-is-layout-flow is-highlighted\">\n        <figure class=\"wp-block-image size-large partner-logo\">\n            <a href=\"https:\/\/www.tischler-sachsen.de\" target=\"_blank\">\n                <img decoding=\"async\" loading=\"lazy\" width=\"2560\" height=\"2269\" src=\"https:\/\/burg-halle.de\/innenausbautag\/wp-content\/uploads\/2023\/08\/image001-scaled.jpeg\" alt=\"Logo eines Partners des Mitteldeutschen Innenausbautags\" class=\"wp-image-49\" srcset=\"https:\/\/burg-halle.de\/innenausbautag\/wp-content\/uploads\/2023\/08\/image001-scaled.jpeg 2560w, https:\/\/burg-halle.de\/innenausbautag\/wp-content\/uploads\/2023\/08\/image001-300x266.jpeg 300w, https:\/\/burg-halle.de\/innenausbautag\/wp-content\/uploads\/2023\/08\/image001-1024x908.jpeg 1024w, https:\/\/burg-halle.de\/innenausbautag\/wp-content\/uploads\/2023\/08\/image001-768x681.jpeg 768w, https:\/\/burg-halle.de\/innenausbautag\/wp-content\/uploads\/2023\/08\/image001-1536x1362.jpeg 1536w, https:\/\/burg-halle.de\/innenausbautag\/wp-content\/uploads\/2023\/08\/image001-2048x1816.jpeg 2048w\" sizes=\"(max-width: 2560px) 100vw, 2560px\" \/> \n            <\/a>\n        <\/figure>\n    <\/div>\n\n    <div class=\"wp-block-group partner-container-item is-layout-flow wp-block-group-is-layout-flow is-highlighted\">\n        <figure class=\"wp-block-image size-large partner-logo\">\n            <a href=\"https:\/\/www.burg-halle.de\/\" target=\"_blank\">\n                <img decoding=\"async\" src=\"https:\/\/burg-halle.de\/innenausbautag\/wp-content\/uploads\/2023\/08\/BurgLogo.png\" alt=\"Logo eines Partners des Mitteldeutschen Innenausbautags\" class=\"wp-image-49\"> \n            <\/a>\n        <\/figure>\n    <\/div>\n\n    <div class=\"wp-block-group partner-container-item is-layout-flow wp-block-group-is-layout-flow is-highlighted\">\n        <figure class=\"wp-block-image size-large partner-logo\">\n            <a href=\"https:\/\/www.dds-online.de\/\" target=\"_blank\">\n                <img decoding=\"async\" src=\"https:\/\/burg-halle.de\/innenausbautag\/wp-content\/uploads\/2023\/08\/dds_logo.png\" alt=\"Logo eines Partners des Mitteldeutschen Innenausbautags\" class=\"wp-image-49\"> \n            <\/a>\n        <\/figure>\n    <\/div>\n\n\n<\/div>\n\n\n<div class=\"wp-block-group alignwide partner-logo-container has-global-padding is-layout-constrained wp-block-group-is-layout-constrained\">\n        <div class=\"wp-block-group partner-container-item is-layout-flow wp-block-group-is-layout-flow \">\n        <figure class=\"wp-block-image size-large partner-logo\">\n            <a href=\"https:\/\/www.hkh-maschinen.de\/\" target=\"_blank\">\n                <img decoding=\"async\" src=\"https:\/\/burg-halle.de\/innenausbautag\/wp-content\/uploads\/2023\/08\/hkh.jpeg\" alt=\"Logo eines Partners des Mitteldeutschen Innenausbautags\" class=\"wp-image-49\"> \n            <\/a>\n        <\/figure>\n    <\/div>\n\n    <div class=\"wp-block-group partner-container-item is-layout-flow wp-block-group-is-layout-flow \">\n        <figure class=\"wp-block-image size-large partner-logo\">\n            <a href=\"https:\/\/web.hettich.com\/\" target=\"_blank\">\n                <img decoding=\"async\" src=\"https:\/\/burg-halle.de\/innenausbautag\/wp-content\/uploads\/2023\/08\/logo-hettich-noclaim.svg\" alt=\"Logo eines Partners des Mitteldeutschen Innenausbautags\" class=\"wp-image-49\"> \n            <\/a>\n        <\/figure>\n    <\/div>\n\n    <div class=\"wp-block-group partner-container-item is-layout-flow wp-block-group-is-layout-flow \">\n        <figure class=\"wp-block-image size-large partner-logo\">\n            <a href=\"https:\/\/www.kloepfer.de\/\" target=\"_blank\">\n                <img decoding=\"async\" src=\"https:\/\/burg-halle.de\/innenausbautag\/wp-content\/uploads\/2023\/08\/KLoepfer.jpg\" alt=\"Logo eines Partners des Mitteldeutschen Innenausbautags\" class=\"wp-image-49\"> \n            <\/a>\n        <\/figure>\n    <\/div>\n\n    <div class=\"wp-block-group partner-container-item is-layout-flow wp-block-group-is-layout-flow \">\n        <figure class=\"wp-block-image size-large partner-logo\">\n            <a href=\"https:\/\/www.behrens-gruppe.de\" target=\"_blank\">\n                <img decoding=\"async\" src=\"https:\/\/burg-halle.de\/innenausbautag\/wp-content\/uploads\/2023\/08\/BG-Logo_4C_300dpi.jpeg\" alt=\"Logo eines Partners des Mitteldeutschen Innenausbautags\" class=\"wp-image-49\"> \n            <\/a>\n        <\/figure>\n    <\/div>\n\n    <div class=\"wp-block-group partner-container-item is-layout-flow wp-block-group-is-layout-flow \">\n        <figure class=\"wp-block-image size-large partner-logo\">\n            <a href=\"https:\/\/www.zeg-holz.de\" target=\"_blank\">\n                <img decoding=\"async\" src=\"https:\/\/burg-halle.de\/innenausbautag\/wp-content\/uploads\/2023\/08\/ZEG_Logo_A4_2015_rgb.jpeg\" alt=\"Logo eines Partners des Mitteldeutschen Innenausbautags\" class=\"wp-image-49\"> \n            <\/a>\n        <\/figure>\n    <\/div>\n\n    <div class=\"wp-block-group partner-container-item is-layout-flow wp-block-group-is-layout-flow \">\n        <figure class=\"wp-block-image size-large partner-logo\">\n            <a href=\"https:\/\/www.nuessing.de\/\" target=\"_blank\">\n                <img decoding=\"async\" src=\"https:\/\/burg-halle.de\/innenausbautag\/wp-content\/uploads\/2023\/08\/Nuessing_Logo_mehr_als_Beschlaege.jpeg\" alt=\"Logo eines Partners des Mitteldeutschen Innenausbautags\" class=\"wp-image-49\"> \n            <\/a>\n        <\/figure>\n    <\/div>\n\n    <div class=\"wp-block-group partner-container-item is-layout-flow wp-block-group-is-layout-flow \">\n        <figure class=\"wp-block-image size-large partner-logo\">\n            <a href=\"https:\/\/www.kuper.de\/\" target=\"_blank\">\n                <img decoding=\"async\" src=\"https:\/\/burg-halle.de\/innenausbautag\/wp-content\/uploads\/2023\/08\/KUPER_mime001-scaled.jpg\" alt=\"Logo eines Partners des Mitteldeutschen Innenausbautags\" class=\"wp-image-49\"> \n            <\/a>\n        <\/figure>\n    <\/div>\n\n    <div class=\"wp-block-group partner-container-item is-layout-flow wp-block-group-is-layout-flow \">\n        <figure class=\"wp-block-image size-large partner-logo\">\n            <a href=\"https:\/\/www.jaf-group.com\/\" target=\"_blank\">\n                <img decoding=\"async\" src=\"https:\/\/burg-halle.de\/innenausbautag\/wp-content\/uploads\/2023\/08\/JAF_Imholz_-1.png\" alt=\"Logo eines Partners des Mitteldeutschen Innenausbautags\" class=\"wp-image-49\"> \n            <\/a>\n        <\/figure>\n    <\/div>\n\n    <div class=\"wp-block-group partner-container-item is-layout-flow wp-block-group-is-layout-flow \">\n        <figure class=\"wp-block-image size-large partner-logo\">\n            <a href=\"https:\/\/www.haefele.de\/\" target=\"_blank\">\n                <img decoding=\"async\" src=\"https:\/\/burg-halle.de\/innenausbautag\/wp-content\/uploads\/2023\/08\/Haefele_Logo-scaled.jpg\" alt=\"Logo eines Partners des Mitteldeutschen Innenausbautags\" class=\"wp-image-49\"> \n            <\/a>\n        <\/figure>\n    <\/div>\n\n\n<\/div><\/div>\n\n\n\n<div class=\"wp-block-group cs-content-element has-global-padding is-layout-constrained wp-block-group-is-layout-constrained\">\n<h2 class=\"wp-block-heading\">Eindr\u00fccke (Fotograf: Martin Patze)<\/h2>\n\n\n\n<div id='gallery-1' class='gallery galleryid-224 gallery-columns-3 gallery-size-thumbnail'><figure class='gallery-item'>\n\t\t\t<div class='gallery-icon landscape'>\n\t\t\t\t<a href='https:\/\/burg-halle.de\/innenausbautag\/innenausbautag-2019\/r2a9380\/'><img width=\"150\" height=\"150\" src=\"https:\/\/burg-halle.de\/innenausbautag\/wp-content\/uploads\/2023\/08\/R2A9380-150x150.jpg\" class=\"attachment-thumbnail size-thumbnail\" alt=\"\" decoding=\"async\" loading=\"lazy\" \/><\/a>\n\t\t\t<\/div><\/figure><figure class='gallery-item'>\n\t\t\t<div class='gallery-icon landscape'>\n\t\t\t\t<a href='https:\/\/burg-halle.de\/innenausbautag\/innenausbautag-2019\/r2a9342\/'><img width=\"150\" height=\"150\" src=\"https:\/\/burg-halle.de\/innenausbautag\/wp-content\/uploads\/2023\/08\/R2A9342-150x150.jpg\" class=\"attachment-thumbnail size-thumbnail\" alt=\"\" decoding=\"async\" loading=\"lazy\" \/><\/a>\n\t\t\t<\/div><\/figure><figure class='gallery-item'>\n\t\t\t<div class='gallery-icon landscape'>\n\t\t\t\t<a href='https:\/\/burg-halle.de\/innenausbautag\/innenausbautag-2019\/r2a9339\/'><img width=\"150\" height=\"150\" src=\"https:\/\/burg-halle.de\/innenausbautag\/wp-content\/uploads\/2023\/08\/R2A9339-150x150.jpg\" class=\"attachment-thumbnail size-thumbnail\" alt=\"\" decoding=\"async\" loading=\"lazy\" \/><\/a>\n\t\t\t<\/div><\/figure><figure class='gallery-item'>\n\t\t\t<div class='gallery-icon landscape'>\n\t\t\t\t<a href='https:\/\/burg-halle.de\/innenausbautag\/innenausbautag-2019\/r2a9332\/'><img width=\"150\" height=\"150\" src=\"https:\/\/burg-halle.de\/innenausbautag\/wp-content\/uploads\/2023\/08\/R2A9332-150x150.jpg\" class=\"attachment-thumbnail size-thumbnail\" alt=\"\" decoding=\"async\" loading=\"lazy\" \/><\/a>\n\t\t\t<\/div><\/figure><figure class='gallery-item'>\n\t\t\t<div class='gallery-icon landscape'>\n\t\t\t\t<a href='https:\/\/burg-halle.de\/innenausbautag\/innenausbautag-2019\/r2a9308\/'><img width=\"150\" height=\"150\" src=\"https:\/\/burg-halle.de\/innenausbautag\/wp-content\/uploads\/2023\/08\/R2A9308-150x150.jpg\" class=\"attachment-thumbnail size-thumbnail\" alt=\"\" decoding=\"async\" loading=\"lazy\" \/><\/a>\n\t\t\t<\/div><\/figure><figure class='gallery-item'>\n\t\t\t<div class='gallery-icon landscape'>\n\t\t\t\t<a href='https:\/\/burg-halle.de\/innenausbautag\/innenausbautag-2019\/r2a9310\/'><img width=\"150\" height=\"150\" src=\"https:\/\/burg-halle.de\/innenausbautag\/wp-content\/uploads\/2023\/08\/R2A9310-150x150.jpg\" class=\"attachment-thumbnail size-thumbnail\" alt=\"\" decoding=\"async\" loading=\"lazy\" \/><\/a>\n\t\t\t<\/div><\/figure><figure class='gallery-item'>\n\t\t\t<div class='gallery-icon landscape'>\n\t\t\t\t<a href='https:\/\/burg-halle.de\/innenausbautag\/innenausbautag-2019\/r2a9327\/'><img width=\"150\" height=\"150\" src=\"https:\/\/burg-halle.de\/innenausbautag\/wp-content\/uploads\/2023\/08\/R2A9327-150x150.jpg\" class=\"attachment-thumbnail size-thumbnail\" alt=\"\" decoding=\"async\" loading=\"lazy\" \/><\/a>\n\t\t\t<\/div><\/figure><figure class='gallery-item'>\n\t\t\t<div class='gallery-icon landscape'>\n\t\t\t\t<a href='https:\/\/burg-halle.de\/innenausbautag\/innenausbautag-2019\/r2a9297\/'><img width=\"150\" height=\"150\" src=\"https:\/\/burg-halle.de\/innenausbautag\/wp-content\/uploads\/2023\/08\/R2A9297-150x150.jpg\" class=\"attachment-thumbnail size-thumbnail\" alt=\"\" decoding=\"async\" loading=\"lazy\" \/><\/a>\n\t\t\t<\/div><\/figure><figure class='gallery-item'>\n\t\t\t<div class='gallery-icon landscape'>\n\t\t\t\t<a href='https:\/\/burg-halle.de\/innenausbautag\/innenausbautag-2019\/r2a9285\/'><img width=\"150\" height=\"150\" src=\"https:\/\/burg-halle.de\/innenausbautag\/wp-content\/uploads\/2023\/08\/R2A9285-150x150.jpg\" class=\"attachment-thumbnail size-thumbnail\" alt=\"\" decoding=\"async\" loading=\"lazy\" \/><\/a>\n\t\t\t<\/div><\/figure><figure class='gallery-item'>\n\t\t\t<div class='gallery-icon landscape'>\n\t\t\t\t<a href='https:\/\/burg-halle.de\/innenausbautag\/innenausbautag-2019\/r2a9272\/'><img width=\"150\" height=\"150\" src=\"https:\/\/burg-halle.de\/innenausbautag\/wp-content\/uploads\/2023\/08\/R2A9272-150x150.jpg\" class=\"attachment-thumbnail size-thumbnail\" alt=\"\" decoding=\"async\" loading=\"lazy\" \/><\/a>\n\t\t\t<\/div><\/figure><figure class='gallery-item'>\n\t\t\t<div class='gallery-icon landscape'>\n\t\t\t\t<a href='https:\/\/burg-halle.de\/innenausbautag\/innenausbautag-2019\/r2a9266\/'><img width=\"150\" height=\"150\" src=\"https:\/\/burg-halle.de\/innenausbautag\/wp-content\/uploads\/2023\/08\/R2A9266-150x150.jpg\" class=\"attachment-thumbnail size-thumbnail\" alt=\"\" decoding=\"async\" loading=\"lazy\" \/><\/a>\n\t\t\t<\/div><\/figure><figure class='gallery-item'>\n\t\t\t<div class='gallery-icon landscape'>\n\t\t\t\t<a href='https:\/\/burg-halle.de\/innenausbautag\/innenausbautag-2019\/r2a9235\/'><img width=\"150\" height=\"150\" src=\"https:\/\/burg-halle.de\/innenausbautag\/wp-content\/uploads\/2023\/08\/R2A9235-150x150.jpg\" class=\"attachment-thumbnail size-thumbnail\" alt=\"\" decoding=\"async\" loading=\"lazy\" \/><\/a>\n\t\t\t<\/div><\/figure><figure class='gallery-item'>\n\t\t\t<div class='gallery-icon landscape'>\n\t\t\t\t<a href='https:\/\/burg-halle.de\/innenausbautag\/innenausbautag-2019\/r2a9213\/'><img width=\"150\" height=\"150\" src=\"https:\/\/burg-halle.de\/innenausbautag\/wp-content\/uploads\/2023\/08\/R2A9213-150x150.jpg\" class=\"attachment-thumbnail size-thumbnail\" alt=\"\" decoding=\"async\" loading=\"lazy\" \/><\/a>\n\t\t\t<\/div><\/figure><figure class='gallery-item'>\n\t\t\t<div class='gallery-icon landscape'>\n\t\t\t\t<a href='https:\/\/burg-halle.de\/innenausbautag\/innenausbautag-2019\/r2a9122\/'><img width=\"150\" height=\"150\" src=\"https:\/\/burg-halle.de\/innenausbautag\/wp-content\/uploads\/2023\/08\/R2A9122-150x150.jpg\" class=\"attachment-thumbnail size-thumbnail\" alt=\"\" decoding=\"async\" loading=\"lazy\" \/><\/a>\n\t\t\t<\/div><\/figure><figure class='gallery-item'>\n\t\t\t<div class='gallery-icon landscape'>\n\t\t\t\t<a href='https:\/\/burg-halle.de\/innenausbautag\/innenausbautag-2019\/r2a9077\/'><img width=\"150\" height=\"150\" src=\"https:\/\/burg-halle.de\/innenausbautag\/wp-content\/uploads\/2023\/08\/R2A9077-150x150.jpg\" class=\"attachment-thumbnail size-thumbnail\" alt=\"\" decoding=\"async\" loading=\"lazy\" \/><\/a>\n\t\t\t<\/div><\/figure><figure class='gallery-item'>\n\t\t\t<div class='gallery-icon landscape'>\n\t\t\t\t<a href='https:\/\/burg-halle.de\/innenausbautag\/innenausbautag-2019\/r2a9041\/'><img width=\"150\" height=\"150\" src=\"https:\/\/burg-halle.de\/innenausbautag\/wp-content\/uploads\/2023\/08\/R2A9041-150x150.jpg\" class=\"attachment-thumbnail size-thumbnail\" alt=\"\" decoding=\"async\" loading=\"lazy\" \/><\/a>\n\t\t\t<\/div><\/figure><figure class='gallery-item'>\n\t\t\t<div class='gallery-icon landscape'>\n\t\t\t\t<a href='https:\/\/burg-halle.de\/innenausbautag\/innenausbautag-2019\/r2a9014\/'><img width=\"150\" height=\"150\" src=\"https:\/\/burg-halle.de\/innenausbautag\/wp-content\/uploads\/2023\/08\/R2A9014-150x150.jpg\" class=\"attachment-thumbnail size-thumbnail\" alt=\"\" decoding=\"async\" loading=\"lazy\" \/><\/a>\n\t\t\t<\/div><\/figure><figure class='gallery-item'>\n\t\t\t<div class='gallery-icon landscape'>\n\t\t\t\t<a href='https:\/\/burg-halle.de\/innenausbautag\/innenausbautag-2019\/r2a8963\/'><img width=\"150\" height=\"150\" src=\"https:\/\/burg-halle.de\/innenausbautag\/wp-content\/uploads\/2023\/08\/R2A8963-150x150.jpg\" class=\"attachment-thumbnail size-thumbnail\" alt=\"\" decoding=\"async\" loading=\"lazy\" \/><\/a>\n\t\t\t<\/div><\/figure><figure class='gallery-item'>\n\t\t\t<div class='gallery-icon landscape'>\n\t\t\t\t<a href='https:\/\/burg-halle.de\/innenausbautag\/innenausbautag-2019\/r2a8975\/'><img width=\"150\" height=\"150\" src=\"https:\/\/burg-halle.de\/innenausbautag\/wp-content\/uploads\/2023\/08\/R2A8975-150x150.jpg\" class=\"attachment-thumbnail size-thumbnail\" alt=\"\" decoding=\"async\" aria-describedby=\"gallery-1-554\" loading=\"lazy\" \/><\/a>\n\t\t\t<\/div>\n\t\t\t\t<figcaption class='wp-caption-text gallery-caption' id='gallery-1-554'>\n\t\t\t\tIch bin eine Beschriftung\n\t\t\t\t<\/figcaption><\/figure><figure class='gallery-item'>\n\t\t\t<div class='gallery-icon landscape'>\n\t\t\t\t<a href='https:\/\/burg-halle.de\/innenausbautag\/innenausbautag-2019\/r2a8950\/'><img width=\"150\" height=\"150\" src=\"https:\/\/burg-halle.de\/innenausbautag\/wp-content\/uploads\/2023\/08\/R2A8950-150x150.jpg\" class=\"attachment-thumbnail size-thumbnail\" alt=\"\" decoding=\"async\" loading=\"lazy\" \/><\/a>\n\t\t\t<\/div><\/figure><figure class='gallery-item'>\n\t\t\t<div class='gallery-icon landscape'>\n\t\t\t\t<a href='https:\/\/burg-halle.de\/innenausbautag\/innenausbautag-2019\/r2a8987\/'><img width=\"150\" height=\"150\" src=\"https:\/\/burg-halle.de\/innenausbautag\/wp-content\/uploads\/2023\/08\/R2A8987-150x150.jpg\" class=\"attachment-thumbnail size-thumbnail\" alt=\"\" decoding=\"async\" loading=\"lazy\" \/><\/a>\n\t\t\t<\/div><\/figure><figure class='gallery-item'>\n\t\t\t<div class='gallery-icon landscape'>\n\t\t\t\t<a href='https:\/\/burg-halle.de\/innenausbautag\/innenausbautag-2019\/r2a8940\/'><img width=\"150\" height=\"150\" src=\"https:\/\/burg-halle.de\/innenausbautag\/wp-content\/uploads\/2023\/08\/R2A8940-150x150.jpg\" class=\"attachment-thumbnail size-thumbnail\" alt=\"\" decoding=\"async\" loading=\"lazy\" \/><\/a>\n\t\t\t<\/div><\/figure><figure class='gallery-item'>\n\t\t\t<div class='gallery-icon landscape'>\n\t\t\t\t<a href='https:\/\/burg-halle.de\/innenausbautag\/innenausbautag-2019\/r2a8934\/'><img width=\"150\" height=\"150\" src=\"https:\/\/burg-halle.de\/innenausbautag\/wp-content\/uploads\/2023\/08\/R2A8934-150x150.jpg\" class=\"attachment-thumbnail size-thumbnail\" alt=\"\" decoding=\"async\" loading=\"lazy\" \/><\/a>\n\t\t\t<\/div><\/figure><figure class='gallery-item'>\n\t\t\t<div class='gallery-icon landscape'>\n\t\t\t\t<a href='https:\/\/burg-halle.de\/innenausbautag\/innenausbautag-2019\/r2a8930\/'><img width=\"150\" height=\"150\" src=\"https:\/\/burg-halle.de\/innenausbautag\/wp-content\/uploads\/2023\/08\/R2A8930-150x150.jpg\" class=\"attachment-thumbnail size-thumbnail\" alt=\"\" decoding=\"async\" loading=\"lazy\" \/><\/a>\n\t\t\t<\/div><\/figure><figure class='gallery-item'>\n\t\t\t<div class='gallery-icon landscape'>\n\t\t\t\t<a href='https:\/\/burg-halle.de\/innenausbautag\/innenausbautag-2019\/r2a8926\/'><img width=\"150\" height=\"150\" src=\"https:\/\/burg-halle.de\/innenausbautag\/wp-content\/uploads\/2023\/08\/R2A8926-150x150.jpg\" class=\"attachment-thumbnail size-thumbnail\" alt=\"\" decoding=\"async\" loading=\"lazy\" \/><\/a>\n\t\t\t<\/div><\/figure><figure class='gallery-item'>\n\t\t\t<div class='gallery-icon landscape'>\n\t\t\t\t<a href='https:\/\/burg-halle.de\/innenausbautag\/innenausbautag-2019\/r2a8909\/'><img width=\"150\" height=\"150\" src=\"https:\/\/burg-halle.de\/innenausbautag\/wp-content\/uploads\/2023\/08\/R2A8909-150x150.jpg\" class=\"attachment-thumbnail size-thumbnail\" alt=\"\" decoding=\"async\" loading=\"lazy\" \/><\/a>\n\t\t\t<\/div><\/figure><figure class='gallery-item'>\n\t\t\t<div class='gallery-icon landscape'>\n\t\t\t\t<a href='https:\/\/burg-halle.de\/innenausbautag\/innenausbautag-2019\/r2a8896\/'><img width=\"150\" height=\"150\" src=\"https:\/\/burg-halle.de\/innenausbautag\/wp-content\/uploads\/2023\/08\/R2A8896-150x150.jpg\" class=\"attachment-thumbnail size-thumbnail\" alt=\"\" decoding=\"async\" loading=\"lazy\" \/><\/a>\n\t\t\t<\/div><\/figure><figure class='gallery-item'>\n\t\t\t<div class='gallery-icon landscape'>\n\t\t\t\t<a href='https:\/\/burg-halle.de\/innenausbautag\/innenausbautag-2019\/r2a8885\/'><img width=\"150\" height=\"150\" src=\"https:\/\/burg-halle.de\/innenausbautag\/wp-content\/uploads\/2023\/08\/R2A8885-150x150.jpg\" class=\"attachment-thumbnail size-thumbnail\" alt=\"\" decoding=\"async\" loading=\"lazy\" \/><\/a>\n\t\t\t<\/div><\/figure><figure class='gallery-item'>\n\t\t\t<div class='gallery-icon landscape'>\n\t\t\t\t<a href='https:\/\/burg-halle.de\/innenausbautag\/innenausbautag-2019\/r2a8884\/'><img width=\"150\" height=\"150\" src=\"https:\/\/burg-halle.de\/innenausbautag\/wp-content\/uploads\/2023\/08\/R2A8884-150x150.jpg\" class=\"attachment-thumbnail size-thumbnail\" alt=\"\" decoding=\"async\" loading=\"lazy\" \/><\/a>\n\t\t\t<\/div><\/figure><figure class='gallery-item'>\n\t\t\t<div class='gallery-icon landscape'>\n\t\t\t\t<a href='https:\/\/burg-halle.de\/innenausbautag\/innenausbautag-2019\/r2a8888\/'><img width=\"150\" height=\"150\" src=\"https:\/\/burg-halle.de\/innenausbautag\/wp-content\/uploads\/2023\/08\/R2A8888-150x150.jpg\" class=\"attachment-thumbnail size-thumbnail\" alt=\"\" decoding=\"async\" loading=\"lazy\" \/><\/a>\n\t\t\t<\/div><\/figure><figure class='gallery-item'>\n\t\t\t<div class='gallery-icon landscape'>\n\t\t\t\t<a href='https:\/\/burg-halle.de\/innenausbautag\/innenausbautag-2019\/r2a8876\/'><img width=\"150\" height=\"150\" src=\"https:\/\/burg-halle.de\/innenausbautag\/wp-content\/uploads\/2023\/08\/R2A8876-150x150.jpg\" class=\"attachment-thumbnail size-thumbnail\" alt=\"\" decoding=\"async\" loading=\"lazy\" \/><\/a>\n\t\t\t<\/div><\/figure><figure class='gallery-item'>\n\t\t\t<div class='gallery-icon landscape'>\n\t\t\t\t<a href='https:\/\/burg-halle.de\/innenausbautag\/innenausbautag-2019\/r2a8872_\/'><img width=\"150\" height=\"150\" src=\"https:\/\/burg-halle.de\/innenausbautag\/wp-content\/uploads\/2023\/08\/R2A8872_-150x150.jpg\" class=\"attachment-thumbnail size-thumbnail\" alt=\"\" decoding=\"async\" loading=\"lazy\" \/><\/a>\n\t\t\t<\/div><\/figure><figure class='gallery-item'>\n\t\t\t<div class='gallery-icon portrait'>\n\t\t\t\t<a href='https:\/\/burg-halle.de\/innenausbautag\/innenausbautag-2019\/r2a8872\/'><img width=\"150\" height=\"150\" src=\"https:\/\/burg-halle.de\/innenausbautag\/wp-content\/uploads\/2023\/08\/R2A8872-150x150.jpg\" class=\"attachment-thumbnail size-thumbnail\" alt=\"\" decoding=\"async\" loading=\"lazy\" \/><\/a>\n\t\t\t<\/div><\/figure><figure class='gallery-item'>\n\t\t\t<div class='gallery-icon landscape'>\n\t\t\t\t<a href='https:\/\/burg-halle.de\/innenausbautag\/innenausbautag-2019\/r2a8864\/'><img width=\"150\" height=\"150\" src=\"https:\/\/burg-halle.de\/innenausbautag\/wp-content\/uploads\/2023\/08\/R2A8864-150x150.jpg\" class=\"attachment-thumbnail size-thumbnail\" alt=\"\" decoding=\"async\" loading=\"lazy\" \/><\/a>\n\t\t\t<\/div><\/figure><figure class='gallery-item'>\n\t\t\t<div class='gallery-icon landscape'>\n\t\t\t\t<a href='https:\/\/burg-halle.de\/innenausbautag\/innenausbautag-2019\/r2a8862\/'><img width=\"150\" height=\"150\" src=\"https:\/\/burg-halle.de\/innenausbautag\/wp-content\/uploads\/2023\/08\/R2A8862-150x150.jpg\" class=\"attachment-thumbnail size-thumbnail\" alt=\"\" decoding=\"async\" loading=\"lazy\" \/><\/a>\n\t\t\t<\/div><\/figure><figure class='gallery-item'>\n\t\t\t<div class='gallery-icon landscape'>\n\t\t\t\t<a href='https:\/\/burg-halle.de\/innenausbautag\/innenausbautag-2019\/r2a8850\/'><img width=\"150\" height=\"150\" src=\"https:\/\/burg-halle.de\/innenausbautag\/wp-content\/uploads\/2023\/08\/R2A8850-150x150.jpg\" class=\"attachment-thumbnail size-thumbnail\" alt=\"\" decoding=\"async\" loading=\"lazy\" \/><\/a>\n\t\t\t<\/div><\/figure><figure class='gallery-item'>\n\t\t\t<div class='gallery-icon landscape'>\n\t\t\t\t<a href='https:\/\/burg-halle.de\/innenausbautag\/innenausbautag-2019\/r2a8848\/'><img width=\"150\" height=\"150\" src=\"https:\/\/burg-halle.de\/innenausbautag\/wp-content\/uploads\/2023\/08\/R2A8848-150x150.jpg\" class=\"attachment-thumbnail size-thumbnail\" alt=\"\" decoding=\"async\" loading=\"lazy\" \/><\/a>\n\t\t\t<\/div><\/figure><figure class='gallery-item'>\n\t\t\t<div class='gallery-icon landscape'>\n\t\t\t\t<a href='https:\/\/burg-halle.de\/innenausbautag\/innenausbautag-2019\/r2a8835\/'><img width=\"150\" height=\"150\" src=\"https:\/\/burg-halle.de\/innenausbautag\/wp-content\/uploads\/2023\/08\/R2A8835-150x150.jpg\" class=\"attachment-thumbnail size-thumbnail\" alt=\"\" decoding=\"async\" loading=\"lazy\" \/><\/a>\n\t\t\t<\/div><\/figure><figure class='gallery-item'>\n\t\t\t<div class='gallery-icon landscape'>\n\t\t\t\t<a href='https:\/\/burg-halle.de\/innenausbautag\/innenausbautag-2019\/r2a8823\/'><img width=\"150\" height=\"150\" src=\"https:\/\/burg-halle.de\/innenausbautag\/wp-content\/uploads\/2023\/08\/R2A8823-150x150.jpg\" class=\"attachment-thumbnail size-thumbnail\" alt=\"\" decoding=\"async\" loading=\"lazy\" \/><\/a>\n\t\t\t<\/div><\/figure><figure class='gallery-item'>\n\t\t\t<div class='gallery-icon landscape'>\n\t\t\t\t<a href='https:\/\/burg-halle.de\/innenausbautag\/innenausbautag-2019\/r2a8815\/'><img width=\"150\" height=\"150\" src=\"https:\/\/burg-halle.de\/innenausbautag\/wp-content\/uploads\/2023\/08\/R2A8815-150x150.jpg\" class=\"attachment-thumbnail size-thumbnail\" alt=\"\" decoding=\"async\" loading=\"lazy\" \/><\/a>\n\t\t\t<\/div><\/figure><figure class='gallery-item'>\n\t\t\t<div class='gallery-icon landscape'>\n\t\t\t\t<a href='https:\/\/burg-halle.de\/innenausbautag\/innenausbautag-2019\/r2a8812\/'><img width=\"150\" height=\"150\" src=\"https:\/\/burg-halle.de\/innenausbautag\/wp-content\/uploads\/2023\/08\/R2A8812-150x150.jpg\" class=\"attachment-thumbnail size-thumbnail\" alt=\"\" decoding=\"async\" loading=\"lazy\" \/><\/a>\n\t\t\t<\/div><\/figure><figure class='gallery-item'>\n\t\t\t<div class='gallery-icon landscape'>\n\t\t\t\t<a href='https:\/\/burg-halle.de\/innenausbautag\/innenausbautag-2019\/r2a8806\/'><img width=\"150\" height=\"150\" src=\"https:\/\/burg-halle.de\/innenausbautag\/wp-content\/uploads\/2023\/08\/R2A8806-150x150.jpg\" class=\"attachment-thumbnail size-thumbnail\" alt=\"\" decoding=\"async\" loading=\"lazy\" \/><\/a>\n\t\t\t<\/div><\/figure><figure class='gallery-item'>\n\t\t\t<div class='gallery-icon landscape'>\n\t\t\t\t<a href='https:\/\/burg-halle.de\/innenausbautag\/innenausbautag-2019\/r2a8801\/'><img width=\"150\" height=\"150\" src=\"https:\/\/burg-halle.de\/innenausbautag\/wp-content\/uploads\/2023\/08\/R2A8801-150x150.jpg\" class=\"attachment-thumbnail size-thumbnail\" alt=\"\" decoding=\"async\" loading=\"lazy\" \/><\/a>\n\t\t\t<\/div><\/figure><figure class='gallery-item'>\n\t\t\t<div class='gallery-icon landscape'>\n\t\t\t\t<a href='https:\/\/burg-halle.de\/innenausbautag\/innenausbautag-2019\/r2a8796\/'><img width=\"150\" height=\"150\" src=\"https:\/\/burg-halle.de\/innenausbautag\/wp-content\/uploads\/2023\/08\/R2A8796-150x150.jpg\" class=\"attachment-thumbnail size-thumbnail\" alt=\"\" decoding=\"async\" loading=\"lazy\" \/><\/a>\n\t\t\t<\/div><\/figure><figure class='gallery-item'>\n\t\t\t<div class='gallery-icon landscape'>\n\t\t\t\t<a href='https:\/\/burg-halle.de\/innenausbautag\/innenausbautag-2019\/r2a8790\/'><img width=\"150\" height=\"150\" src=\"https:\/\/burg-halle.de\/innenausbautag\/wp-content\/uploads\/2023\/08\/R2A8790-150x150.jpg\" class=\"attachment-thumbnail size-thumbnail\" alt=\"\" decoding=\"async\" loading=\"lazy\" \/><\/a>\n\t\t\t<\/div><\/figure><figure class='gallery-item'>\n\t\t\t<div class='gallery-icon landscape'>\n\t\t\t\t<a href='https:\/\/burg-halle.de\/innenausbautag\/innenausbautag-2019\/r2a8784\/'><img width=\"150\" height=\"150\" src=\"https:\/\/burg-halle.de\/innenausbautag\/wp-content\/uploads\/2023\/08\/R2A8784-150x150.jpg\" class=\"attachment-thumbnail size-thumbnail\" alt=\"\" decoding=\"async\" loading=\"lazy\" \/><\/a>\n\t\t\t<\/div><\/figure><figure class='gallery-item'>\n\t\t\t<div class='gallery-icon landscape'>\n\t\t\t\t<a href='https:\/\/burg-halle.de\/innenausbautag\/innenausbautag-2019\/r2a8766\/'><img width=\"150\" height=\"150\" src=\"https:\/\/burg-halle.de\/innenausbautag\/wp-content\/uploads\/2023\/08\/R2A8766-150x150.jpg\" class=\"attachment-thumbnail size-thumbnail\" alt=\"\" decoding=\"async\" loading=\"lazy\" \/><\/a>\n\t\t\t<\/div><\/figure><figure class='gallery-item'>\n\t\t\t<div class='gallery-icon landscape'>\n\t\t\t\t<a href='https:\/\/burg-halle.de\/innenausbautag\/innenausbautag-2019\/r2a8761\/'><img width=\"150\" height=\"150\" src=\"https:\/\/burg-halle.de\/innenausbautag\/wp-content\/uploads\/2023\/08\/R2A8761-150x150.jpg\" class=\"attachment-thumbnail size-thumbnail\" alt=\"\" decoding=\"async\" loading=\"lazy\" \/><\/a>\n\t\t\t<\/div><\/figure><figure class='gallery-item'>\n\t\t\t<div class='gallery-icon landscape'>\n\t\t\t\t<a href='https:\/\/burg-halle.de\/innenausbautag\/innenausbautag-2019\/r2a8759\/'><img width=\"150\" height=\"150\" src=\"https:\/\/burg-halle.de\/innenausbautag\/wp-content\/uploads\/2023\/08\/R2A8759-150x150.jpg\" class=\"attachment-thumbnail size-thumbnail\" alt=\"\" decoding=\"async\" loading=\"lazy\" \/><\/a>\n\t\t\t<\/div><\/figure><figure class='gallery-item'>\n\t\t\t<div class='gallery-icon landscape'>\n\t\t\t\t<a href='https:\/\/burg-halle.de\/innenausbautag\/innenausbautag-2019\/r2a8753\/'><img width=\"150\" height=\"150\" src=\"https:\/\/burg-halle.de\/innenausbautag\/wp-content\/uploads\/2023\/08\/R2A8753-150x150.jpg\" class=\"attachment-thumbnail size-thumbnail\" alt=\"\" decoding=\"async\" loading=\"lazy\" \/><\/a>\n\t\t\t<\/div><\/figure><figure class='gallery-item'>\n\t\t\t<div class='gallery-icon landscape'>\n\t\t\t\t<a href='https:\/\/burg-halle.de\/innenausbautag\/innenausbautag-2019\/r2a8757\/'><img width=\"150\" height=\"150\" src=\"https:\/\/burg-halle.de\/innenausbautag\/wp-content\/uploads\/2023\/08\/R2A8757-150x150.jpg\" class=\"attachment-thumbnail size-thumbnail\" alt=\"\" decoding=\"async\" loading=\"lazy\" \/><\/a>\n\t\t\t<\/div><\/figure><figure class='gallery-item'>\n\t\t\t<div class='gallery-icon landscape'>\n\t\t\t\t<a href='https:\/\/burg-halle.de\/innenausbautag\/innenausbautag-2019\/r2a8752\/'><img width=\"150\" height=\"150\" src=\"https:\/\/burg-halle.de\/innenausbautag\/wp-content\/uploads\/2023\/08\/R2A8752-150x150.jpg\" class=\"attachment-thumbnail size-thumbnail\" alt=\"\" decoding=\"async\" loading=\"lazy\" \/><\/a>\n\t\t\t<\/div><\/figure><figure class='gallery-item'>\n\t\t\t<div class='gallery-icon landscape'>\n\t\t\t\t<a href='https:\/\/burg-halle.de\/innenausbautag\/innenausbautag-2019\/r2a8731\/'><img width=\"150\" height=\"150\" src=\"https:\/\/burg-halle.de\/innenausbautag\/wp-content\/uploads\/2023\/08\/R2A8731-150x150.jpg\" class=\"attachment-thumbnail size-thumbnail\" alt=\"\" decoding=\"async\" loading=\"lazy\" \/><\/a>\n\t\t\t<\/div><\/figure><figure class='gallery-item'>\n\t\t\t<div class='gallery-icon landscape'>\n\t\t\t\t<a href='https:\/\/burg-halle.de\/innenausbautag\/innenausbautag-2019\/r2a8726\/'><img width=\"150\" height=\"150\" src=\"https:\/\/burg-halle.de\/innenausbautag\/wp-content\/uploads\/2023\/08\/R2A8726-150x150.jpg\" class=\"attachment-thumbnail size-thumbnail\" alt=\"\" decoding=\"async\" loading=\"lazy\" \/><\/a>\n\t\t\t<\/div><\/figure><figure class='gallery-item'>\n\t\t\t<div class='gallery-icon landscape'>\n\t\t\t\t<a href='https:\/\/burg-halle.de\/innenausbautag\/innenausbautag-2019\/r2a8713\/'><img width=\"150\" height=\"150\" src=\"https:\/\/burg-halle.de\/innenausbautag\/wp-content\/uploads\/2023\/08\/R2A8713-150x150.jpg\" class=\"attachment-thumbnail size-thumbnail\" alt=\"\" decoding=\"async\" loading=\"lazy\" \/><\/a>\n\t\t\t<\/div><\/figure><figure class='gallery-item'>\n\t\t\t<div class='gallery-icon landscape'>\n\t\t\t\t<a href='https:\/\/burg-halle.de\/innenausbautag\/innenausbautag-2019\/r2a8706\/'><img width=\"150\" height=\"150\" src=\"https:\/\/burg-halle.de\/innenausbautag\/wp-content\/uploads\/2023\/08\/R2A8706-150x150.jpg\" class=\"attachment-thumbnail size-thumbnail\" alt=\"\" decoding=\"async\" loading=\"lazy\" \/><\/a>\n\t\t\t<\/div><\/figure><figure class='gallery-item'>\n\t\t\t<div class='gallery-icon landscape'>\n\t\t\t\t<a href='https:\/\/burg-halle.de\/innenausbautag\/innenausbautag-2019\/r2a8701\/'><img width=\"150\" height=\"150\" src=\"https:\/\/burg-halle.de\/innenausbautag\/wp-content\/uploads\/2023\/08\/R2A8701-150x150.jpg\" class=\"attachment-thumbnail size-thumbnail\" alt=\"\" decoding=\"async\" loading=\"lazy\" \/><\/a>\n\t\t\t<\/div><\/figure><figure class='gallery-item'>\n\t\t\t<div class='gallery-icon landscape'>\n\t\t\t\t<a href='https:\/\/burg-halle.de\/innenausbautag\/innenausbautag-2019\/gruppenbild\/'><img width=\"150\" height=\"150\" src=\"https:\/\/burg-halle.de\/innenausbautag\/wp-content\/uploads\/2023\/08\/Gruppenbild-150x150.jpg\" class=\"attachment-thumbnail size-thumbnail\" alt=\"\" decoding=\"async\" loading=\"lazy\" \/><\/a>\n\t\t\t<\/div><\/figure><figure class='gallery-item'>\n\t\t\t<div class='gallery-icon landscape'>\n\t\t\t\t<a href='https:\/\/burg-halle.de\/innenausbautag\/innenausbautag-2019\/r2a8669\/'><img width=\"150\" height=\"150\" src=\"https:\/\/burg-halle.de\/innenausbautag\/wp-content\/uploads\/2023\/08\/R2A8669-150x150.jpg\" class=\"attachment-thumbnail size-thumbnail\" alt=\"\" decoding=\"async\" loading=\"lazy\" \/><\/a>\n\t\t\t<\/div><\/figure><figure class='gallery-item'>\n\t\t\t<div class='gallery-icon landscape'>\n\t\t\t\t<a href='https:\/\/burg-halle.de\/innenausbautag\/innenausbautag-2019\/bruestung_martin-patze\/'><img width=\"150\" height=\"150\" src=\"https:\/\/burg-halle.de\/innenausbautag\/wp-content\/uploads\/2023\/08\/Bruestung_Martin-Patze-150x150.jpg\" class=\"attachment-thumbnail size-thumbnail\" alt=\"\" decoding=\"async\" loading=\"lazy\" \/><\/a>\n\t\t\t<\/div><\/figure><figure class='gallery-item'>\n\t\t\t<div class='gallery-icon landscape'>\n\t\t\t\t<a href='https:\/\/burg-halle.de\/innenausbautag\/innenausbautag-2019\/r2a8664\/'><img width=\"150\" height=\"150\" src=\"https:\/\/burg-halle.de\/innenausbautag\/wp-content\/uploads\/2023\/08\/R2A8664-150x150.jpg\" class=\"attachment-thumbnail size-thumbnail\" alt=\"\" decoding=\"async\" loading=\"lazy\" \/><\/a>\n\t\t\t<\/div><\/figure><figure class='gallery-item'>\n\t\t\t<div class='gallery-icon landscape'>\n\t\t\t\t<a href='https:\/\/burg-halle.de\/innenausbautag\/innenausbautag-2019\/r2a8638\/'><img width=\"150\" height=\"150\" src=\"https:\/\/burg-halle.de\/innenausbautag\/wp-content\/uploads\/2023\/08\/R2A8638-150x150.jpg\" class=\"attachment-thumbnail size-thumbnail\" alt=\"\" decoding=\"async\" loading=\"lazy\" \/><\/a>\n\t\t\t<\/div><\/figure><figure class='gallery-item'>\n\t\t\t<div class='gallery-icon landscape'>\n\t\t\t\t<a href='https:\/\/burg-halle.de\/innenausbautag\/innenausbautag-2019\/r2a8619\/'><img width=\"150\" height=\"150\" src=\"https:\/\/burg-halle.de\/innenausbautag\/wp-content\/uploads\/2023\/08\/R2A8619-150x150.jpg\" class=\"attachment-thumbnail size-thumbnail\" alt=\"\" decoding=\"async\" loading=\"lazy\" \/><\/a>\n\t\t\t<\/div><\/figure>\n\t\t<\/div>\n\n<\/div>\n","protected":false},"excerpt":{"rendered":"<p>Der Mitteldeutsche Innenausbautag ist eine Kooperation der Tischler Sachsen-Anhalt und des Designhaus Halle an der Burg Giebichenstein Kunsthochschule Halle. Das Format im Zusammenspiel zweiter Partner &#8211; einer Handwerksorganisation und einer Kunsthochschule &#8211; ist in dieser Form einmalig. Der Innenausbautag lebt vom kollegialen Austausch, Impulse geben den Teilnehmenden die Gelegenheit sich mit innovativen oder gesellschaftlich relevanten [&hellip;]<\/p>\n","protected":false},"author":1,"featured_media":0,"parent":0,"menu_order":0,"comment_status":"closed","ping_status":"closed","template":"","meta":{"footnotes":""},"acf":[],"_links":{"self":[{"href":"https:\/\/burg-halle.de\/innenausbautag\/wp-json\/wp\/v2\/pages\/224"}],"collection":[{"href":"https:\/\/burg-halle.de\/innenausbautag\/wp-json\/wp\/v2\/pages"}],"about":[{"href":"https:\/\/burg-halle.de\/innenausbautag\/wp-json\/wp\/v2\/types\/page"}],"author":[{"embeddable":true,"href":"https:\/\/burg-halle.de\/innenausbautag\/wp-json\/wp\/v2\/users\/1"}],"replies":[{"embeddable":true,"href":"https:\/\/burg-halle.de\/innenausbautag\/wp-json\/wp\/v2\/comments?post=224"}],"version-history":[{"count":70,"href":"https:\/\/burg-halle.de\/innenausbautag\/wp-json\/wp\/v2\/pages\/224\/revisions"}],"predecessor-version":[{"id":729,"href":"https:\/\/burg-halle.de\/innenausbautag\/wp-json\/wp\/v2\/pages\/224\/revisions\/729"}],"wp:attachment":[{"href":"https:\/\/burg-halle.de\/innenausbautag\/wp-json\/wp\/v2\/media?parent=224"}],"curies":[{"name":"wp","href":"https:\/\/api.w.org\/{rel}","templated":true}]}}