{"id":283,"date":"2023-08-15T21:24:20","date_gmt":"2023-08-15T19:24:20","guid":{"rendered":"https:\/\/burg-halle.de\/innenausbautag\/?page_id=283"},"modified":"2025-06-17T10:55:27","modified_gmt":"2025-06-17T08:55:27","slug":"innenausbautag-2017","status":"publish","type":"page","link":"https:\/\/burg-halle.de\/innenausbautag\/innenausbautag-2017\/","title":{"rendered":"Innenausbautag 2017"},"content":{"rendered":"\n<div id=\"custom-header-container\" class=\"wp-block-group alignwide is-layout-flow wp-block-group-is-layout-flow\">\n    <div class=\"custom-header-content\">\n        <div class=\"custom-left-column\">\n            <span class=\"custom-topline\" style=\"--cs-header-color-primary:#795855; --cs-header-color-secondary:#647176\"><p>06 September 2017 <strong>in Halle (Saale)<\/strong><\/p>\n<\/span>\n            <figure class=\"wp-block-image size-large custom-header-text\">\n                <img decoding=\"async\" fetchpriority=\"high\" width=\"824\" height=\"1024\" src=\"https:\/\/burg-halle.de\/innenausbautag\/wp-content\/uploads\/2023\/08\/LogoSchrift_2017.png\" alt=\"Logo Schriftzug Innenausbautag\">\n            <\/figure>\n        <\/div>\n\n        <div class=\"custom-right-column\">\n            <figure class=\"wp-block-image size-large custom-header-image\">\n                <img loading=\"lazy\" decoding=\"async\" width=\"1024\" height=\"723\" src=\"https:\/\/burg-halle.de\/innenausbautag\/wp-content\/uploads\/2023\/08\/lasche_2017.png\" alt=\"Bild von einer Lasche\">\n            <\/figure>\n        <\/div>\n\n\n        <div class=\"custom-bottom-row\">\n            <div class=\"wp-block-group alignwide mobile-scroll-down is-layout-flow wp-block-group-is-layout-flow\">\n                <figure class=\"wp-block-image alignwide size-full mobile-arrow-down\">\n                    <a href=\"#cs-intro-link\">\n                        <svg width=\"100\" height=\"50\" viewBox=\"0 0 100 50\" xmlns=\"http:\/\/www.w3.org\/2000\/svg\">\n                            <line x1=\"2\" y1=\"9\" x2=\"50\" y2=\"41\" stroke=\"var(--cs-color-h)\" stroke-width=\"4\" stroke-linecap=\"round\" \/>\n                            <line x1=\"98\" y1=\"9\" x2=\"50\" y2=\"41\" stroke=\"var(--cs-color-h)\" stroke-width=\"4\" stroke-linecap=\"round\" \/>\n                        <\/svg>\n                    <\/a>\n                <\/figure>\n            <\/div>\n        <\/div>\n    <\/div>\n<\/div>\n\n\n<div class=\"wp-block-group alignfull cs-content-element is-layout-flow wp-block-group-is-layout-flow\">\n<p>Der Mitteldeutsche Innenausbautag ist eine Kooperation der Tischler Sachsen-Anhalt und des Designhaus Halle an der Burg Giebichenstein Kunsthochschule Halle. Das Format im Zusammenspiel zweiter Partner &#8211; einer Handwerksorganisation und einer Kunsthochschule &#8211; ist in dieser Form einmalig.<\/p>\n\n\n\n<p>Der Innenausbautag lebt vom kollegialen Austausch, Impulse geben den Teilnehmenden die Gelegenheit sich mit innovativen oder gesellschaftlich relevanten Themen auseinanderzusetzen und diese in einem behaglichen Rahmen zu auszutauschen und auch sacken zu lassen. Die Impulse orientieren sich an Leitthemen wie Wert, Zukunft, Vision oder Region und beleuchten diese zun\u00e4chst abstrakten Begriffe anhand von handfesten Beispielen. Das Anliegen des Innenausbautages ist, jedem Teilnehmenden einen einen Ansto\u00df f\u00fcr den Alltag &#8211; oder auch dar\u00fcber hinaus &#8211; mitzugeben.<\/p>\n\n\n\n<p>Unterst\u00fctzt von einem Freundeskreis findet diese Veranstaltung seit 2015 alle zwei Jahre Anfang September statt.&nbsp;<\/p>\n<\/div>\n\n\n\n<div class=\"wp-block-group alignfull cs-content-element has-global-padding is-layout-constrained wp-block-group-is-layout-constrained\" id=\"cs-intro-link\">\n<h2 class=\"wp-block-heading alignfull\">Zukunft<\/h2>\n\n\n\n<p>Was bringt uns die Zukunft? Da diese Frage zun\u00e4chst droht in Kaffeesatzleserei zu enden, laden wir Experten ein, die uns den Blick in die Glaskugel ersparen.<br><\/p>\n\n\n\n<p>Vier Vortr\u00e4ge lassen uns in die Zukunft eintauchen und zeigen uns neben innovativen Produktionsverfahren auch gelebte Unternehmenskultur und richtungsweisende Strategien bei der Pr\u00e4sentation und Bearbeitung der gestellten Aufgaben an Innenausbaubetriebe.<br><\/p>\n\n\n\n<p>Diese Eindr\u00fccke lassen uns das Thema Zukunft aus ganz unterschiedlichen Blickwinkeln betrachten und liefern die Inspiration f\u00fcr den jeweils eignen Kontext.<br><\/p>\n\n\n\n<p>ZUKUNFT \u2013 Strategien f\u00fcr den langfristigen Erfolg \u2013<\/p>\n<\/div>\n\n\n\n<div class=\"wp-block-group alignfull cs-content-element is-layout-flow wp-block-group-is-layout-flow\" id=\"programm\">\n<h2 class=\"wp-block-heading alignfull\">Programm<\/h2>\n\n\n\n<p><br>06. September 2017 in Halle (Saale)<\/p>\n\n\n\n<p class=\"download-link\"><a href=\"https:\/\/burg-halle.de\/innenausbautag\/wp-content\/uploads\/2023\/08\/17_TI-FLY-100-210_E6.pdf\" data-type=\"link\" data-id=\"https:\/\/burg-halle.de\/innenausbautag\/wp-content\/uploads\/2023\/08\/17_TI-FLY-100-210_E6.pdf\" target=\"_blank\" rel=\"noreferrer noopener\">Programm Download (2MB)<\/a><\/p>\n\n\n\n<p><strong>09:00 Uhr Gru\u00dfworte<\/strong><br>Vorsitzender des Landesverbandes Tischler Sachsen-Anhalt, Hartmut Bl\u00f6dtner Gesch\u00e4ftsf\u00fchrer Tischler Sachsen-Anhalt, J\u00f6rg Schwamberger<br><strong>Einf\u00fchrung in den Themenkomplex<\/strong><br>Martin A. B\u00fcdel, Burg Giebichenstein Kunsthochschule Halle<\/p>\n\n\n\n<p><strong>09:30 Uhr Impuls 1<\/strong> <br>VERANTWORTUNG &#8211; \u201eWer plant, fertigt auch!\u201c &#8211; Arbeiten in der ZUKUNFT&nbsp;<br>Elke und Norbert Alt &#8211; Fa. Alt, Gannertshofen<\/p>\n\n\n\n<p><strong>10:30 Uhr Impuls 2<\/strong><br>MATERIAL UND TECHNOLOGIE &#8211; Handwerk 4.0 &#8211; \u201eZUKUNFT kommt von K\u00f6nnen\u201c<br>Frank Ackermann- Fa. Ackermann gmbH, Wiesenbronn<\/p>\n\n\n\n<p><strong>13:30 Uhr Impuls 3<\/strong><br>GESTALTUNG \u201eIdeen in Bewegung setzen\u201c \u201eZUKUNFTstrategien f\u00fcr die Projektkommunikation&nbsp;<br>Prof. Axel M\u00fcller-Sch\u00f6ll, Burg Giebichenstein Kunsthochschule Halle<\/p>\n\n\n\n<p><strong>14:30 Uhr Impuls 4<\/strong><br>BILDUNG\/KULTUR &#8211; \u201eEs wird auch in ZUKUNFT kein Meister vom Himmel fallen\u201c &#8211; Unternehmenskultur f\u00fcr das Handwerk<br>Antje Heinrich, Deutsche Werkst\u00e4tten Hellerau<\/p>\n\n\n\n<p><strong>16:00 Uhr Zwischenspiel<\/strong><br>Saalespaziergang vom Campus Design zum Campus Kunst mit<br>Inge Schulze<\/p>\n\n\n\n<p><strong>17:00 Uhr Kulinarischer Ausklang in den Ateliers in der Unterburg<\/strong><\/p>\n<\/div>\n\n\n\n<div class=\"wp-block-group alignfull cs-content-element is-layout-flow wp-block-group-is-layout-flow\" id=\"speaker\">\n<h2 class=\"wp-block-heading alignfull\">Referent*innen<\/h2>\n\n\n<div class=\"wp-block-group alignfull lectures is-layout-flow wp-block-group-is-layout-flow\">\n      <div class=\"wp-block-group lecture-grid is-layout-flow wp-block-group-is-layout-flow\">\n      <div class=\"wp-block-group lecture-grid-description is-layout-flow wp-block-group-is-layout-flow\">\n        <div class=\"wp-block-group is-nowrap is-layout-flex wp-container-10 wp-block-group-is-layout-flex lecture-topline\">\n          <h3 class=\"wp-block-heading lecture-category\">VERANTWORTUNG<\/h3>\n          <p class=\"lecture-speaker-names\">\n                            <span class=\"lecture-speaker-name\">Norbert Alt<\/span>\n            und                <span class=\"lecture-speaker-name\">Elke Alt<\/span>\n                      <\/p>\n        <\/div>\n\n        <p><strong class=\"lecture-title\">Arbeiten in der ZUKUNFT \u201eWer plant, fertigt auch!\u201c<\/strong> \u2013 <p>Chef und Chefin der Schreinerei Alt berichten von den Erfahrungen beim projektorientierten Arbeiten, dabei erl\u00e4utern sie auch Fehler, welche beim Implementieren dieser Arbeitsweise aufgetreten sind. Zentrales Instrument beim projektorientierten Arbeiten ist die Motivation der Mitarbeiter, um verantwortungsvoll Projektabl\u00e4ufe mitzugestalten.<\/p>\n <\/p>\n      <\/div>\n\n      <div class=\"wp-block-group lecture-speaker-grid is-layout-flow wp-block-group-is-layout-flow\">\n\n                    <div class=\"wp-block-group speaker-grid-item is-layout-flow wp-block-group-is-layout-flow\">\n              <figure class=\"wp-block-image size-large\">\n                <img decoding=\"async\" src=\"https:\/\/burg-halle.de\/innenausbautag\/wp-content\/uploads\/2023\/08\/16799696984_ed652440fb_o-768x1024.jpg\" alt=\"Bild des Referenten Norbert Alt\">\n              <\/figure>\n\n              <div class=\"wp-block-group speaker-hover-container is-layout-flow wp-block-group-is-layout-flow\">\n                <h3 class=\"wp-block-heading\">Norbert Alt<\/h3>\n\n                <p><p><strong>1966<\/strong> in Illertissen geboren<\/p>\n<p>&nbsp;<\/p>\n<p><strong>1985<\/strong> Gesellenpr\u00fcfung im Schreinerhandwerk<\/p>\n<p>&nbsp;<\/p>\n<p><strong>bis 1992<\/strong> t\u00e4tig in versch. Schreinereien mit unterschiedl. Schwerpunkten, zuletzt als Produktionsleiter<\/p>\n<p>&nbsp;<\/p>\n<p><strong>1990<\/strong> Fortbildung zum Betriebswirt des Handwerks<\/p>\n<p>&nbsp;<\/p>\n<p><strong>1992<\/strong> Meisterpr\u00fcfung<\/p>\n<p>&nbsp;<\/p>\n<p><strong>seit 1992<\/strong> selbst\u00e4ndiger Schreinermeister, Aufbau der Firma ALT INSPIRATION holz<\/p>\n<p>&nbsp;<\/p>\n<p><strong>2001\u20132016<\/strong> t\u00e4tig als ehrenamtlicher Richter beim Sozialgericht<\/p>\n<\/p>\n              <\/div>\n            <\/div>\n                    <div class=\"wp-block-group speaker-grid-item is-layout-flow wp-block-group-is-layout-flow\">\n              <figure class=\"wp-block-image size-large\">\n                <img decoding=\"async\" src=\"https:\/\/burg-halle.de\/innenausbautag\/wp-content\/uploads\/2023\/08\/16830950351_503ca8a660_o-768x1024.jpg\" alt=\"Bild des Referenten Elke Alt\">\n              <\/figure>\n\n              <div class=\"wp-block-group speaker-hover-container is-layout-flow wp-block-group-is-layout-flow\">\n                <h3 class=\"wp-block-heading\">Elke Alt<\/h3>\n\n                <p><p><strong>1969<\/strong> in Ulm geboren<\/p>\n<p>&nbsp;<\/p>\n<p><strong>1992<\/strong> Absolvieren der Bankakademie aufbauend auf die Ausbildung zur Bankkauffrau<\/p>\n<p>&nbsp;<\/p>\n<p><strong>1993\u20131997<\/strong> t\u00e4tig als Filialleiterin bei der HypoVereinsbank in Illertissen<\/p>\n<p>&nbsp;<\/p>\n<p><strong>1998<\/strong> Eintritt in die Schreinerei<\/p>\n<p>&nbsp;<\/p>\n<p><strong>2002<\/strong> Abschluss als gepr. Designerin\/Gestalterin im Handwerk, Akademie f\u00fcr Gestaltung im Handwerk in Ulm<\/p>\n<p>&nbsp;<\/p>\n<p><strong>seit 2006<\/strong> zahlreiche Fortbildungen zum Thema Farbe beim Institut f\u00fcr Licht und Farbe ILF<\/p>\n<\/p>\n              <\/div>\n            <\/div>\n              <\/div>\n    <\/div>\n\n      <div class=\"wp-block-group lecture-grid is-layout-flow wp-block-group-is-layout-flow\">\n      <div class=\"wp-block-group lecture-grid-description is-layout-flow wp-block-group-is-layout-flow\">\n        <div class=\"wp-block-group is-nowrap is-layout-flex wp-container-10 wp-block-group-is-layout-flex lecture-topline\">\n          <h3 class=\"wp-block-heading lecture-category\">MATERIAL UND TECHNOLOGIE<\/h3>\n          <p class=\"lecture-speaker-names\">\n                            <span class=\"lecture-speaker-name\">Frank Ackermann<\/span>\n                      <\/p>\n        <\/div>\n\n        <p><strong class=\"lecture-title\">\u201eZUKUNFT kommt von K\u00f6nnen\u201c \u2013 Handwerk 4.0<\/strong> \u2013 <p>Die Ackermann GmbH realisiert au\u00dfergew\u00f6hnliche Projekte f\u00fcr kleine und gro\u00dfe Auftraggeber \u2013 mit einer Vielzahl von Verarbeitungstechniken und ganz gleich aus welchem Material. Der Inhaber Frank Ackermann und seine Mitarbeiter wagen sich fast spielerisch an neue Technologien heran und machen sie f\u00fcr sich nutzbar. Jetzt k\u00e4mpfen sie gegen die Grenzen der 5 Achs CNC und dr\u00fccken dem Roboter die Fr\u00e4se in die Hand. Ein Erlebnisbericht.<\/p>\n <\/p>\n      <\/div>\n\n      <div class=\"wp-block-group lecture-speaker-grid is-layout-flow wp-block-group-is-layout-flow\">\n\n                    <div class=\"wp-block-group speaker-grid-item is-layout-flow wp-block-group-is-layout-flow\">\n              <figure class=\"wp-block-image size-large\">\n                <img decoding=\"async\" src=\"https:\/\/burg-halle.de\/innenausbautag\/wp-content\/uploads\/2023\/08\/FR-1-e1692277113580.jpg\" alt=\"Bild des Referenten Frank Ackermann\">\n              <\/figure>\n\n              <div class=\"wp-block-group speaker-hover-container is-layout-flow wp-block-group-is-layout-flow\">\n                <h3 class=\"wp-block-heading\">Frank Ackermann<\/h3>\n\n                <p><p><strong>1964<\/strong> in W\u00fcrzburg geboren<\/p>\n<p>&nbsp;<\/p>\n<p><strong>1982\u20131985<\/strong> Ausbildung zum Schreiner<\/p>\n<p>&nbsp;<\/p>\n<p><strong>1990\u20131992<\/strong> Ausbildung zum Schreinermeister an der Meisterschule Ebern<\/p>\n<p>&nbsp;<\/p>\n<p><strong>seit 1990<\/strong> Gesellschafter der Georg Ackermann GmbH<\/p>\n<p>&nbsp;<\/p>\n<p><strong>seit 1994<\/strong> Gesch\u00e4ftsf\u00fchrer der Georg Ackermann GmbH<\/p>\n<\/p>\n              <\/div>\n            <\/div>\n              <\/div>\n    <\/div>\n\n      <div class=\"wp-block-group lecture-grid is-layout-flow wp-block-group-is-layout-flow\">\n      <div class=\"wp-block-group lecture-grid-description is-layout-flow wp-block-group-is-layout-flow\">\n        <div class=\"wp-block-group is-nowrap is-layout-flex wp-container-10 wp-block-group-is-layout-flex lecture-topline\">\n          <h3 class=\"wp-block-heading lecture-category\">GESTALTUNG<\/h3>\n          <p class=\"lecture-speaker-names\">\n                            <span class=\"lecture-speaker-name\">Prof. Axel M\u00fcller-Sch\u00f6ll<\/span>\n                      <\/p>\n        <\/div>\n\n        <p><strong class=\"lecture-title\">ZUKUNFTstrategien f\u00fcr die Projektkommunikation \u201eIdeen in Bewegung setzen\u201c<\/strong> \u2013 <p><span id=\"page74R_mcid181\" class=\"markedContent\"><\/span>Jedes Projekt beginnt mit einer Idee, die und mit zunehmen der Planungszeit zu einem Versprechen wird, das es solange bleibt, bis es ausgef\u00fchrt und dem Kunden \u00fcbergeben ist. F\u00fcr diesen geht damit oft ein gro\u00dfes finanzielles Engagement einher und darum will er von der L\u00f6sung mit Herz und Verstand \u00fcberzeugt sein; \u00fcberzeugt von dessen Wirkung, dem Aufwand \u2013 vor allem aber von dessen Potenzial, der eigenen Existenz eine positive Perspektive zu verleihen. Axel M\u00fcller Sch\u00f6ll lehrt Entwerfen im Studiengang Innenarchitektur an der Burg Giebichenstein Kunsthochschule Halle und zeigt verschiedene Ans\u00e4tze, die mit Studierenden zu diesem Problemfeld mit Stift, Modell und Videokamera entstanden sind.<\/p>\n <\/p>\n      <\/div>\n\n      <div class=\"wp-block-group lecture-speaker-grid is-layout-flow wp-block-group-is-layout-flow\">\n\n                    <div class=\"wp-block-group speaker-grid-item is-layout-flow wp-block-group-is-layout-flow\">\n              <figure class=\"wp-block-image size-large\">\n                <img decoding=\"async\" src=\"https:\/\/burg-halle.de\/innenausbautag\/wp-content\/uploads\/2023\/08\/Axel-Mueller-Schoell-Bild-arge-lola-e1692277144675.jpeg\" alt=\"Bild des Referenten Prof. Axel M\u00fcller-Sch\u00f6ll\">\n              <\/figure>\n\n              <div class=\"wp-block-group speaker-hover-container is-layout-flow wp-block-group-is-layout-flow\">\n                <h3 class=\"wp-block-heading\">Prof. Axel M\u00fcller-Sch\u00f6ll<\/h3>\n\n                <p><p><strong>1960<\/strong> in Stuttgart geboren studierte Architektur, Innenarchitektur und M\u00f6beldesign an der Staatlichen Akademie der Bildenden K\u00fcnste Stuttgart und an der Universit\u00e4t Florenz, gefolgt von verschiedenen Lehrt\u00e4tigkeiten in Stuttgart, Lyon und Peking<\/p>\n<p>&nbsp;<\/p>\n<p><strong>seit 1994<\/strong> Professor f\u00fcr Entwerfen Innenarchitektur \/ Ausbaukonstruktion an der Burg Giebichenstein Kunsthochschule Halle<\/p>\n<p>&nbsp;<\/p>\n<p><strong>seit 1999<\/strong> Leitung des idea \u2026 Institutes an der Burg Giebichenstein Kunsthochschule Halle<\/p>\n<p>&nbsp;<\/p>\n<p><strong>2010\u20132014<\/strong> Rektor der Burg Giebichenstein Kunsthochschule Halle Zusammen mit dem von ihm gegr\u00fcndeten Studio Paretaia besch\u00e4ftigt er sich mit Architektur, Innenausbauten, Ausstellungskonzepten, M\u00f6beldesign und ber\u00e4t Unternehmen.<\/p>\n<p>&nbsp;<\/p>\n<p>Zusammen mit dem von ihm gegr\u00fcndeten Studio Paretaia besch\u00e4ftigt er sich mit Architektur, Innenausbauten, Ausstellungskonzepten, M\u00f6beldesign und ber\u00e4t Unternehmen.<\/p>\n<\/p>\n              <\/div>\n            <\/div>\n              <\/div>\n    <\/div>\n\n      <div class=\"wp-block-group lecture-grid is-layout-flow wp-block-group-is-layout-flow\">\n      <div class=\"wp-block-group lecture-grid-description is-layout-flow wp-block-group-is-layout-flow\">\n        <div class=\"wp-block-group is-nowrap is-layout-flex wp-container-10 wp-block-group-is-layout-flex lecture-topline\">\n          <h3 class=\"wp-block-heading lecture-category\">BILDUNG\/KULTUR<\/h3>\n          <p class=\"lecture-speaker-names\">\n                            <span class=\"lecture-speaker-name\">Dipl.-Wirtschaftsp\u00e4dagogin Antje Heinrich<\/span>\n                      <\/p>\n        <\/div>\n\n        <p><strong class=\"lecture-title\">\u201eEs wird auch in ZUKUNFT kein Meister vom Himmel fallen\u201c \u2013 Unternehmenskultur f\u00fcr das Handwerk<\/strong> \u2013 <p><span id=\"page79R_mcid216\" class=\"markedContent\"><\/span>Die Deutschen Werkst\u00e4tten z\u00e4hlen zu den f\u00fchrenden Anbietern f\u00fcr hochwertigen Innenausbau weltweit. Um bei \u00fcber 250 Mitarbeitern die notwendige Leidenschaft und das Streben nach Perfektion anzufachen, wird eine Unternehmenskultur gef\u00f6rdert, wo es der Gesch\u00e4ftsleitung gelingt, sich selbst zu misstrauen und die den Respekt vor der Belegschaft nicht nur behauptet, sondern lebt, in dem man den Einzelnen f\u00f6rdet, aber auch fordert. Antje Heinrich (Deutsche Werkst\u00e4tten Hellerau) berichtet als Personalleiterin der Deutschen Werkst\u00e4tten \u00fcber Unternehmenskultur.<\/p>\n <\/p>\n      <\/div>\n\n      <div class=\"wp-block-group lecture-speaker-grid is-layout-flow wp-block-group-is-layout-flow\">\n\n                    <div class=\"wp-block-group speaker-grid-item is-layout-flow wp-block-group-is-layout-flow\">\n              <figure class=\"wp-block-image size-large\">\n                <img decoding=\"async\" src=\"https:\/\/burg-halle.de\/innenausbautag\/wp-content\/uploads\/2023\/08\/A.Heinrich_DW_-e1692277096440.jpg\" alt=\"Bild des Referenten Dipl.-Wirtschaftsp\u00e4dagogin Antje Heinrich\">\n              <\/figure>\n\n              <div class=\"wp-block-group speaker-hover-container is-layout-flow wp-block-group-is-layout-flow\">\n                <h3 class=\"wp-block-heading\">Dipl.-Wirtschaftsp\u00e4dagogin Antje Heinrich<\/h3>\n\n                <p><p><strong>1978<\/strong> geboren bei Dresden<\/p>\n<p>&nbsp;<\/p>\n<p><strong>1997\u20132000<\/strong> kaufm\u00e4nnische Ausbildung bei der Deutsche Telekom AG<\/p>\n<p>&nbsp;<\/p>\n<p><strong>2000\u20132006<\/strong> Studium der Wirtschaftsp\u00e4dagogik an der TU Dresden, praktisch t\u00e4tig im Ausbildungszentrum der Bertelsmann AG und der Ausbildungsinitiative der IHK Dresden<\/p>\n<p>&nbsp;<\/p>\n<p><strong>2006\u20132008<\/strong> Personalentwicklerin bei Volkswagen Bildungsinstitut Sachsen (vollumf\u00e4nglich t\u00e4tig im Projekt Kompetenzentwicklung f\u00fcr die Audi Vertriebsbetreuungsgesellschaft mbH Ingolstadt<\/p>\n<p>&nbsp;<\/p>\n<p><strong>2008\u20132014<\/strong> Verantwortliche f\u00fcr Personalentwicklung bei der Deutsche Werkst\u00e4tten Hellerau GmbH<\/p>\n<p>&nbsp;<\/p>\n<p><strong>seit 2014<\/strong> Personalleitung bei der Deutsche Werkst\u00e4tten Hellerau GmbH<\/p>\n<\/p>\n              <\/div>\n            <\/div>\n              <\/div>\n    <\/div>\n\n  \n<\/div><\/div>\n\n\n\n<div class=\"wp-block-group alignfull cs-content-element is-layout-flow wp-block-group-is-layout-flow\" id=\"location\">\n<h2 class=\"wp-block-heading alignfull\">Veranstaltungsort<\/h2>\n\n\n\n<p>Designhaus Halle<br>Ernst K\u00f6nig Str. 1\u20132<br>06108 Halle (Saale)<\/p>\n\n\n\n<figure class=\"wp-block-image size-full cs-map-image\"><img decoding=\"async\" src=\"https:\/\/burg-halle.de\/innenausbautag\/wp-content\/uploads\/2023\/08\/Location_2017.svg\" alt=\"\" class=\"wp-image-290\"\/><\/figure>\n<\/div>\n\n\n\n<div class=\"wp-block-group alignfull cs-content-element is-layout-flow wp-block-group-is-layout-flow\" id=\"kontakt\">\n<h2 class=\"wp-block-heading alignfull\">Kontakt<\/h2>\n\n\n\n<p>Tischler Sachsen-Anhalt e. V.<br>J\u00f6rg Schwamberger<br><br>Telefon: 03491 41 19 22<br>Mail: hkh.s-a@tischler.de<\/p>\n<\/div>\n\n\n\n<div class=\"wp-block-group alignfull cs-content-element is-layout-flow wp-block-group-is-layout-flow\" id=\"partner\">\n<h2 class=\"wp-block-heading alignfull\">Partnerschaften<\/h2>\n\n\n\n<p>Ein besonderes Augenmerk der Veranstaltung liegt darauf, die gewonnenen Erfahrungen untereinander, aber auch mit den entsprechenden Industrie und Handelspartnern zu diskutieren. Der Austausch, mit den f\u00fcr die Veranstaltung gewonnen Unternehmen, soll dem Anspruch an werthaltige Handwerksprodukte gerecht werden. Dieser Erfolg ist ma\u00dfgeblich von guten Partnern mit hervorragenden Ausgangsprodukten f\u00fcr das Handwerk abh\u00e4ngig. Dazu \u00fcbernehmen Unternehmen Tischpatenschaften und stellen in Gespr\u00e4chsrunden ihre eigenen Aktivit\u00e4ten und Perspektiven im Kontext des Innenausbautages zum Thema Zukunft vor.<\/p>\n\n\n\n<div class=\"wp-block-group alignwide partner-logo-container has-global-padding is-layout-constrained wp-block-group-is-layout-constrained\">\n        <div class=\"wp-block-group partner-container-item is-layout-flow wp-block-group-is-layout-flow is-highlighted\">\n        <figure class=\"wp-block-image size-large partner-logo\">\n            <a href=\"https:\/\/www.tischler-sachsen.de\" target=\"_blank\">\n                <img decoding=\"async\" loading=\"lazy\" width=\"2560\" height=\"2269\" src=\"https:\/\/burg-halle.de\/innenausbautag\/wp-content\/uploads\/2023\/08\/image001-scaled.jpeg\" alt=\"Logo eines Partners des Mitteldeutschen Innenausbautags\" class=\"wp-image-49\" srcset=\"https:\/\/burg-halle.de\/innenausbautag\/wp-content\/uploads\/2023\/08\/image001-scaled.jpeg 2560w, https:\/\/burg-halle.de\/innenausbautag\/wp-content\/uploads\/2023\/08\/image001-300x266.jpeg 300w, https:\/\/burg-halle.de\/innenausbautag\/wp-content\/uploads\/2023\/08\/image001-1024x908.jpeg 1024w, https:\/\/burg-halle.de\/innenausbautag\/wp-content\/uploads\/2023\/08\/image001-768x681.jpeg 768w, https:\/\/burg-halle.de\/innenausbautag\/wp-content\/uploads\/2023\/08\/image001-1536x1362.jpeg 1536w, https:\/\/burg-halle.de\/innenausbautag\/wp-content\/uploads\/2023\/08\/image001-2048x1816.jpeg 2048w\" sizes=\"(max-width: 2560px) 100vw, 2560px\" \/> \n            <\/a>\n        <\/figure>\n    <\/div>\n\n    <div class=\"wp-block-group partner-container-item is-layout-flow wp-block-group-is-layout-flow is-highlighted\">\n        <figure class=\"wp-block-image size-large partner-logo\">\n            <a href=\"https:\/\/www.burg-halle.de\/\" target=\"_blank\">\n                <img decoding=\"async\" src=\"https:\/\/burg-halle.de\/innenausbautag\/wp-content\/uploads\/2023\/08\/BurgLogo.png\" alt=\"Logo eines Partners des Mitteldeutschen Innenausbautags\" class=\"wp-image-49\"> \n            <\/a>\n        <\/figure>\n    <\/div>\n\n    <div class=\"wp-block-group partner-container-item is-layout-flow wp-block-group-is-layout-flow is-highlighted\">\n        <figure class=\"wp-block-image size-large partner-logo\">\n            <a href=\"https:\/\/www.dds-online.de\/\" target=\"_blank\">\n                <img decoding=\"async\" src=\"https:\/\/burg-halle.de\/innenausbautag\/wp-content\/uploads\/2023\/08\/dds_logo.png\" alt=\"Logo eines Partners des Mitteldeutschen Innenausbautags\" class=\"wp-image-49\"> \n            <\/a>\n        <\/figure>\n    <\/div>\n\n\n<\/div>\n\n\n<div class=\"wp-block-group alignwide partner-logo-container has-global-padding is-layout-constrained wp-block-group-is-layout-constrained\">\n        <div class=\"wp-block-group partner-container-item is-layout-flow wp-block-group-is-layout-flow \">\n        <figure class=\"wp-block-image size-large partner-logo\">\n            <a href=\"https:\/\/web.hettich.com\/\" target=\"_blank\">\n                <img decoding=\"async\" src=\"https:\/\/burg-halle.de\/innenausbautag\/wp-content\/uploads\/2023\/08\/logo-hettich-noclaim.svg\" alt=\"Logo eines Partners des Mitteldeutschen Innenausbautags\" class=\"wp-image-49\"> \n            <\/a>\n        <\/figure>\n    <\/div>\n\n    <div class=\"wp-block-group partner-container-item is-layout-flow wp-block-group-is-layout-flow \">\n        <figure class=\"wp-block-image size-large partner-logo\">\n            <a href=\"https:\/\/www.haefele.de\/\" target=\"_blank\">\n                <img decoding=\"async\" src=\"https:\/\/burg-halle.de\/innenausbautag\/wp-content\/uploads\/2023\/08\/Haefele_Logo-scaled.jpg\" alt=\"Logo eines Partners des Mitteldeutschen Innenausbautags\" class=\"wp-image-49\"> \n            <\/a>\n        <\/figure>\n    <\/div>\n\n    <div class=\"wp-block-group partner-container-item is-layout-flow wp-block-group-is-layout-flow \">\n        <figure class=\"wp-block-image size-large partner-logo\">\n            <a href=\"https:\/\/www.zeg-holz.de\" target=\"_blank\">\n                <img decoding=\"async\" src=\"https:\/\/burg-halle.de\/innenausbautag\/wp-content\/uploads\/2023\/08\/ZEG_Logo_A4_2015_rgb.jpeg\" alt=\"Logo eines Partners des Mitteldeutschen Innenausbautags\" class=\"wp-image-49\"> \n            <\/a>\n        <\/figure>\n    <\/div>\n\n    <div class=\"wp-block-group partner-container-item is-layout-flow wp-block-group-is-layout-flow \">\n        <figure class=\"wp-block-image size-large partner-logo\">\n            <a href=\"https:\/\/www.nuessing.de\/\" target=\"_blank\">\n                <img decoding=\"async\" src=\"https:\/\/burg-halle.de\/innenausbautag\/wp-content\/uploads\/2023\/08\/Nuessing_Logo_mehr_als_Beschlaege.jpeg\" alt=\"Logo eines Partners des Mitteldeutschen Innenausbautags\" class=\"wp-image-49\"> \n            <\/a>\n        <\/figure>\n    <\/div>\n\n    <div class=\"wp-block-group partner-container-item is-layout-flow wp-block-group-is-layout-flow \">\n        <figure class=\"wp-block-image size-large partner-logo\">\n            <a href=\"https:\/\/www.kloepfer.de\/\" target=\"_blank\">\n                <img decoding=\"async\" src=\"https:\/\/burg-halle.de\/innenausbautag\/wp-content\/uploads\/2023\/08\/KLoepfer.jpg\" alt=\"Logo eines Partners des Mitteldeutschen Innenausbautags\" class=\"wp-image-49\"> \n            <\/a>\n        <\/figure>\n    <\/div>\n\n    <div class=\"wp-block-group partner-container-item is-layout-flow wp-block-group-is-layout-flow \">\n        <figure class=\"wp-block-image size-large partner-logo\">\n            <a href=\"https:\/\/www.jaf-group.com\/\" target=\"_blank\">\n                <img decoding=\"async\" src=\"https:\/\/burg-halle.de\/innenausbautag\/wp-content\/uploads\/2023\/08\/JAF_Imholz_-1.png\" alt=\"Logo eines Partners des Mitteldeutschen Innenausbautags\" class=\"wp-image-49\"> \n            <\/a>\n        <\/figure>\n    <\/div>\n\n    <div class=\"wp-block-group partner-container-item is-layout-flow wp-block-group-is-layout-flow \">\n        <figure class=\"wp-block-image size-large partner-logo\">\n            <a href=\"https:\/\/www.kuper.de\/\" target=\"_blank\">\n                <img decoding=\"async\" src=\"https:\/\/burg-halle.de\/innenausbautag\/wp-content\/uploads\/2023\/08\/KUPER_mime001-scaled.jpg\" alt=\"Logo eines Partners des Mitteldeutschen Innenausbautags\" class=\"wp-image-49\"> \n            <\/a>\n        <\/figure>\n    <\/div>\n\n    <div class=\"wp-block-group partner-container-item is-layout-flow wp-block-group-is-layout-flow \">\n        <figure class=\"wp-block-image size-large partner-logo\">\n            <a href=\"https:\/\/www.behrens-gruppe.de\" target=\"_blank\">\n                <img decoding=\"async\" src=\"https:\/\/burg-halle.de\/innenausbautag\/wp-content\/uploads\/2023\/08\/BG-Logo_4C_300dpi.jpeg\" alt=\"Logo eines Partners des Mitteldeutschen Innenausbautags\" class=\"wp-image-49\"> \n            <\/a>\n        <\/figure>\n    <\/div>\n\n    <div class=\"wp-block-group partner-container-item is-layout-flow wp-block-group-is-layout-flow \">\n        <figure class=\"wp-block-image size-large partner-logo\">\n            <a href=\"www.paintexpress-fritzsche.de\" target=\"_blank\">\n                <img decoding=\"async\" src=\"https:\/\/burg-halle.de\/innenausbautag\/wp-content\/uploads\/2023\/08\/paintexpress-fritzsche.png\" alt=\"Logo eines Partners des Mitteldeutschen Innenausbautags\" class=\"wp-image-49\"> \n            <\/a>\n        <\/figure>\n    <\/div>\n\n\n<\/div><\/div>\n\n\n\n<div class=\"wp-block-group has-global-padding is-layout-constrained wp-block-group-is-layout-constrained\">\n<h2 class=\"wp-block-heading\">Eindr\u00fccke (Fotograph: Lucas B\u00f6gelsack)<\/h2>\n\n\n\n<div id='gallery-1' class='gallery galleryid-283 gallery-columns-3 gallery-size-thumbnail'><figure class='gallery-item'>\n\t\t\t<div class='gallery-icon landscape'>\n\t\t\t\t<a href='https:\/\/burg-halle.de\/innenausbautag\/dsc_5264\/'><img width=\"150\" height=\"150\" src=\"https:\/\/burg-halle.de\/innenausbautag\/wp-content\/uploads\/2023\/08\/DSC_5264-150x150.jpg\" class=\"attachment-thumbnail size-thumbnail\" alt=\"\" decoding=\"async\" loading=\"lazy\" \/><\/a>\n\t\t\t<\/div><\/figure><figure class='gallery-item'>\n\t\t\t<div class='gallery-icon landscape'>\n\t\t\t\t<a href='https:\/\/burg-halle.de\/innenausbautag\/dsc_5249\/'><img width=\"150\" height=\"150\" src=\"https:\/\/burg-halle.de\/innenausbautag\/wp-content\/uploads\/2023\/08\/DSC_5249-150x150.jpg\" class=\"attachment-thumbnail size-thumbnail\" alt=\"\" decoding=\"async\" loading=\"lazy\" \/><\/a>\n\t\t\t<\/div><\/figure><figure class='gallery-item'>\n\t\t\t<div class='gallery-icon landscape'>\n\t\t\t\t<a href='https:\/\/burg-halle.de\/innenausbautag\/dsc_5238\/'><img width=\"150\" height=\"150\" src=\"https:\/\/burg-halle.de\/innenausbautag\/wp-content\/uploads\/2023\/08\/DSC_5238-150x150.jpg\" class=\"attachment-thumbnail size-thumbnail\" alt=\"\" decoding=\"async\" loading=\"lazy\" \/><\/a>\n\t\t\t<\/div><\/figure><figure class='gallery-item'>\n\t\t\t<div class='gallery-icon landscape'>\n\t\t\t\t<a href='https:\/\/burg-halle.de\/innenausbautag\/dsc_5225\/'><img width=\"150\" height=\"150\" src=\"https:\/\/burg-halle.de\/innenausbautag\/wp-content\/uploads\/2023\/08\/DSC_5225-150x150.jpg\" class=\"attachment-thumbnail size-thumbnail\" alt=\"\" decoding=\"async\" loading=\"lazy\" \/><\/a>\n\t\t\t<\/div><\/figure><figure class='gallery-item'>\n\t\t\t<div class='gallery-icon landscape'>\n\t\t\t\t<a href='https:\/\/burg-halle.de\/innenausbautag\/dsc_5221\/'><img width=\"150\" height=\"150\" src=\"https:\/\/burg-halle.de\/innenausbautag\/wp-content\/uploads\/2023\/08\/DSC_5221-150x150.jpg\" class=\"attachment-thumbnail size-thumbnail\" alt=\"\" decoding=\"async\" loading=\"lazy\" \/><\/a>\n\t\t\t<\/div><\/figure><figure class='gallery-item'>\n\t\t\t<div class='gallery-icon landscape'>\n\t\t\t\t<a href='https:\/\/burg-halle.de\/innenausbautag\/dsc_5214\/'><img width=\"150\" height=\"150\" src=\"https:\/\/burg-halle.de\/innenausbautag\/wp-content\/uploads\/2023\/08\/DSC_5214-150x150.jpg\" class=\"attachment-thumbnail size-thumbnail\" alt=\"\" decoding=\"async\" loading=\"lazy\" \/><\/a>\n\t\t\t<\/div><\/figure><figure class='gallery-item'>\n\t\t\t<div class='gallery-icon landscape'>\n\t\t\t\t<a href='https:\/\/burg-halle.de\/innenausbautag\/dsc_5425\/'><img width=\"150\" height=\"150\" src=\"https:\/\/burg-halle.de\/innenausbautag\/wp-content\/uploads\/2023\/08\/DSC_5425-150x150.jpg\" class=\"attachment-thumbnail size-thumbnail\" alt=\"\" decoding=\"async\" loading=\"lazy\" \/><\/a>\n\t\t\t<\/div><\/figure><figure class='gallery-item'>\n\t\t\t<div class='gallery-icon landscape'>\n\t\t\t\t<a href='https:\/\/burg-halle.de\/innenausbautag\/dsc_5415\/'><img width=\"150\" height=\"150\" src=\"https:\/\/burg-halle.de\/innenausbautag\/wp-content\/uploads\/2023\/08\/DSC_5415-150x150.jpg\" class=\"attachment-thumbnail size-thumbnail\" alt=\"\" decoding=\"async\" loading=\"lazy\" \/><\/a>\n\t\t\t<\/div><\/figure><figure class='gallery-item'>\n\t\t\t<div class='gallery-icon landscape'>\n\t\t\t\t<a href='https:\/\/burg-halle.de\/innenausbautag\/dsc_5368\/'><img width=\"150\" height=\"150\" src=\"https:\/\/burg-halle.de\/innenausbautag\/wp-content\/uploads\/2023\/08\/DSC_5368-150x150.jpg\" class=\"attachment-thumbnail size-thumbnail\" alt=\"\" decoding=\"async\" loading=\"lazy\" \/><\/a>\n\t\t\t<\/div><\/figure><figure class='gallery-item'>\n\t\t\t<div class='gallery-icon landscape'>\n\t\t\t\t<a href='https:\/\/burg-halle.de\/innenausbautag\/dsc_5367\/'><img width=\"150\" height=\"150\" src=\"https:\/\/burg-halle.de\/innenausbautag\/wp-content\/uploads\/2023\/08\/DSC_5367-150x150.jpg\" class=\"attachment-thumbnail size-thumbnail\" alt=\"\" decoding=\"async\" loading=\"lazy\" \/><\/a>\n\t\t\t<\/div><\/figure><figure class='gallery-item'>\n\t\t\t<div class='gallery-icon landscape'>\n\t\t\t\t<a href='https:\/\/burg-halle.de\/innenausbautag\/dsc_5351\/'><img width=\"150\" height=\"150\" src=\"https:\/\/burg-halle.de\/innenausbautag\/wp-content\/uploads\/2023\/08\/DSC_5351-150x150.jpg\" class=\"attachment-thumbnail size-thumbnail\" alt=\"\" decoding=\"async\" loading=\"lazy\" \/><\/a>\n\t\t\t<\/div><\/figure><figure class='gallery-item'>\n\t\t\t<div class='gallery-icon landscape'>\n\t\t\t\t<a href='https:\/\/burg-halle.de\/innenausbautag\/dsc_5318\/'><img width=\"150\" height=\"150\" src=\"https:\/\/burg-halle.de\/innenausbautag\/wp-content\/uploads\/2023\/08\/DSC_5318-150x150.jpg\" class=\"attachment-thumbnail size-thumbnail\" alt=\"\" decoding=\"async\" loading=\"lazy\" \/><\/a>\n\t\t\t<\/div><\/figure><figure class='gallery-item'>\n\t\t\t<div class='gallery-icon landscape'>\n\t\t\t\t<a href='https:\/\/burg-halle.de\/innenausbautag\/dsc_5219\/'><img width=\"150\" height=\"150\" src=\"https:\/\/burg-halle.de\/innenausbautag\/wp-content\/uploads\/2023\/08\/DSC_5219-150x150.jpg\" class=\"attachment-thumbnail size-thumbnail\" alt=\"\" decoding=\"async\" loading=\"lazy\" \/><\/a>\n\t\t\t<\/div><\/figure><figure class='gallery-item'>\n\t\t\t<div class='gallery-icon landscape'>\n\t\t\t\t<a href='https:\/\/burg-halle.de\/innenausbautag\/dsc_5213\/'><img width=\"150\" height=\"150\" src=\"https:\/\/burg-halle.de\/innenausbautag\/wp-content\/uploads\/2023\/08\/DSC_5213-150x150.jpg\" class=\"attachment-thumbnail size-thumbnail\" alt=\"\" decoding=\"async\" loading=\"lazy\" \/><\/a>\n\t\t\t<\/div><\/figure><figure class='gallery-item'>\n\t\t\t<div class='gallery-icon landscape'>\n\t\t\t\t<a href='https:\/\/burg-halle.de\/innenausbautag\/dsc_5212\/'><img width=\"150\" height=\"150\" src=\"https:\/\/burg-halle.de\/innenausbautag\/wp-content\/uploads\/2023\/08\/DSC_5212-150x150.jpg\" class=\"attachment-thumbnail size-thumbnail\" alt=\"\" decoding=\"async\" loading=\"lazy\" \/><\/a>\n\t\t\t<\/div><\/figure><figure class='gallery-item'>\n\t\t\t<div class='gallery-icon landscape'>\n\t\t\t\t<a href='https:\/\/burg-halle.de\/innenausbautag\/dsc_5422\/'><img width=\"150\" height=\"150\" src=\"https:\/\/burg-halle.de\/innenausbautag\/wp-content\/uploads\/2023\/08\/DSC_5422-150x150.jpg\" class=\"attachment-thumbnail size-thumbnail\" alt=\"\" decoding=\"async\" loading=\"lazy\" \/><\/a>\n\t\t\t<\/div><\/figure><figure class='gallery-item'>\n\t\t\t<div class='gallery-icon portrait'>\n\t\t\t\t<a href='https:\/\/burg-halle.de\/innenausbautag\/dsc_5421\/'><img width=\"150\" height=\"150\" src=\"https:\/\/burg-halle.de\/innenausbautag\/wp-content\/uploads\/2023\/08\/DSC_5421-150x150.jpg\" class=\"attachment-thumbnail size-thumbnail\" alt=\"\" decoding=\"async\" loading=\"lazy\" \/><\/a>\n\t\t\t<\/div><\/figure><figure class='gallery-item'>\n\t\t\t<div class='gallery-icon landscape'>\n\t\t\t\t<a href='https:\/\/burg-halle.de\/innenausbautag\/dsc_5410\/'><img width=\"150\" height=\"150\" src=\"https:\/\/burg-halle.de\/innenausbautag\/wp-content\/uploads\/2023\/08\/DSC_5410-150x150.jpg\" class=\"attachment-thumbnail size-thumbnail\" alt=\"\" decoding=\"async\" loading=\"lazy\" \/><\/a>\n\t\t\t<\/div><\/figure><figure class='gallery-item'>\n\t\t\t<div class='gallery-icon landscape'>\n\t\t\t\t<a href='https:\/\/burg-halle.de\/innenausbautag\/dsc_5403\/'><img width=\"150\" height=\"150\" src=\"https:\/\/burg-halle.de\/innenausbautag\/wp-content\/uploads\/2023\/08\/DSC_5403-150x150.jpg\" class=\"attachment-thumbnail size-thumbnail\" alt=\"\" decoding=\"async\" loading=\"lazy\" \/><\/a>\n\t\t\t<\/div><\/figure><figure class='gallery-item'>\n\t\t\t<div class='gallery-icon landscape'>\n\t\t\t\t<a href='https:\/\/burg-halle.de\/innenausbautag\/dsc_5393\/'><img width=\"150\" height=\"150\" src=\"https:\/\/burg-halle.de\/innenausbautag\/wp-content\/uploads\/2023\/08\/DSC_5393-150x150.jpg\" class=\"attachment-thumbnail size-thumbnail\" alt=\"\" decoding=\"async\" loading=\"lazy\" \/><\/a>\n\t\t\t<\/div><\/figure><figure class='gallery-item'>\n\t\t\t<div class='gallery-icon landscape'>\n\t\t\t\t<a href='https:\/\/burg-halle.de\/innenausbautag\/dsc_5388\/'><img width=\"150\" height=\"150\" src=\"https:\/\/burg-halle.de\/innenausbautag\/wp-content\/uploads\/2023\/08\/DSC_5388-150x150.jpg\" class=\"attachment-thumbnail size-thumbnail\" alt=\"\" decoding=\"async\" loading=\"lazy\" \/><\/a>\n\t\t\t<\/div><\/figure><figure class='gallery-item'>\n\t\t\t<div class='gallery-icon landscape'>\n\t\t\t\t<a href='https:\/\/burg-halle.de\/innenausbautag\/dsc_5376\/'><img width=\"150\" height=\"150\" src=\"https:\/\/burg-halle.de\/innenausbautag\/wp-content\/uploads\/2023\/08\/DSC_5376-150x150.jpg\" class=\"attachment-thumbnail size-thumbnail\" alt=\"\" decoding=\"async\" loading=\"lazy\" \/><\/a>\n\t\t\t<\/div><\/figure><figure class='gallery-item'>\n\t\t\t<div class='gallery-icon landscape'>\n\t\t\t\t<a href='https:\/\/burg-halle.de\/innenausbautag\/dsc_5369\/'><img width=\"150\" height=\"150\" src=\"https:\/\/burg-halle.de\/innenausbautag\/wp-content\/uploads\/2023\/08\/DSC_5369-150x150.jpg\" class=\"attachment-thumbnail size-thumbnail\" alt=\"\" decoding=\"async\" loading=\"lazy\" \/><\/a>\n\t\t\t<\/div><\/figure><figure class='gallery-item'>\n\t\t\t<div class='gallery-icon landscape'>\n\t\t\t\t<a href='https:\/\/burg-halle.de\/innenausbautag\/dsc_5361\/'><img width=\"150\" height=\"150\" src=\"https:\/\/burg-halle.de\/innenausbautag\/wp-content\/uploads\/2023\/08\/DSC_5361-150x150.jpg\" class=\"attachment-thumbnail size-thumbnail\" alt=\"\" decoding=\"async\" loading=\"lazy\" \/><\/a>\n\t\t\t<\/div><\/figure><figure class='gallery-item'>\n\t\t\t<div class='gallery-icon landscape'>\n\t\t\t\t<a href='https:\/\/burg-halle.de\/innenausbautag\/dsc_5356\/'><img width=\"150\" height=\"150\" src=\"https:\/\/burg-halle.de\/innenausbautag\/wp-content\/uploads\/2023\/08\/DSC_5356-150x150.jpg\" class=\"attachment-thumbnail size-thumbnail\" alt=\"\" decoding=\"async\" loading=\"lazy\" \/><\/a>\n\t\t\t<\/div><\/figure><figure class='gallery-item'>\n\t\t\t<div class='gallery-icon landscape'>\n\t\t\t\t<a href='https:\/\/burg-halle.de\/innenausbautag\/dsc_5320\/'><img width=\"150\" height=\"150\" src=\"https:\/\/burg-halle.de\/innenausbautag\/wp-content\/uploads\/2023\/08\/DSC_5320-150x150.jpg\" class=\"attachment-thumbnail size-thumbnail\" alt=\"\" decoding=\"async\" loading=\"lazy\" \/><\/a>\n\t\t\t<\/div><\/figure><figure class='gallery-item'>\n\t\t\t<div class='gallery-icon landscape'>\n\t\t\t\t<a href='https:\/\/burg-halle.de\/innenausbautag\/dsc_5268\/'><img width=\"150\" height=\"150\" src=\"https:\/\/burg-halle.de\/innenausbautag\/wp-content\/uploads\/2023\/08\/DSC_5268-150x150.jpg\" class=\"attachment-thumbnail size-thumbnail\" alt=\"\" decoding=\"async\" loading=\"lazy\" \/><\/a>\n\t\t\t<\/div><\/figure>\n\t\t<\/div>\n\n<\/div>\n","protected":false},"excerpt":{"rendered":"<p>Der Mitteldeutsche Innenausbautag ist eine Kooperation der Tischler Sachsen-Anhalt und des Designhaus Halle an der Burg Giebichenstein Kunsthochschule Halle. Das Format im Zusammenspiel zweiter Partner &#8211; einer Handwerksorganisation und einer Kunsthochschule &#8211; ist in dieser Form einmalig. Der Innenausbautag lebt vom kollegialen Austausch, Impulse geben den Teilnehmenden die Gelegenheit sich mit innovativen oder gesellschaftlich relevanten [&hellip;]<\/p>\n","protected":false},"author":1,"featured_media":0,"parent":0,"menu_order":0,"comment_status":"closed","ping_status":"closed","template":"","meta":{"footnotes":""},"acf":[],"_links":{"self":[{"href":"https:\/\/burg-halle.de\/innenausbautag\/wp-json\/wp\/v2\/pages\/283"}],"collection":[{"href":"https:\/\/burg-halle.de\/innenausbautag\/wp-json\/wp\/v2\/pages"}],"about":[{"href":"https:\/\/burg-halle.de\/innenausbautag\/wp-json\/wp\/v2\/types\/page"}],"author":[{"embeddable":true,"href":"https:\/\/burg-halle.de\/innenausbautag\/wp-json\/wp\/v2\/users\/1"}],"replies":[{"embeddable":true,"href":"https:\/\/burg-halle.de\/innenausbautag\/wp-json\/wp\/v2\/comments?post=283"}],"version-history":[{"count":38,"href":"https:\/\/burg-halle.de\/innenausbautag\/wp-json\/wp\/v2\/pages\/283\/revisions"}],"predecessor-version":[{"id":730,"href":"https:\/\/burg-halle.de\/innenausbautag\/wp-json\/wp\/v2\/pages\/283\/revisions\/730"}],"wp:attachment":[{"href":"https:\/\/burg-halle.de\/innenausbautag\/wp-json\/wp\/v2\/media?parent=283"}],"curies":[{"name":"wp","href":"https:\/\/api.w.org\/{rel}","templated":true}]}}