{"id":7,"date":"2023-08-01T16:34:24","date_gmt":"2023-08-01T14:34:24","guid":{"rendered":"https:\/\/burg-halle.de\/innenausbautag\/?page_id=7"},"modified":"2025-06-17T11:00:55","modified_gmt":"2025-06-17T09:00:55","slug":"innenausbautag-2023","status":"publish","type":"page","link":"https:\/\/burg-halle.de\/innenausbautag\/innenausbautag-2023\/","title":{"rendered":"Innenausbautag 2023"},"content":{"rendered":"\n<div id=\"custom-header-container\" class=\"wp-block-group alignwide is-layout-flow wp-block-group-is-layout-flow\">\n    <div class=\"custom-header-content\">\n        <div class=\"custom-left-column\">\n            <span class=\"custom-topline\" style=\"--cs-header-color-primary:#61322f; --cs-header-color-secondary:#ffffff\"><p>06. September 2023<strong> in Halle (Saale)<\/strong><\/p>\n<\/span>\n            <figure class=\"wp-block-image size-large custom-header-text\">\n                <img decoding=\"async\" fetchpriority=\"high\" width=\"824\" height=\"1024\" src=\"https:\/\/burg-halle.de\/innenausbautag\/wp-content\/uploads\/2023\/08\/LogoSchrift-1.png\" alt=\"Logo Schriftzug Innenausbautag\">\n            <\/figure>\n        <\/div>\n\n        <div class=\"custom-right-column\">\n            <figure class=\"wp-block-image size-large custom-header-image\">\n                <img loading=\"lazy\" decoding=\"async\" width=\"1024\" height=\"723\" src=\"https:\/\/burg-halle.de\/innenausbautag\/wp-content\/uploads\/2023\/08\/lasche-2.png\" alt=\"Bild von einer Lasche\">\n            <\/figure>\n        <\/div>\n\n\n        <div class=\"custom-bottom-row\">\n            <div class=\"wp-block-group alignwide mobile-scroll-down is-layout-flow wp-block-group-is-layout-flow\">\n                <figure class=\"wp-block-image alignwide size-full mobile-arrow-down\">\n                    <a href=\"#cs-intro-link\">\n                        <svg width=\"100\" height=\"50\" viewBox=\"0 0 100 50\" xmlns=\"http:\/\/www.w3.org\/2000\/svg\">\n                            <line x1=\"2\" y1=\"9\" x2=\"50\" y2=\"41\" stroke=\"var(--cs-color-h)\" stroke-width=\"4\" stroke-linecap=\"round\" \/>\n                            <line x1=\"98\" y1=\"9\" x2=\"50\" y2=\"41\" stroke=\"var(--cs-color-h)\" stroke-width=\"4\" stroke-linecap=\"round\" \/>\n                        <\/svg>\n                    <\/a>\n                <\/figure>\n            <\/div>\n        <\/div>\n    <\/div>\n<\/div>\n\n\n<div class=\"wp-block-group alignfull cs-content-element is-layout-flow wp-block-group-is-layout-flow\">\n<p>Der Mitteldeutsche Innenausbautag ist eine Kooperation der Tischler Sachsen-Anhalt und des Designhaus Halle an der Burg Giebichenstein Kunsthochschule Halle. Das Format im Zusammenspiel zweiter Partner &#8211; einer Handwerksorganisation und einer Kunsthochschule &#8211; ist in dieser Form einmalig.<\/p>\n\n\n\n<p>Der Innenausbautag lebt vom kollegialen Austausch, Impulse geben den Teilnehmenden die Gelegenheit sich mit innovativen oder gesellschaftlich relevanten Themen auseinanderzusetzen und diese in einem behaglichen Rahmen zu auszutauschen und auch sacken zu lassen. Die Impulse orientieren sich an Leitthemen wie Wert, Zukunft, Vision oder Region und beleuchten diese zun\u00e4chst abstrakten Begriffe anhand von handfesten Beispielen. Das Anliegen des Innenausbautages ist, jedem Teilnehmenden einen einen Ansto\u00df f\u00fcr den Alltag &#8211; oder auch dar\u00fcber hinaus &#8211; mitzugeben.<\/p>\n\n\n\n<p>Unterst\u00fctzt von einem Freundeskreis findet diese Veranstaltung seit 2015 alle zwei Jahre Anfang September statt.&nbsp;<\/p>\n<\/div>\n\n\n\n<div class=\"wp-block-group alignfull cs-content-element has-global-padding is-layout-constrained wp-block-group-is-layout-constrained\" id=\"cs-intro-link\">\n<h2 class=\"wp-block-heading alignfull\">Region<\/h2>\n\n\n\n<p>Was bedeutet Regionalit\u00e4t? Wie kann man die Vorteile einer Region entdecken und nutzen?<br>Vier Impuls Vortr\u00e4ge geben uns spannende Einblicke in die vielf\u00e4ltigen Facetten regionaler Aktivit\u00e4ten und zeigen uns, wie wir davon pro\ufb01tieren k\u00f6nnen. Neben dem Gemeinschaftsgef\u00fchl und dem wirtschaftlichen<br>Nutzen spielen regionale Zusammenschl\u00fcsse eine wichtige Rolle beim Informationsaustausch, der Lobbyarbeit und dem Zugri\ufb00 auf gemeinsame Ressourcen. Durch die Zusammenarbeit und den Austausch k\u00f6nnen sie ebenfalls dazu beitragen, dass die regio-nale Kultur gest\u00e4rkt wird.<\/p>\n<\/div>\n\n\n\n<div class=\"wp-block-group alignfull cs-content-element is-layout-flow wp-block-group-is-layout-flow\" id=\"programm\">\n<h2 class=\"wp-block-heading alignfull\">Programm<\/h2>\n\n\n\n<p><br>6. September 2023 im Designhaus Halle (Saale)<\/p>\n\n\n\n<p class=\"download-link\"><a href=\"https:\/\/burg-halle.de\/innenausbautag\/wp-content\/uploads\/2023\/08\/23-TI-FLY-100-210_E5-1.pdf\" data-type=\"link\" data-id=\"https:\/\/burg-halle.de\/innenausbautag\/wp-content\/uploads\/2023\/08\/23-TI-FLY-100-210_E5-1.pdf\" target=\"_blank\" rel=\"noreferrer noopener\">Programm Download (2MB)<\/a><\/p>\n\n\n\n<p><strong>09:00 Uhr Gru\u00dfworte<\/strong><br>Vorsitzender des Landesverbandes Tischler Sachsen-Anhalt, Frank B\u00f6gelsack Gesch\u00e4ftsf\u00fchrer Tischler Sachsen-Anhalt, J\u00f6rg Schwamberger<br>Einf\u00fchrung in den Themenkomplex<br>Martin A. B\u00fcdel, Burg Giebichenstein Kunsthochschule Halle<\/p>\n\n\n\n<p><strong>09:30 Impuls 1 Tradition.Region<\/strong><br>Design trifft regionales Kunsthandwerk<br>Emma Brix, Halle<br>Wolfgang Braun, Projektleiter Denkstatt, Seifen<\/p>\n\n\n\n<p><strong>10:30 Uhr Impuls 2 Partner.Region<\/strong><br>Mit regionalen Partnern in die Zukunft<br>Tischlermeister Rainer B\u00f6hme, Sangerhausen<\/p>\n\n\n\n<p><strong>13:30 Uhr Impuls 3 Chance.Region<\/strong><br>Ortsgeverbunden, Regionalit\u00e4t \u2013 der USP des Handwerks<br>Michl Go\u00df, Studio Mett, Leipzig<\/p>\n\n\n\n<p><strong>14:30 Uhr Impuls 4 Treffpunkt.Region<\/strong><br>Bildung und Weiterdenken im Handwerk<br>Tischlermeister Erik Pomplitz, lignum manufactur GmbH<br>Lorenz Pomplitz, lignum manufactur GmbH<\/p>\n\n\n\n<p><strong>16:00 Uhr Zwischenspiel<\/strong><br>F\u00fchrung durch die Mensa am Campus Design<\/p>\n\n\n\n<p><strong>17:00 Uhr Kulinarischer Ausklang auf der Konsumterrasse am Neuwerk 7<\/strong><\/p>\n<\/div>\n\n\n\n<div class=\"wp-block-group alignfull cs-content-element is-layout-flow wp-block-group-is-layout-flow\" id=\"speaker\">\n<h2 class=\"wp-block-heading alignfull\">Referent*innen<\/h2>\n\n\n<div class=\"wp-block-group alignfull lectures is-layout-flow wp-block-group-is-layout-flow\">\n      <div class=\"wp-block-group lecture-grid is-layout-flow wp-block-group-is-layout-flow\">\n      <div class=\"wp-block-group lecture-grid-description is-layout-flow wp-block-group-is-layout-flow\">\n        <div class=\"wp-block-group is-nowrap is-layout-flex wp-container-10 wp-block-group-is-layout-flex lecture-topline\">\n          <h3 class=\"wp-block-heading lecture-category\">Tradition.Region<\/h3>\n          <p class=\"lecture-speaker-names\">\n                            <span class=\"lecture-speaker-name\">Emma Brix<\/span>\n            und                <span class=\"lecture-speaker-name\">Wolfgang Braun<\/span>\n                      <\/p>\n        <\/div>\n\n        <p><strong class=\"lecture-title\">Design trifft regionales Kunsthandwerk<\/strong> \u2013 <p>Emma Brix hat sich ins Erzgebirge aufgemacht, um neue Impulse f\u00fcr ihre gestalterische Praxis zu finden. Gefunden hat sie eine Region, die sich in einer strukturellen Umbruchsituation befindet. Unter anderem entdeckte sie die Initiative Denkstatt Erzgebirge, die sich f\u00fcr die Zukunft des Kunsthandwerks einsetzt und daf\u00fcr innovative Ideen entwickelt. Unter der Fragestellung \u201eTraditionelles Kunsthandwerk neu denken organisiert die Denkstatt Workshops, Werkstattabende, Quartalsveranstaltungen, Spielzeugmacherstipendien und das Spielzeugmacherfestival, die sich an Fachleute, Designer, Studierende und Seiteneinsteiger in der Branche richten. Wolfgang Braun, deren Leiter, berichtet gemeinsam mit Emma Brix \u00fcber die jeweiligen Erfahrungen und Erkenntnisse im Erzgebirge und wie sie sich f\u00fcr die Zukunft des Kunsthandwerks aus verschiedenen Perspektiven einsetzen.<\/p>\n <\/p>\n      <\/div>\n\n      <div class=\"wp-block-group lecture-speaker-grid is-layout-flow wp-block-group-is-layout-flow\">\n\n                    <div class=\"wp-block-group speaker-grid-item is-layout-flow wp-block-group-is-layout-flow\">\n              <figure class=\"wp-block-image size-large\">\n                <img decoding=\"async\" src=\"https:\/\/burg-halle.de\/innenausbautag\/wp-content\/uploads\/2023\/08\/Emma-Brix-Bild_website_\u00a9Henrike-Kaiser-768x1024.jpeg\" alt=\"Bild des Referenten Emma Brix\">\n              <\/figure>\n\n              <div class=\"wp-block-group speaker-hover-container is-layout-flow wp-block-group-is-layout-flow\">\n                <h3 class=\"wp-block-heading\">Emma Brix<\/h3>\n\n                <p><p><span id=\"page63R_mcid123\" class=\"markedContent\"><strong><span dir=\"ltr\" role=\"presentation\">1997<\/span><\/strong> <span dir=\"ltr\" role=\"presentation\">geboren in Dresden<\/span><\/span><\/p>\n<p><span id=\"page63R_mcid124\" class=\"markedContent\"><strong><span dir=\"ltr\" role=\"presentation\">2016\u20132017<\/span><\/strong> <span dir=\"ltr\" role=\"presentation\">Praktika in den Bereichen Metallgestal<\/span><\/span><span id=\"page63R_mcid126\" class=\"markedContent\"><span dir=\"ltr\" role=\"presentation\">tung, Tischlerei, Mode- und Produktdesign<\/span><\/span><\/p>\n<p><span id=\"page63R_mcid127\" class=\"markedContent\"><strong><span dir=\"ltr\" role=\"presentation\">2017\u20132023<\/span><\/strong> <span dir=\"ltr\" role=\"presentation\">Bachelor Industriedesign an der Burg <\/span><\/span><span id=\"page63R_mcid128\" class=\"markedContent\"><span dir=\"ltr\" role=\"presentation\">Giebichenstein Kunsthoch<\/span><span dir=\"ltr\" role=\"presentation\">schule Halle<\/span><\/span><\/p>\n<p><span id=\"page63R_mcid129\" class=\"markedContent\"><strong><span dir=\"ltr\" role=\"presentation\">2021<\/span><\/strong> <span dir=\"ltr\" role=\"presentation\">Praktikum als Gestalterin bei der <\/span><\/span><span id=\"page63R_mcid130\" class=\"markedContent\"><\/span><span id=\"page63R_mcid131\" class=\"markedContent\"><span dir=\"ltr\" role=\"presentation\">Emil A. Schalling KG Erzgebirgisches <\/span><\/span><span id=\"page63R_mcid132\" class=\"markedContent\"><span dir=\"ltr\" role=\"presentation\">Kunstgewerbe, Seiffen<\/p>\n<p><\/span><\/span><\/p>\n<\/p>\n              <\/div>\n            <\/div>\n                    <div class=\"wp-block-group speaker-grid-item is-layout-flow wp-block-group-is-layout-flow\">\n              <figure class=\"wp-block-image size-large\">\n                <img decoding=\"async\" src=\"https:\/\/burg-halle.de\/innenausbautag\/wp-content\/uploads\/2023\/08\/Wolfgang_Braun-1024x683.jpeg\" alt=\"Bild des Referenten Wolfgang Braun\">\n              <\/figure>\n\n              <div class=\"wp-block-group speaker-hover-container is-layout-flow wp-block-group-is-layout-flow\">\n                <h3 class=\"wp-block-heading\">Wolfgang Braun<\/h3>\n\n                <p><p><span id=\"page63R_mcid134\" class=\"markedContent\"><strong><span dir=\"ltr\" role=\"presentation\">1960<\/span><\/strong> <span dir=\"ltr\" role=\"presentation\">geboren<\/span><\/span><\/p>\n<p><span id=\"page63R_mcid135\" class=\"markedContent\"><\/span><span id=\"page63R_mcid135\" class=\"markedContent\"><strong><span dir=\"ltr\" role=\"presentation\">1985<\/span><\/strong> <span dir=\"ltr\" role=\"presentation\">Gr\u00fcndung der Werkstatt<\/span><\/span><\/p>\n<p><span id=\"page63R_mcid136\" class=\"markedContent\"><\/span><span id=\"page63R_mcid136\" class=\"markedContent\"><strong><span dir=\"ltr\" role=\"presentation\">2014\u20132019<\/span><\/strong> <span dir=\"ltr\" role=\"presentation\">verschiedene Preise f\u00fcr die Gestal<\/span><span dir=\"ltr\" role=\"presentation\">tung <\/span><\/span><span id=\"page63R_mcid137\" class=\"markedContent\"><span dir=\"ltr\" role=\"presentation\">neuer Produkte und publikumswirk<\/span><span dir=\"ltr\" role=\"presentation\">samer <\/span><\/span><span id=\"page63R_mcid138\" class=\"markedContent\"><span dir=\"ltr\" role=\"presentation\">Aktionen wie dem \u201eGlockenwanderweg\u201c<\/span><\/span><\/p>\n<p><span id=\"page63R_mcid139\" class=\"markedContent\"><\/span><span id=\"page63R_mcid139\" class=\"markedContent\"><strong><span dir=\"ltr\" role=\"presentation\">Seit 2020<\/span><\/strong> <span dir=\"ltr\" role=\"presentation\">Projektleiter der DENKSTATT <\/span><\/span><span id=\"page63R_mcid140\" class=\"markedContent\"><\/span><span id=\"page63R_mcid141\" class=\"markedContent\"><span dir=\"ltr\" role=\"presentation\">Erzgebirge in Seiffen<\/span><\/span><\/p>\n<\/p>\n              <\/div>\n            <\/div>\n              <\/div>\n    <\/div>\n\n      <div class=\"wp-block-group lecture-grid is-layout-flow wp-block-group-is-layout-flow\">\n      <div class=\"wp-block-group lecture-grid-description is-layout-flow wp-block-group-is-layout-flow\">\n        <div class=\"wp-block-group is-nowrap is-layout-flex wp-container-10 wp-block-group-is-layout-flex lecture-topline\">\n          <h3 class=\"wp-block-heading lecture-category\">Partner.Region<\/h3>\n          <p class=\"lecture-speaker-names\">\n                            <span class=\"lecture-speaker-name\">Rainer B\u00f6hme<\/span>\n                      <\/p>\n        <\/div>\n\n        <p><strong class=\"lecture-title\">Mit regionalen Partnern in die Zukunft<\/strong> \u2013 <p><span id=\"page70R_mcid146\" class=\"markedContent\"><span dir=\"ltr\" role=\"presentation\">Die Tischlerei Rainer B\u00f6hme wurde im Jahr 1990 gegr\u00fcndet. Seit \u00fcber <\/span><\/span><span id=\"page70R_mcid147\" class=\"markedContent\"><span dir=\"ltr\" role=\"presentation\">30 Jahren entwickelt sich der Betrieb stetig weiter. Derzeit besch\u00e4ftigt <\/span><\/span><span id=\"page70R_mcid148\" class=\"markedContent\"><\/span><span id=\"page70R_mcid149\" class=\"markedContent\"><span dir=\"ltr\" role=\"presentation\">das Unternehmen 12 festangestellte sowie eine Viel<\/span><span dir=\"ltr\" role=\"presentation\">zahl freier Mit<\/span><\/span><span id=\"page70R_mcid150\" class=\"markedContent\"><span dir=\"ltr\" role=\"presentation\">arbeiter*innen f\u00fcr die Umsetzung vielf\u00e4ltiger Projekte. In Kooperation <\/span><\/span><span id=\"page70R_mcid151\" class=\"markedContent\"><span dir=\"ltr\" role=\"presentation\">mit Unternehmen aus der Region werden zahl<\/span><span dir=\"ltr\" role=\"presentation\">reiche innovative Ideen <\/span><\/span><span id=\"page70R_mcid152\" class=\"markedContent\"><\/span><span id=\"page70R_mcid153\" class=\"markedContent\"><span dir=\"ltr\" role=\"presentation\">ent<\/span><span dir=\"ltr\" role=\"presentation\">wickelt und umgesetzt. So brachten zum Beispiel verschiedene For<\/span><\/span><span id=\"page70R_mcid155\" class=\"markedContent\"><span dir=\"ltr\" role=\"presentation\">schungsprojekte neue Holzwerkstoffe hervor. <\/span><\/span><span id=\"page70R_mcid156\" class=\"markedContent\"><span dir=\"ltr\" role=\"presentation\">Rainer B\u00f6hme stellt sein Unternehmen und die Zusammen<\/span><span dir=\"ltr\" role=\"presentation\">arbeit mit <\/span><\/span><span id=\"page70R_mcid157\" class=\"markedContent\"><span dir=\"ltr\" role=\"presentation\">seinen regionalen Partnern vor<\/span><\/span><\/p>\n <\/p>\n      <\/div>\n\n      <div class=\"wp-block-group lecture-speaker-grid is-layout-flow wp-block-group-is-layout-flow\">\n\n                    <div class=\"wp-block-group speaker-grid-item is-layout-flow wp-block-group-is-layout-flow\">\n              <figure class=\"wp-block-image size-large\">\n                <img decoding=\"async\" src=\"https:\/\/burg-halle.de\/innenausbautag\/wp-content\/uploads\/2023\/08\/rainer-boehme-print-30052023-08-683x1024.jpeg\" alt=\"Bild des Referenten Rainer B\u00f6hme\">\n              <\/figure>\n\n              <div class=\"wp-block-group speaker-hover-container is-layout-flow wp-block-group-is-layout-flow\">\n                <h3 class=\"wp-block-heading\">Rainer B\u00f6hme<\/h3>\n\n                <p><p><span id=\"page70R_mcid159\" class=\"markedContent\"><strong><span dir=\"ltr\" role=\"presentation\">1963<\/span><\/strong> <span dir=\"ltr\" role=\"presentation\">geboren in dem kleinen \u00d6rtchen Horla <\/span><\/span><span id=\"page70R_mcid160\" class=\"markedContent\"><span dir=\"ltr\" role=\"presentation\">im S\u00fcdharz<\/span><\/span><\/p>\n<p><span id=\"page70R_mcid161\" class=\"markedContent\"><strong><span dir=\"ltr\" role=\"presentation\">1973\u20131976<\/span><\/strong> <span dir=\"ltr\" role=\"presentation\">Ausbildung zum Tischler in einem Volks<\/span><\/span><span id=\"page70R_mcid163\" class=\"markedContent\"><span dir=\"ltr\" role=\"presentation\">eigenen Betrieb<\/span><\/span><\/p>\n<p><span id=\"page70R_mcid164\" class=\"markedContent\"><strong><span dir=\"ltr\" role=\"presentation\">1986\u20131988<\/span><\/strong> <span dir=\"ltr\" role=\"presentation\">Meisterschule, Tischlermeister<\/span><\/span><\/p>\n<p><span id=\"page70R_mcid165\" class=\"markedContent\"><\/span><span id=\"page70R_mcid165\" class=\"markedContent\"><strong><span dir=\"ltr\" role=\"presentation\">1990\u20131992<\/span> <\/strong><span dir=\"ltr\" role=\"presentation\">Ausbildung zum Gepr\u00fcften Restau<\/span><span dir=\"ltr\" role=\"presentation\">rator <\/span><\/span><span id=\"page70R_mcid166\" class=\"markedContent\"><span dir=\"ltr\" role=\"presentation\">im Handwerk<\/span><\/span><\/p>\n<p><span id=\"page70R_mcid167\" class=\"markedContent\"><\/span><span id=\"page70R_mcid167\" class=\"markedContent\"><strong><span dir=\"ltr\" role=\"presentation\">2006\u20132007<\/span><\/strong> <span dir=\"ltr\" role=\"presentation\">Weiterbildung zum Wohnberater<\/span><\/span><\/p>\n<p><span id=\"page70R_mcid168\" class=\"markedContent\"><\/span><span id=\"page70R_mcid168\" class=\"markedContent\"><strong><span dir=\"ltr\" role=\"presentation\">2012<\/span><\/strong> <span dir=\"ltr\" role=\"presentation\">Entwicklung einer Gebrauchsmuster <\/span><\/span><span id=\"page70R_mcid169\" class=\"markedContent\"><span dir=\"ltr\" role=\"presentation\">und Patentanmeldung in der Treppen<\/span><\/span><span id=\"page70R_mcid171\" class=\"markedContent\"><span dir=\"ltr\" role=\"presentation\">technik<\/span><\/span><\/p>\n<p><span id=\"page70R_mcid172\" class=\"markedContent\"><\/span><span id=\"page70R_mcid172\" class=\"markedContent\"><strong><span dir=\"ltr\" role=\"presentation\">2016<\/span><\/strong> <span dir=\"ltr\" role=\"presentation\">Innovationspreis Handwerk 2016 \u2013<\/span><\/span><span id=\"page70R_mcid173\" class=\"markedContent\"><\/span><span id=\"page70R_mcid174\" class=\"markedContent\"><span dir=\"ltr\" role=\"presentation\">Herzholz <\/span><\/span><\/p>\n<p><span id=\"page70R_mcid175\" class=\"markedContent\"><strong><span dir=\"ltr\" role=\"presentation\"><br \/>\nAktuell<\/span><\/strong> <span dir=\"ltr\" role=\"presentation\">Investition in die Flie\u00dffertigung diverser <\/span><\/span><span id=\"page70R_mcid176\" class=\"markedContent\"><span dir=\"ltr\" role=\"presentation\">Produkte aus Herzholz<\/span><\/span><\/p>\n<\/p>\n              <\/div>\n            <\/div>\n              <\/div>\n    <\/div>\n\n      <div class=\"wp-block-group lecture-grid is-layout-flow wp-block-group-is-layout-flow\">\n      <div class=\"wp-block-group lecture-grid-description is-layout-flow wp-block-group-is-layout-flow\">\n        <div class=\"wp-block-group is-nowrap is-layout-flex wp-container-10 wp-block-group-is-layout-flex lecture-topline\">\n          <h3 class=\"wp-block-heading lecture-category\">Chance.Region<\/h3>\n          <p class=\"lecture-speaker-names\">\n                            <span class=\"lecture-speaker-name\">Michl Go\u00df<\/span>\n                      <\/p>\n        <\/div>\n\n        <p><strong class=\"lecture-title\">Ortsgeverbunden, Regionalit\u00e4t \u2013 der USP des Handwerks<\/strong> \u2013 <p><span id=\"page74R_mcid181\" class=\"markedContent\"><span dir=\"ltr\" role=\"presentation\">Michl Go\u00df ist Tischler und Gestalter. In seiner gestalterischen Praxis <\/span><\/span><span id=\"page74R_mcid182\" class=\"markedContent\"><span dir=\"ltr\" role=\"presentation\">verbindet er Innenarchitektur, Handwerk und Technologie. Seine <\/span><\/span><span id=\"page74R_mcid183\" class=\"markedContent\"><\/span><span id=\"page74R_mcid184\" class=\"markedContent\"><span dir=\"ltr\" role=\"presentation\">neue M\u00f6belkollektion \u201aHashtag Handwerk\u2018 setzt sich mit dem Spezifi<\/span><\/span><span id=\"page74R_mcid186\" class=\"markedContent\"><span dir=\"ltr\" role=\"presentation\">kum des Handwerks und dessen besonderen Kompetenzen ausein<\/span><\/span><span id=\"page74R_mcid187\" class=\"markedContent\"><span dir=\"ltr\" role=\"presentation\">ander, welche sich unter anderem aus der regionalen Verortung ergeben. <\/span><\/span><span id=\"page74R_mcid188\" class=\"markedContent\"><span dir=\"ltr\" role=\"presentation\">Michl Go\u00df spricht \u00fcber Chancen, die mit einer regionalen Ge- bzw. <\/span><\/span><span id=\"page74R_mcid189\" class=\"markedContent\"><\/span><span id=\"page74R_mcid190\" class=\"markedContent\"><span dir=\"ltr\" role=\"presentation\">Verbundenheit einhergehen, und zeigt passende Arbeiten aus den Berei<\/span><\/span><span id=\"page74R_mcid192\" class=\"markedContent\"><span dir=\"ltr\" role=\"presentation\">chen Handwerk und Design.<\/span><\/span><\/p>\n <\/p>\n      <\/div>\n\n      <div class=\"wp-block-group lecture-speaker-grid is-layout-flow wp-block-group-is-layout-flow\">\n\n                    <div class=\"wp-block-group speaker-grid-item is-layout-flow wp-block-group-is-layout-flow\">\n              <figure class=\"wp-block-image size-large\">\n                <img decoding=\"async\" src=\"https:\/\/burg-halle.de\/innenausbautag\/wp-content\/uploads\/2023\/08\/Portrait_MichlGoss-1024x751.jpeg\" alt=\"Bild des Referenten Michl Go\u00df\">\n              <\/figure>\n\n              <div class=\"wp-block-group speaker-hover-container is-layout-flow wp-block-group-is-layout-flow\">\n                <h3 class=\"wp-block-heading\">Michl Go\u00df<\/h3>\n\n                <p><p><span id=\"page74R_mcid195\" class=\"markedContent\"><strong><span dir=\"ltr\" role=\"presentation\">1989<\/span><\/strong> <span dir=\"ltr\" role=\"presentation\">geboren in Dingolfing<\/span><\/span><\/p>\n<p><span id=\"page74R_mcid196\" class=\"markedContent\"><strong><span dir=\"ltr\" role=\"presentation\">2010\u20132013<\/span><\/strong> <span dir=\"ltr\" role=\"presentation\">Ausbildung zum M\u00f6beltischler<\/span><\/span><\/p>\n<p><span id=\"page74R_mcid197\" class=\"markedContent\"><strong><span dir=\"ltr\" role=\"presentation\">2013\u20132015<\/span><\/strong> <span dir=\"ltr\" role=\"presentation\">T\u00e4tigkeit als M\u00f6beltischler<\/span><\/span><\/p>\n<p><span id=\"page74R_mcid198\" class=\"markedContent\"><strong><span dir=\"ltr\" role=\"presentation\">2015\u20132020<\/span><\/strong> <span dir=\"ltr\" role=\"presentation\">Bachelorstudium des Industriedesigns <\/span><\/span><span id=\"page74R_mcid199\" class=\"markedContent\"><\/span><span id=\"page74R_mcid200\" class=\"markedContent\"><span dir=\"ltr\" role=\"presentation\">an der Burg Giebichenstein Kunst<\/span><\/span><span id=\"page74R_mcid201\" class=\"markedContent\"><span dir=\"ltr\" role=\"presentation\">hochschule Halle 2019\u20132023 Stipendiat <\/span><\/span><span id=\"page74R_mcid202\" class=\"markedContent\"><\/span><span id=\"page74R_mcid203\" class=\"markedContent\"><span dir=\"ltr\" role=\"presentation\">der Studienstiftung des <\/span><\/span><span id=\"page74R_mcid204\" class=\"markedContent\"><\/span><span id=\"page74R_mcid205\" class=\"markedContent\"><span dir=\"ltr\" role=\"presentation\">dt. Volkes<\/span><\/span><\/p>\n<p><span id=\"page74R_mcid206\" class=\"markedContent\"><strong><span dir=\"ltr\" role=\"presentation\">2020\u20132023<\/span><\/strong> <span dir=\"ltr\" role=\"presentation\">Selbstst\u00e4ndige T\u00e4tigkeit als freischaffen<\/span><\/span><span id=\"page74R_mcid207\" class=\"markedContent\"><span dir=\"ltr\" role=\"presentation\">der Designer<\/span><\/span><\/p>\n<p><span id=\"page74R_mcid208\" class=\"markedContent\"><strong><span dir=\"ltr\" role=\"presentation\">2020\u20132023<\/span><\/strong> <span dir=\"ltr\" role=\"presentation\">Masterstudium des Furniture and Interior <\/span><\/span><span id=\"page74R_mcid209\" class=\"markedContent\"><span dir=\"ltr\" role=\"presentation\">Designs in der Fachrichtung Innen<\/span><\/span><span id=\"page74R_mcid210\" class=\"markedContent\"><span dir=\"ltr\" role=\"presentation\">architektur an der Burg Gie<\/span><span dir=\"ltr\" role=\"presentation\">bichenstein <\/span><\/span><span id=\"page74R_mcid211\" class=\"markedContent\"><span dir=\"ltr\" role=\"presentation\">Kunsthochschule Halle<\/span><\/span><\/p>\n<p><span id=\"page74R_mcid212\" class=\"markedContent\"><strong><span dir=\"ltr\" role=\"presentation\">2020<\/span><\/strong> <span dir=\"ltr\" role=\"presentation\">Gr\u00fcndung des Studio Mett<\/span><\/span><\/p>\n<\/p>\n              <\/div>\n            <\/div>\n              <\/div>\n    <\/div>\n\n      <div class=\"wp-block-group lecture-grid is-layout-flow wp-block-group-is-layout-flow\">\n      <div class=\"wp-block-group lecture-grid-description is-layout-flow wp-block-group-is-layout-flow\">\n        <div class=\"wp-block-group is-nowrap is-layout-flex wp-container-10 wp-block-group-is-layout-flex lecture-topline\">\n          <h3 class=\"wp-block-heading lecture-category\">Treffpunkt.Region<\/h3>\n          <p class=\"lecture-speaker-names\">\n                            <span class=\"lecture-speaker-name\">Erik Pomplitz<\/span>\n            und                <span class=\"lecture-speaker-name\">Lorenz Pomplitz<\/span>\n                      <\/p>\n        <\/div>\n\n        <p><strong class=\"lecture-title\">Bildung und Weiterdenken im Handwerk<\/strong> \u2013 <p><span id=\"page79R_mcid216\" class=\"markedContent\"><span dir=\"ltr\" role=\"presentation\">Die lignum manufactur GmbH befindet sich im EG der Kulturwaren<\/span><\/span><span id=\"page79R_mcid217\" class=\"markedContent\"><span dir=\"ltr\" role=\"presentation\">fabrik in Leipzig. Hier haben sich viele selbst\u00e4ndige Tischlermeister und <\/span><\/span><span id=\"page79R_mcid218\" class=\"markedContent\"><span dir=\"ltr\" role=\"presentation\">Designer eingemietet, um individuell oder gemeinsam ihre Projekte <\/span><\/span><span id=\"page79R_mcid219\" class=\"markedContent\"><span dir=\"ltr\" role=\"presentation\">umzusetzen. Der dort befindliche manufactur e.<\/span><span dir=\"ltr\" role=\"presentation\"> V. bietet Kurse f\u00fcr Grund<\/span><\/span><span id=\"page79R_mcid220\" class=\"markedContent\"><\/span><span id=\"page79R_mcid221\" class=\"markedContent\"><span dir=\"ltr\" role=\"presentation\">schulen im Rahmen des f\u00e4cher\u00fcbergreifenden Unterrichts f\u00fcr Kinder <\/span><\/span><span id=\"page79R_mcid222\" class=\"markedContent\"><span dir=\"ltr\" role=\"presentation\">an. Erwachsene k\u00f6nnen einen Bootsbaukurs, den TSM-Kurs und weitere <\/span><\/span><span id=\"page79R_mcid223\" class=\"markedContent\"><span dir=\"ltr\" role=\"presentation\">Kurse rund ums Holz erleben. <\/span><\/span><span id=\"page79R_mcid224\" class=\"markedContent\"><span dir=\"ltr\" role=\"presentation\">Erik Pomplitz und sein Sohn Lorenz Pomplitz berichten \u00fcber Ihre Erfah<\/span><\/span><span id=\"page79R_mcid226\" class=\"markedContent\"><span dir=\"ltr\" role=\"presentation\">rungen, wie Handwerk mitten in der Stadt sichtbar und erlebbar bleibt.<\/span><\/span><\/p>\n <\/p>\n      <\/div>\n\n      <div class=\"wp-block-group lecture-speaker-grid is-layout-flow wp-block-group-is-layout-flow\">\n\n                    <div class=\"wp-block-group speaker-grid-item is-layout-flow wp-block-group-is-layout-flow\">\n              <figure class=\"wp-block-image size-large\">\n                <img decoding=\"async\" src=\"https:\/\/burg-halle.de\/innenausbautag\/wp-content\/uploads\/2023\/08\/Pomplitz-1-e1692021641687-695x1024.jpeg\" alt=\"Bild des Referenten Erik Pomplitz\">\n              <\/figure>\n\n              <div class=\"wp-block-group speaker-hover-container is-layout-flow wp-block-group-is-layout-flow\">\n                <h3 class=\"wp-block-heading\">Erik Pomplitz<\/h3>\n\n                <p><p><span id=\"page79R_mcid230\" class=\"markedContent\"><strong><span dir=\"ltr\" role=\"presentation\">1968<\/span><\/strong> <span dir=\"ltr\" role=\"presentation\">geboren in Leipzig<\/span><\/span><\/p>\n<p><span id=\"page79R_mcid231\" class=\"markedContent\"><strong><span dir=\"ltr\" role=\"presentation\">1985\u20131987<\/span><\/strong> <span dir=\"ltr\" role=\"presentation\">Ausbildung zum Tischler in einem Volks<\/span><\/span><span id=\"page79R_mcid232\" class=\"markedContent\"><span dir=\"ltr\" role=\"presentation\">eigenen Betrieb<\/span><\/span><\/p>\n<p><span id=\"page79R_mcid233\" class=\"markedContent\"><strong><span dir=\"ltr\" role=\"presentation\">Seit 1993<\/span><\/strong> <span dir=\"ltr\" role=\"presentation\">Aufbau und Betrieb einer eigenen Tischlerei<\/span><\/span><\/p>\n<p><span id=\"page79R_mcid234\" class=\"markedContent\"><strong><span dir=\"ltr\" role=\"presentation\">1992\u20131997<\/span><\/strong> <span dir=\"ltr\" role=\"presentation\">Meisterschule Tischlermeister<\/span><\/span><\/p>\n<p><span id=\"page79R_mcid235\" class=\"markedContent\"><strong><span dir=\"ltr\" role=\"presentation\">2001<\/span><\/strong> <span dir=\"ltr\" role=\"presentation\">Ausbildung zum Gestalter im Handwerk<\/span><\/span><\/p>\n<p><span id=\"page79R_mcid236\" class=\"markedContent\"><strong><span dir=\"ltr\" role=\"presentation\">seit 1999<\/span><\/strong> <span dir=\"ltr\" role=\"presentation\">Transformation der Tischlerei-Werkstatt in <\/span><\/span><span id=\"page79R_mcid237\" class=\"markedContent\"><span dir=\"ltr\" role=\"presentation\">einen Coworking Place im Holzhandwerk<\/span><\/span><\/p>\n<p><span id=\"page79R_mcid238\" class=\"markedContent\"><strong><span dir=\"ltr\" role=\"presentation\">seit 2015<\/span><\/strong> <span dir=\"ltr\" role=\"presentation\">Vereinsvorsitzender des manufactur e.<\/span> <span dir=\"ltr\" role=\"presentation\">V.<\/span><\/span><\/p>\n<\/p>\n              <\/div>\n            <\/div>\n                    <div class=\"wp-block-group speaker-grid-item is-layout-flow wp-block-group-is-layout-flow\">\n              <figure class=\"wp-block-image size-large\">\n                <img decoding=\"async\" src=\"https:\/\/burg-halle.de\/innenausbautag\/wp-content\/uploads\/2023\/08\/Pomplitz-e1692021715860-679x1024.jpeg\" alt=\"Bild des Referenten Lorenz Pomplitz\">\n              <\/figure>\n\n              <div class=\"wp-block-group speaker-hover-container is-layout-flow wp-block-group-is-layout-flow\">\n                <h3 class=\"wp-block-heading\">Lorenz Pomplitz<\/h3>\n\n                <p><p><span id=\"page79R_mcid240\" class=\"markedContent\"><strong><span dir=\"ltr\" role=\"presentation\">2000<\/span><\/strong> <span dir=\"ltr\" role=\"presentation\">geboren in Leipzig<\/span><\/span><\/p>\n<p><span id=\"page79R_mcid241\" class=\"markedContent\"><strong><span dir=\"ltr\" role=\"presentation\">2011\u20132018<\/span><\/strong> <span dir=\"ltr\" role=\"presentation\">Abitur an einem k\u00fcnstlerisch-musisch <\/span><\/span><span id=\"page79R_mcid242\" class=\"markedContent\"><span dir=\"ltr\" role=\"presentation\">orientiertem Gymnasium<\/span><\/span><\/p>\n<p><span id=\"page79R_mcid243\" class=\"markedContent\"><strong><span dir=\"ltr\" role=\"presentation\">2018\u20132021<\/span><\/strong> <span dir=\"ltr\" role=\"presentation\">Ausbildung zum Tischler<\/span><\/span><\/p>\n<p><span id=\"page79R_mcid244\" class=\"markedContent\"><strong><span dir=\"ltr\" role=\"presentation\">seit 2018<\/span><\/strong> <span dir=\"ltr\" role=\"presentation\">stellv. Vorstandsvorsitzender des <\/span><\/span><span id=\"page79R_mcid245\" class=\"markedContent\"><\/span><span id=\"page79R_mcid246\" class=\"markedContent\"><span dir=\"ltr\" role=\"presentation\">manufactur e.V.<\/span><\/span><\/p>\n<p><span id=\"page79R_mcid247\" class=\"markedContent\"><strong><span dir=\"ltr\" role=\"presentation\">seit 2020<\/span><\/strong> <span dir=\"ltr\" role=\"presentation\">Entwicklung einer eigenen Modemarke<\/span><\/span><\/p>\n<p><span id=\"page79R_mcid248\" class=\"markedContent\"><strong><span dir=\"ltr\" role=\"presentation\">seit 2021<\/span><\/strong> <span dir=\"ltr\" role=\"presentation\">T\u00e4tigkeit als Tischler und Projektleiter <\/span><\/span><span id=\"page79R_mcid249\" class=\"markedContent\"><\/span><span id=\"page79R_mcid250\" class=\"markedContent\"><span dir=\"ltr\" role=\"presentation\">in der lignum manufactur GmbH<\/span><\/span><\/p>\n<p><span id=\"page79R_mcid251\" class=\"markedContent\"><strong><span dir=\"ltr\" role=\"presentation\">seit 2022<\/span><\/strong> <span dir=\"ltr\" role=\"presentation\">Realisierung der Figurenreihe \u201eDie H\u00e4nde<\/span><\/span><span id=\"page79R_mcid253\" class=\"markedContent\"><span dir=\"ltr\" role=\"presentation\">werker\u201c<\/span><\/span><\/p>\n<\/p>\n              <\/div>\n            <\/div>\n              <\/div>\n    <\/div>\n\n  \n<\/div><\/div>\n\n\n\n<div class=\"wp-block-group alignfull cs-content-element is-layout-flow wp-block-group-is-layout-flow\" id=\"location\">\n<h2 class=\"wp-block-heading alignfull\">Veranstaltungsort<\/h2>\n\n\n\n<p>Designhaus Halle<br>Ernst-K\u00f6nig-Str. 1\u20132<br>06108 Halle (Saale)<\/p>\n\n\n\n<figure class=\"wp-block-image size-full cs-map-image\"><img decoding=\"async\" src=\"https:\/\/burg-halle.de\/innenausbautag\/wp-content\/uploads\/2023\/08\/Location.svg\" alt=\"\" class=\"wp-image-45\"\/><\/figure>\n<\/div>\n\n\n\n<div class=\"wp-block-group alignfull cs-content-element is-layout-flow wp-block-group-is-layout-flow\" id=\"kontakt\">\n<h2 class=\"wp-block-heading alignfull\">Kontakt<\/h2>\n\n\n\n<p>Tischler Sachsen-Anhalt e. V.<br>J\u00f6rg Schwamberger<br><br>Telefon: 03491 41 19 22<br>Mail: hkh.s-a@tischler.de<\/p>\n<\/div>\n\n\n\n<div class=\"wp-block-group alignfull cs-content-element is-layout-flow wp-block-group-is-layout-flow\" id=\"partner\">\n<h2 class=\"wp-block-heading alignfull\">Partnerschaften<\/h2>\n\n\n\n<p>Ein besonderes Augenmerk der Veranstaltung liegt darauf, die gewonne-<br>nen Erfahrungen untereinander, aber auch mit den entsprechenden<br>Industrie- und Handelspartnern zu diskutieren.<\/p>\n\n\n\n<p>Dazu \u00fcbernehmen Unternehmen f\u00fcr Handel und Industrie Tischpaten-<br>schaften und stellen in Gespr\u00e4chsrunden ihre eigenen Aktivit\u00e4ten und<br>Perspektiven im Kontext des Innenausbautages zum Thema REGION vor.<\/p>\n\n\n\n<div class=\"wp-block-group alignwide partner-logo-container has-global-padding is-layout-constrained wp-block-group-is-layout-constrained\">\n        <div class=\"wp-block-group partner-container-item is-layout-flow wp-block-group-is-layout-flow is-highlighted\">\n        <figure class=\"wp-block-image size-large partner-logo\">\n            <a href=\"https:\/\/www.tischler-sachsen.de\" target=\"_blank\">\n                <img decoding=\"async\" loading=\"lazy\" width=\"2560\" height=\"2269\" src=\"https:\/\/burg-halle.de\/innenausbautag\/wp-content\/uploads\/2023\/08\/image001-scaled.jpeg\" alt=\"Logo eines Partners des Mitteldeutschen Innenausbautags\" class=\"wp-image-49\" srcset=\"https:\/\/burg-halle.de\/innenausbautag\/wp-content\/uploads\/2023\/08\/image001-scaled.jpeg 2560w, https:\/\/burg-halle.de\/innenausbautag\/wp-content\/uploads\/2023\/08\/image001-300x266.jpeg 300w, https:\/\/burg-halle.de\/innenausbautag\/wp-content\/uploads\/2023\/08\/image001-1024x908.jpeg 1024w, https:\/\/burg-halle.de\/innenausbautag\/wp-content\/uploads\/2023\/08\/image001-768x681.jpeg 768w, https:\/\/burg-halle.de\/innenausbautag\/wp-content\/uploads\/2023\/08\/image001-1536x1362.jpeg 1536w, https:\/\/burg-halle.de\/innenausbautag\/wp-content\/uploads\/2023\/08\/image001-2048x1816.jpeg 2048w\" sizes=\"(max-width: 2560px) 100vw, 2560px\" \/> \n            <\/a>\n        <\/figure>\n    <\/div>\n\n    <div class=\"wp-block-group partner-container-item is-layout-flow wp-block-group-is-layout-flow is-highlighted\">\n        <figure class=\"wp-block-image size-large partner-logo\">\n            <a href=\"https:\/\/www.burg-halle.de\/\" target=\"_blank\">\n                <img decoding=\"async\" src=\"https:\/\/burg-halle.de\/innenausbautag\/wp-content\/uploads\/2023\/08\/BurgLogo.png\" alt=\"Logo eines Partners des Mitteldeutschen Innenausbautags\" class=\"wp-image-49\"> \n            <\/a>\n        <\/figure>\n    <\/div>\n\n    <div class=\"wp-block-group partner-container-item is-layout-flow wp-block-group-is-layout-flow is-highlighted\">\n        <figure class=\"wp-block-image size-large partner-logo\">\n            <a href=\"https:\/\/www.dds-online.de\/\" target=\"_blank\">\n                <img decoding=\"async\" src=\"https:\/\/burg-halle.de\/innenausbautag\/wp-content\/uploads\/2023\/08\/dds_logo.png\" alt=\"Logo eines Partners des Mitteldeutschen Innenausbautags\" class=\"wp-image-49\"> \n            <\/a>\n        <\/figure>\n    <\/div>\n\n\n<\/div>\n\n\n<div class=\"wp-block-group alignwide partner-logo-container has-global-padding is-layout-constrained wp-block-group-is-layout-constrained\">\n        <div class=\"wp-block-group partner-container-item is-layout-flow wp-block-group-is-layout-flow \">\n        <figure class=\"wp-block-image size-large partner-logo\">\n            <a href=\"https:\/\/www.jaf-group.com\/\" target=\"_blank\">\n                <img decoding=\"async\" src=\"https:\/\/burg-halle.de\/innenausbautag\/wp-content\/uploads\/2023\/08\/JAF_Imholz_-1.png\" alt=\"Logo eines Partners des Mitteldeutschen Innenausbautags\" class=\"wp-image-49\"> \n            <\/a>\n        <\/figure>\n    <\/div>\n\n    <div class=\"wp-block-group partner-container-item is-layout-flow wp-block-group-is-layout-flow \">\n        <figure class=\"wp-block-image size-large partner-logo\">\n            <a href=\"https:\/\/www.wuerth.de\/\" target=\"_blank\">\n                <img decoding=\"async\" src=\"https:\/\/burg-halle.de\/innenausbautag\/wp-content\/uploads\/2023\/08\/Logo-Mitte-MP-4c-1.jpeg\" alt=\"Logo eines Partners des Mitteldeutschen Innenausbautags\" class=\"wp-image-49\"> \n            <\/a>\n        <\/figure>\n    <\/div>\n\n    <div class=\"wp-block-group partner-container-item is-layout-flow wp-block-group-is-layout-flow \">\n        <figure class=\"wp-block-image size-large partner-logo\">\n            <a href=\"https:\/\/www.behrens-gruppe.de\" target=\"_blank\">\n                <img decoding=\"async\" src=\"https:\/\/burg-halle.de\/innenausbautag\/wp-content\/uploads\/2023\/08\/BG-Logo_4C_300dpi.jpeg\" alt=\"Logo eines Partners des Mitteldeutschen Innenausbautags\" class=\"wp-image-49\"> \n            <\/a>\n        <\/figure>\n    <\/div>\n\n    <div class=\"wp-block-group partner-container-item is-layout-flow wp-block-group-is-layout-flow \">\n        <figure class=\"wp-block-image size-large partner-logo\">\n            <a href=\"https:\/\/www.zeg-holz.de\" target=\"_blank\">\n                <img decoding=\"async\" src=\"https:\/\/burg-halle.de\/innenausbautag\/wp-content\/uploads\/2023\/08\/ZEG_Logo_A4_2015_rgb.jpeg\" alt=\"Logo eines Partners des Mitteldeutschen Innenausbautags\" class=\"wp-image-49\"> \n            <\/a>\n        <\/figure>\n    <\/div>\n\n    <div class=\"wp-block-group partner-container-item is-layout-flow wp-block-group-is-layout-flow \">\n        <figure class=\"wp-block-image size-large partner-logo\">\n            <a href=\"https:\/\/www.remmers.com\" target=\"_blank\">\n                <img decoding=\"async\" src=\"https:\/\/burg-halle.de\/innenausbautag\/wp-content\/uploads\/2023\/08\/230120_REM_Logo_RZ_RGB-1458x464px-1.jpeg\" alt=\"Logo eines Partners des Mitteldeutschen Innenausbautags\" class=\"wp-image-49\"> \n            <\/a>\n        <\/figure>\n    <\/div>\n\n    <div class=\"wp-block-group partner-container-item is-layout-flow wp-block-group-is-layout-flow \">\n        <figure class=\"wp-block-image size-large partner-logo\">\n            <a href=\"https:\/\/www.signal-iduna.de\/\" target=\"_blank\">\n                <img decoding=\"async\" src=\"https:\/\/burg-halle.de\/innenausbautag\/wp-content\/uploads\/2023\/08\/signal-iduna581x100-1.jpeg\" alt=\"Logo eines Partners des Mitteldeutschen Innenausbautags\" class=\"wp-image-49\"> \n            <\/a>\n        <\/figure>\n    <\/div>\n\n    <div class=\"wp-block-group partner-container-item is-layout-flow wp-block-group-is-layout-flow \">\n        <figure class=\"wp-block-image size-large partner-logo\">\n            <a href=\"https:\/\/www.nuessing.de\/\" target=\"_blank\">\n                <img decoding=\"async\" src=\"https:\/\/burg-halle.de\/innenausbautag\/wp-content\/uploads\/2023\/08\/Nuessing_Logo_mehr_als_Beschlaege.jpeg\" alt=\"Logo eines Partners des Mitteldeutschen Innenausbautags\" class=\"wp-image-49\"> \n            <\/a>\n        <\/figure>\n    <\/div>\n\n    <div class=\"wp-block-group partner-container-item is-layout-flow wp-block-group-is-layout-flow \">\n        <figure class=\"wp-block-image size-large partner-logo\">\n            <a href=\"https:\/\/www.muenchener-verein.de\" target=\"_blank\">\n                <img decoding=\"async\" src=\"https:\/\/burg-halle.de\/innenausbautag\/wp-content\/uploads\/2023\/08\/MV-Logo.jpeg\" alt=\"Logo eines Partners des Mitteldeutschen Innenausbautags\" class=\"wp-image-49\"> \n            <\/a>\n        <\/figure>\n    <\/div>\n\n    <div class=\"wp-block-group partner-container-item is-layout-flow wp-block-group-is-layout-flow \">\n        <figure class=\"wp-block-image size-large partner-logo\">\n            <a href=\"https:\/\/www.haefele.de\/\" target=\"_blank\">\n                <img decoding=\"async\" src=\"https:\/\/burg-halle.de\/innenausbautag\/wp-content\/uploads\/2023\/08\/haefele_logo-1.jpg\" alt=\"Logo eines Partners des Mitteldeutschen Innenausbautags\" class=\"wp-image-49\"> \n            <\/a>\n        <\/figure>\n    <\/div>\n\n    <div class=\"wp-block-group partner-container-item is-layout-flow wp-block-group-is-layout-flow \">\n        <figure class=\"wp-block-image size-large partner-logo\">\n            <a href=\"http:\/\/www.hkh-maschinen.de\/\" target=\"_blank\">\n                <img decoding=\"async\" src=\"https:\/\/burg-halle.de\/innenausbautag\/wp-content\/uploads\/2023\/08\/HKH_logo.jpg\" alt=\"Logo eines Partners des Mitteldeutschen Innenausbautags\" class=\"wp-image-49\"> \n            <\/a>\n        <\/figure>\n    <\/div>\n\n\n<\/div><\/div>\n\n\n\n<h2 class=\"wp-block-heading\">Eindr\u00fccke (Fotograf: Martin Patze)<\/h2>\n\n\n\n<div id='gallery-1' class='gallery galleryid-7 gallery-columns-3 gallery-size-thumbnail'><figure class='gallery-item'>\n\t\t\t<div class='gallery-icon landscape'>\n\t\t\t\t<a href='https:\/\/burg-halle.de\/innenausbautag\/innenausbautag-2023\/innenausbau-tag-2023_martin-patze-38\/'><img width=\"150\" height=\"150\" src=\"https:\/\/burg-halle.de\/innenausbautag\/wp-content\/uploads\/2023\/09\/Innenausbau-Tag-2023_\u00a9Martin-Patze-38-150x150.jpg\" class=\"attachment-thumbnail size-thumbnail\" alt=\"\" decoding=\"async\" loading=\"lazy\" \/><\/a>\n\t\t\t<\/div><\/figure><figure class='gallery-item'>\n\t\t\t<div class='gallery-icon landscape'>\n\t\t\t\t<a href='https:\/\/burg-halle.de\/innenausbautag\/innenausbautag-2023\/innenausbau-tag-2023_martin-patze-34\/'><img width=\"150\" height=\"150\" src=\"https:\/\/burg-halle.de\/innenausbautag\/wp-content\/uploads\/2023\/09\/Innenausbau-Tag-2023_\u00a9Martin-Patze-34-150x150.jpg\" class=\"attachment-thumbnail size-thumbnail\" alt=\"\" decoding=\"async\" loading=\"lazy\" \/><\/a>\n\t\t\t<\/div><\/figure><figure class='gallery-item'>\n\t\t\t<div class='gallery-icon landscape'>\n\t\t\t\t<a href='https:\/\/burg-halle.de\/innenausbautag\/innenausbautag-2023\/innenausbau-tag-2023_martin-patze-35\/'><img width=\"150\" height=\"150\" src=\"https:\/\/burg-halle.de\/innenausbautag\/wp-content\/uploads\/2023\/09\/Innenausbau-Tag-2023_\u00a9Martin-Patze-35-150x150.jpg\" class=\"attachment-thumbnail size-thumbnail\" alt=\"\" decoding=\"async\" loading=\"lazy\" \/><\/a>\n\t\t\t<\/div><\/figure><figure class='gallery-item'>\n\t\t\t<div class='gallery-icon landscape'>\n\t\t\t\t<a href='https:\/\/burg-halle.de\/innenausbautag\/innenausbautag-2023\/innenausbau-tag-2023_martin-patze-37\/'><img width=\"150\" height=\"150\" src=\"https:\/\/burg-halle.de\/innenausbautag\/wp-content\/uploads\/2023\/09\/Innenausbau-Tag-2023_\u00a9Martin-Patze-37-150x150.jpg\" class=\"attachment-thumbnail size-thumbnail\" alt=\"\" decoding=\"async\" loading=\"lazy\" \/><\/a>\n\t\t\t<\/div><\/figure><figure class='gallery-item'>\n\t\t\t<div class='gallery-icon landscape'>\n\t\t\t\t<a href='https:\/\/burg-halle.de\/innenausbautag\/innenausbautag-2023\/innenausbau-tag-2023_martin-patze-36\/'><img width=\"150\" height=\"150\" src=\"https:\/\/burg-halle.de\/innenausbautag\/wp-content\/uploads\/2023\/09\/Innenausbau-Tag-2023_\u00a9Martin-Patze-36-150x150.jpg\" class=\"attachment-thumbnail size-thumbnail\" alt=\"\" decoding=\"async\" loading=\"lazy\" \/><\/a>\n\t\t\t<\/div><\/figure><figure class='gallery-item'>\n\t\t\t<div class='gallery-icon landscape'>\n\t\t\t\t<a href='https:\/\/burg-halle.de\/innenausbautag\/innenausbautag-2023\/innenausbau-tag-2023_martin-patze-32\/'><img width=\"150\" height=\"150\" src=\"https:\/\/burg-halle.de\/innenausbautag\/wp-content\/uploads\/2023\/09\/Innenausbau-Tag-2023_\u00a9Martin-Patze-32-150x150.jpg\" class=\"attachment-thumbnail size-thumbnail\" alt=\"\" decoding=\"async\" loading=\"lazy\" \/><\/a>\n\t\t\t<\/div><\/figure><figure class='gallery-item'>\n\t\t\t<div class='gallery-icon landscape'>\n\t\t\t\t<a href='https:\/\/burg-halle.de\/innenausbautag\/innenausbautag-2023\/innenausbau-tag-2023_martin-patze-33\/'><img width=\"150\" height=\"150\" src=\"https:\/\/burg-halle.de\/innenausbautag\/wp-content\/uploads\/2023\/09\/Innenausbau-Tag-2023_\u00a9Martin-Patze-33-150x150.jpg\" class=\"attachment-thumbnail size-thumbnail\" alt=\"\" decoding=\"async\" loading=\"lazy\" \/><\/a>\n\t\t\t<\/div><\/figure><figure class='gallery-item'>\n\t\t\t<div class='gallery-icon landscape'>\n\t\t\t\t<a href='https:\/\/burg-halle.de\/innenausbautag\/innenausbautag-2023\/innenausbau-tag-2023_martin-patze-30\/'><img width=\"150\" height=\"150\" src=\"https:\/\/burg-halle.de\/innenausbautag\/wp-content\/uploads\/2023\/09\/Innenausbau-Tag-2023_\u00a9Martin-Patze-30-150x150.jpg\" class=\"attachment-thumbnail size-thumbnail\" alt=\"\" decoding=\"async\" loading=\"lazy\" \/><\/a>\n\t\t\t<\/div><\/figure><figure class='gallery-item'>\n\t\t\t<div class='gallery-icon landscape'>\n\t\t\t\t<a href='https:\/\/burg-halle.de\/innenausbautag\/innenausbautag-2023\/innenausbau-tag-2023_martin-patze-31\/'><img width=\"150\" height=\"150\" src=\"https:\/\/burg-halle.de\/innenausbautag\/wp-content\/uploads\/2023\/09\/Innenausbau-Tag-2023_\u00a9Martin-Patze-31-150x150.jpg\" class=\"attachment-thumbnail size-thumbnail\" alt=\"\" decoding=\"async\" loading=\"lazy\" \/><\/a>\n\t\t\t<\/div><\/figure><figure class='gallery-item'>\n\t\t\t<div class='gallery-icon landscape'>\n\t\t\t\t<a href='https:\/\/burg-halle.de\/innenausbautag\/innenausbautag-2023\/innenausbau-tag-2023_martin-patze-27\/'><img width=\"150\" height=\"150\" src=\"https:\/\/burg-halle.de\/innenausbautag\/wp-content\/uploads\/2023\/09\/Innenausbau-Tag-2023_\u00a9Martin-Patze-27-150x150.jpg\" class=\"attachment-thumbnail size-thumbnail\" alt=\"\" decoding=\"async\" loading=\"lazy\" \/><\/a>\n\t\t\t<\/div><\/figure><figure class='gallery-item'>\n\t\t\t<div class='gallery-icon landscape'>\n\t\t\t\t<a href='https:\/\/burg-halle.de\/innenausbautag\/innenausbautag-2023\/innenausbau-tag-2023_martin-patze-29\/'><img width=\"150\" height=\"150\" src=\"https:\/\/burg-halle.de\/innenausbautag\/wp-content\/uploads\/2023\/09\/Innenausbau-Tag-2023_\u00a9Martin-Patze-29-150x150.jpg\" class=\"attachment-thumbnail size-thumbnail\" alt=\"\" decoding=\"async\" loading=\"lazy\" \/><\/a>\n\t\t\t<\/div><\/figure><figure class='gallery-item'>\n\t\t\t<div class='gallery-icon landscape'>\n\t\t\t\t<a href='https:\/\/burg-halle.de\/innenausbautag\/innenausbautag-2023\/innenausbau-tag-2023_martin-patze-28\/'><img width=\"150\" height=\"150\" src=\"https:\/\/burg-halle.de\/innenausbautag\/wp-content\/uploads\/2023\/09\/Innenausbau-Tag-2023_\u00a9Martin-Patze-28-150x150.jpg\" class=\"attachment-thumbnail size-thumbnail\" alt=\"\" decoding=\"async\" loading=\"lazy\" \/><\/a>\n\t\t\t<\/div><\/figure><figure class='gallery-item'>\n\t\t\t<div class='gallery-icon landscape'>\n\t\t\t\t<a href='https:\/\/burg-halle.de\/innenausbautag\/innenausbautag-2023\/innenausbau-tag-2023_martin-patze-25\/'><img width=\"150\" height=\"150\" src=\"https:\/\/burg-halle.de\/innenausbautag\/wp-content\/uploads\/2023\/09\/Innenausbau-Tag-2023_\u00a9Martin-Patze-25-150x150.jpg\" class=\"attachment-thumbnail size-thumbnail\" alt=\"\" decoding=\"async\" loading=\"lazy\" \/><\/a>\n\t\t\t<\/div><\/figure><figure class='gallery-item'>\n\t\t\t<div class='gallery-icon landscape'>\n\t\t\t\t<a href='https:\/\/burg-halle.de\/innenausbautag\/innenausbautag-2023\/innenausbau-tag-2023_martin-patze-26\/'><img width=\"150\" height=\"150\" src=\"https:\/\/burg-halle.de\/innenausbautag\/wp-content\/uploads\/2023\/09\/Innenausbau-Tag-2023_\u00a9Martin-Patze-26-150x150.jpg\" class=\"attachment-thumbnail size-thumbnail\" alt=\"\" decoding=\"async\" loading=\"lazy\" \/><\/a>\n\t\t\t<\/div><\/figure><figure class='gallery-item'>\n\t\t\t<div class='gallery-icon landscape'>\n\t\t\t\t<a href='https:\/\/burg-halle.de\/innenausbautag\/innenausbautag-2023\/innenausbau-tag-2023_martin-patze-24\/'><img width=\"150\" height=\"150\" src=\"https:\/\/burg-halle.de\/innenausbautag\/wp-content\/uploads\/2023\/09\/Innenausbau-Tag-2023_\u00a9Martin-Patze-24-150x150.jpg\" class=\"attachment-thumbnail size-thumbnail\" alt=\"\" decoding=\"async\" loading=\"lazy\" \/><\/a>\n\t\t\t<\/div><\/figure><figure class='gallery-item'>\n\t\t\t<div class='gallery-icon landscape'>\n\t\t\t\t<a href='https:\/\/burg-halle.de\/innenausbautag\/innenausbautag-2023\/innenausbau-tag-2023_martin-patze-23\/'><img width=\"150\" height=\"150\" src=\"https:\/\/burg-halle.de\/innenausbautag\/wp-content\/uploads\/2023\/09\/Innenausbau-Tag-2023_\u00a9Martin-Patze-23-150x150.jpg\" class=\"attachment-thumbnail size-thumbnail\" alt=\"\" decoding=\"async\" loading=\"lazy\" \/><\/a>\n\t\t\t<\/div><\/figure><figure class='gallery-item'>\n\t\t\t<div class='gallery-icon landscape'>\n\t\t\t\t<a href='https:\/\/burg-halle.de\/innenausbautag\/innenausbautag-2023\/innenausbau-tag-2023_martin-patze-22\/'><img width=\"150\" height=\"150\" src=\"https:\/\/burg-halle.de\/innenausbautag\/wp-content\/uploads\/2023\/09\/Innenausbau-Tag-2023_\u00a9Martin-Patze-22-150x150.jpg\" class=\"attachment-thumbnail size-thumbnail\" alt=\"\" decoding=\"async\" loading=\"lazy\" \/><\/a>\n\t\t\t<\/div><\/figure><figure class='gallery-item'>\n\t\t\t<div class='gallery-icon landscape'>\n\t\t\t\t<a href='https:\/\/burg-halle.de\/innenausbautag\/innenausbautag-2023\/innenausbau-tag-2023_martin-patze-21\/'><img width=\"150\" height=\"150\" src=\"https:\/\/burg-halle.de\/innenausbautag\/wp-content\/uploads\/2023\/09\/Innenausbau-Tag-2023_\u00a9Martin-Patze-21-150x150.jpg\" class=\"attachment-thumbnail size-thumbnail\" alt=\"\" decoding=\"async\" loading=\"lazy\" \/><\/a>\n\t\t\t<\/div><\/figure><figure class='gallery-item'>\n\t\t\t<div class='gallery-icon landscape'>\n\t\t\t\t<a href='https:\/\/burg-halle.de\/innenausbautag\/innenausbautag-2023\/innenausbau-tag-2023_martin-patze-19\/'><img width=\"150\" height=\"150\" src=\"https:\/\/burg-halle.de\/innenausbautag\/wp-content\/uploads\/2023\/09\/Innenausbau-Tag-2023_\u00a9Martin-Patze-19-150x150.jpg\" class=\"attachment-thumbnail size-thumbnail\" alt=\"\" decoding=\"async\" loading=\"lazy\" \/><\/a>\n\t\t\t<\/div><\/figure><figure class='gallery-item'>\n\t\t\t<div class='gallery-icon landscape'>\n\t\t\t\t<a href='https:\/\/burg-halle.de\/innenausbautag\/innenausbautag-2023\/innenausbau-tag-2023_martin-patze-20\/'><img width=\"150\" height=\"150\" src=\"https:\/\/burg-halle.de\/innenausbautag\/wp-content\/uploads\/2023\/09\/Innenausbau-Tag-2023_\u00a9Martin-Patze-20-150x150.jpg\" class=\"attachment-thumbnail size-thumbnail\" alt=\"\" decoding=\"async\" loading=\"lazy\" \/><\/a>\n\t\t\t<\/div><\/figure><figure class='gallery-item'>\n\t\t\t<div class='gallery-icon landscape'>\n\t\t\t\t<a href='https:\/\/burg-halle.de\/innenausbautag\/innenausbautag-2023\/innenausbau-tag-2023_martin-patze-16\/'><img width=\"150\" height=\"150\" src=\"https:\/\/burg-halle.de\/innenausbautag\/wp-content\/uploads\/2023\/09\/Innenausbau-Tag-2023_\u00a9Martin-Patze-16-150x150.jpg\" class=\"attachment-thumbnail size-thumbnail\" alt=\"\" decoding=\"async\" loading=\"lazy\" \/><\/a>\n\t\t\t<\/div><\/figure><figure class='gallery-item'>\n\t\t\t<div class='gallery-icon landscape'>\n\t\t\t\t<a href='https:\/\/burg-halle.de\/innenausbautag\/innenausbautag-2023\/innenausbau-tag-2023_martin-patze-17\/'><img width=\"150\" height=\"150\" src=\"https:\/\/burg-halle.de\/innenausbautag\/wp-content\/uploads\/2023\/09\/Innenausbau-Tag-2023_\u00a9Martin-Patze-17-150x150.jpg\" class=\"attachment-thumbnail size-thumbnail\" alt=\"\" decoding=\"async\" loading=\"lazy\" \/><\/a>\n\t\t\t<\/div><\/figure><figure class='gallery-item'>\n\t\t\t<div class='gallery-icon landscape'>\n\t\t\t\t<a href='https:\/\/burg-halle.de\/innenausbautag\/innenausbautag-2023\/innenausbau-tag-2023_martin-patze-18\/'><img width=\"150\" height=\"150\" src=\"https:\/\/burg-halle.de\/innenausbautag\/wp-content\/uploads\/2023\/09\/Innenausbau-Tag-2023_\u00a9Martin-Patze-18-150x150.jpg\" class=\"attachment-thumbnail size-thumbnail\" alt=\"\" decoding=\"async\" loading=\"lazy\" \/><\/a>\n\t\t\t<\/div><\/figure><figure class='gallery-item'>\n\t\t\t<div class='gallery-icon landscape'>\n\t\t\t\t<a href='https:\/\/burg-halle.de\/innenausbautag\/innenausbautag-2023\/innenausbau-tag-2023_martin-patze-15\/'><img width=\"150\" height=\"150\" src=\"https:\/\/burg-halle.de\/innenausbautag\/wp-content\/uploads\/2023\/09\/Innenausbau-Tag-2023_\u00a9Martin-Patze-15-150x150.jpg\" class=\"attachment-thumbnail size-thumbnail\" alt=\"\" decoding=\"async\" loading=\"lazy\" \/><\/a>\n\t\t\t<\/div><\/figure><figure class='gallery-item'>\n\t\t\t<div class='gallery-icon landscape'>\n\t\t\t\t<a href='https:\/\/burg-halle.de\/innenausbautag\/innenausbautag-2023\/innenausbau-tag-2023_martin-patze-13\/'><img width=\"150\" height=\"150\" src=\"https:\/\/burg-halle.de\/innenausbautag\/wp-content\/uploads\/2023\/09\/Innenausbau-Tag-2023_\u00a9Martin-Patze-13-150x150.jpg\" class=\"attachment-thumbnail size-thumbnail\" alt=\"\" decoding=\"async\" loading=\"lazy\" \/><\/a>\n\t\t\t<\/div><\/figure><figure class='gallery-item'>\n\t\t\t<div class='gallery-icon landscape'>\n\t\t\t\t<a href='https:\/\/burg-halle.de\/innenausbautag\/innenausbautag-2023\/innenausbau-tag-2023_martin-patze-14\/'><img width=\"150\" height=\"150\" src=\"https:\/\/burg-halle.de\/innenausbautag\/wp-content\/uploads\/2023\/09\/Innenausbau-Tag-2023_\u00a9Martin-Patze-14-150x150.jpg\" class=\"attachment-thumbnail size-thumbnail\" alt=\"\" decoding=\"async\" loading=\"lazy\" \/><\/a>\n\t\t\t<\/div><\/figure><figure class='gallery-item'>\n\t\t\t<div class='gallery-icon landscape'>\n\t\t\t\t<a href='https:\/\/burg-halle.de\/innenausbautag\/innenausbautag-2023\/innenausbau-tag-2023_martin-patze-12\/'><img width=\"150\" height=\"150\" src=\"https:\/\/burg-halle.de\/innenausbautag\/wp-content\/uploads\/2023\/09\/Innenausbau-Tag-2023_\u00a9Martin-Patze-12-150x150.jpg\" class=\"attachment-thumbnail size-thumbnail\" alt=\"\" decoding=\"async\" loading=\"lazy\" \/><\/a>\n\t\t\t<\/div><\/figure><figure class='gallery-item'>\n\t\t\t<div class='gallery-icon landscape'>\n\t\t\t\t<a href='https:\/\/burg-halle.de\/innenausbautag\/innenausbautag-2023\/innenausbau-tag-2023_martin-patze-11\/'><img width=\"150\" height=\"150\" src=\"https:\/\/burg-halle.de\/innenausbautag\/wp-content\/uploads\/2023\/09\/Innenausbau-Tag-2023_\u00a9Martin-Patze-11-150x150.jpg\" class=\"attachment-thumbnail size-thumbnail\" alt=\"\" decoding=\"async\" loading=\"lazy\" \/><\/a>\n\t\t\t<\/div><\/figure><figure class='gallery-item'>\n\t\t\t<div class='gallery-icon landscape'>\n\t\t\t\t<a href='https:\/\/burg-halle.de\/innenausbautag\/innenausbautag-2023\/innenausbau-tag-2023_martin-patze-5\/'><img width=\"150\" height=\"150\" src=\"https:\/\/burg-halle.de\/innenausbautag\/wp-content\/uploads\/2023\/09\/Innenausbau-Tag-2023_\u00a9Martin-Patze-5-150x150.jpg\" class=\"attachment-thumbnail size-thumbnail\" alt=\"\" decoding=\"async\" loading=\"lazy\" \/><\/a>\n\t\t\t<\/div><\/figure><figure class='gallery-item'>\n\t\t\t<div class='gallery-icon landscape'>\n\t\t\t\t<a href='https:\/\/burg-halle.de\/innenausbautag\/innenausbautag-2023\/innenausbau-tag-2023_martin-patze-6\/'><img width=\"150\" height=\"150\" src=\"https:\/\/burg-halle.de\/innenausbautag\/wp-content\/uploads\/2023\/09\/Innenausbau-Tag-2023_\u00a9Martin-Patze-6-150x150.jpg\" class=\"attachment-thumbnail size-thumbnail\" alt=\"\" decoding=\"async\" loading=\"lazy\" \/><\/a>\n\t\t\t<\/div><\/figure><figure class='gallery-item'>\n\t\t\t<div class='gallery-icon landscape'>\n\t\t\t\t<a href='https:\/\/burg-halle.de\/innenausbautag\/innenausbautag-2023\/innenausbau-tag-2023_martin-patze-7\/'><img width=\"150\" height=\"150\" src=\"https:\/\/burg-halle.de\/innenausbautag\/wp-content\/uploads\/2023\/09\/Innenausbau-Tag-2023_\u00a9Martin-Patze-7-150x150.jpg\" class=\"attachment-thumbnail size-thumbnail\" alt=\"\" decoding=\"async\" loading=\"lazy\" \/><\/a>\n\t\t\t<\/div><\/figure><figure class='gallery-item'>\n\t\t\t<div class='gallery-icon landscape'>\n\t\t\t\t<a href='https:\/\/burg-halle.de\/innenausbautag\/innenausbautag-2023\/innenausbau-tag-2023_martin-patze-10\/'><img width=\"150\" height=\"150\" src=\"https:\/\/burg-halle.de\/innenausbautag\/wp-content\/uploads\/2023\/09\/Innenausbau-Tag-2023_\u00a9Martin-Patze-10-150x150.jpg\" class=\"attachment-thumbnail size-thumbnail\" alt=\"\" decoding=\"async\" loading=\"lazy\" \/><\/a>\n\t\t\t<\/div><\/figure><figure class='gallery-item'>\n\t\t\t<div class='gallery-icon landscape'>\n\t\t\t\t<a href='https:\/\/burg-halle.de\/innenausbautag\/innenausbautag-2023\/innenausbau-tag-2023_martin-patze-8\/'><img width=\"150\" height=\"150\" src=\"https:\/\/burg-halle.de\/innenausbautag\/wp-content\/uploads\/2023\/09\/Innenausbau-Tag-2023_\u00a9Martin-Patze-8-150x150.jpg\" class=\"attachment-thumbnail size-thumbnail\" alt=\"\" decoding=\"async\" loading=\"lazy\" \/><\/a>\n\t\t\t<\/div><\/figure><figure class='gallery-item'>\n\t\t\t<div class='gallery-icon landscape'>\n\t\t\t\t<a href='https:\/\/burg-halle.de\/innenausbautag\/innenausbautag-2023\/innenausbau-tag-2023_martin-patze-4\/'><img width=\"150\" height=\"150\" src=\"https:\/\/burg-halle.de\/innenausbautag\/wp-content\/uploads\/2023\/09\/Innenausbau-Tag-2023_\u00a9Martin-Patze-4-150x150.jpg\" class=\"attachment-thumbnail size-thumbnail\" alt=\"\" decoding=\"async\" loading=\"lazy\" \/><\/a>\n\t\t\t<\/div><\/figure><figure class='gallery-item'>\n\t\t\t<div class='gallery-icon landscape'>\n\t\t\t\t<a href='https:\/\/burg-halle.de\/innenausbautag\/innenausbautag-2023\/innenausbau-tag-2023_martin-patze-9\/'><img width=\"150\" height=\"150\" src=\"https:\/\/burg-halle.de\/innenausbautag\/wp-content\/uploads\/2023\/09\/Innenausbau-Tag-2023_\u00a9Martin-Patze-9-150x150.jpg\" class=\"attachment-thumbnail size-thumbnail\" alt=\"\" decoding=\"async\" loading=\"lazy\" \/><\/a>\n\t\t\t<\/div><\/figure><figure class='gallery-item'>\n\t\t\t<div class='gallery-icon landscape'>\n\t\t\t\t<a href='https:\/\/burg-halle.de\/innenausbautag\/innenausbautag-2023\/innenausbau-tag-2023_martin-patze-3\/'><img width=\"150\" height=\"150\" src=\"https:\/\/burg-halle.de\/innenausbautag\/wp-content\/uploads\/2023\/09\/Innenausbau-Tag-2023_\u00a9Martin-Patze-3-150x150.jpg\" class=\"attachment-thumbnail size-thumbnail\" alt=\"\" decoding=\"async\" loading=\"lazy\" \/><\/a>\n\t\t\t<\/div><\/figure><figure class='gallery-item'>\n\t\t\t<div class='gallery-icon landscape'>\n\t\t\t\t<a href='https:\/\/burg-halle.de\/innenausbautag\/innenausbautag-2023\/innenausbau-tag-2023_martin-patze-2\/'><img width=\"150\" height=\"150\" src=\"https:\/\/burg-halle.de\/innenausbautag\/wp-content\/uploads\/2023\/09\/Innenausbau-Tag-2023_\u00a9Martin-Patze-2-150x150.jpg\" class=\"attachment-thumbnail size-thumbnail\" alt=\"\" decoding=\"async\" loading=\"lazy\" \/><\/a>\n\t\t\t<\/div><\/figure><figure class='gallery-item'>\n\t\t\t<div class='gallery-icon landscape'>\n\t\t\t\t<a href='https:\/\/burg-halle.de\/innenausbautag\/innenausbautag-2023\/innenausbau-tag-2023_martin-patze-1\/'><img width=\"150\" height=\"150\" src=\"https:\/\/burg-halle.de\/innenausbautag\/wp-content\/uploads\/2023\/09\/Innenausbau-Tag-2023_\u00a9Martin-Patze-1-150x150.jpg\" class=\"attachment-thumbnail size-thumbnail\" alt=\"\" decoding=\"async\" loading=\"lazy\" \/><\/a>\n\t\t\t<\/div><\/figure><figure class='gallery-item'>\n\t\t\t<div class='gallery-icon landscape'>\n\t\t\t\t<a href='https:\/\/burg-halle.de\/innenausbautag\/innenausbautag-2023\/innenausbau-tag-2023_martin-patze-95\/'><img width=\"150\" height=\"150\" src=\"https:\/\/burg-halle.de\/innenausbautag\/wp-content\/uploads\/2023\/09\/Innenausbau-Tag-2023_\u00a9Martin-Patze-95-150x150.jpg\" class=\"attachment-thumbnail size-thumbnail\" alt=\"\" decoding=\"async\" loading=\"lazy\" \/><\/a>\n\t\t\t<\/div><\/figure><figure class='gallery-item'>\n\t\t\t<div class='gallery-icon landscape'>\n\t\t\t\t<a href='https:\/\/burg-halle.de\/innenausbautag\/innenausbautag-2023\/innenausbau-tag-2023_martin-patze-94\/'><img width=\"150\" height=\"150\" src=\"https:\/\/burg-halle.de\/innenausbautag\/wp-content\/uploads\/2023\/09\/Innenausbau-Tag-2023_\u00a9Martin-Patze-94-150x150.jpg\" class=\"attachment-thumbnail size-thumbnail\" alt=\"\" decoding=\"async\" loading=\"lazy\" \/><\/a>\n\t\t\t<\/div><\/figure><figure class='gallery-item'>\n\t\t\t<div class='gallery-icon landscape'>\n\t\t\t\t<a href='https:\/\/burg-halle.de\/innenausbautag\/innenausbautag-2023\/innenausbau-tag-2023_martin-patze-91\/'><img width=\"150\" height=\"150\" src=\"https:\/\/burg-halle.de\/innenausbautag\/wp-content\/uploads\/2023\/09\/Innenausbau-Tag-2023_\u00a9Martin-Patze-91-150x150.jpg\" class=\"attachment-thumbnail size-thumbnail\" alt=\"\" decoding=\"async\" loading=\"lazy\" \/><\/a>\n\t\t\t<\/div><\/figure><figure class='gallery-item'>\n\t\t\t<div class='gallery-icon landscape'>\n\t\t\t\t<a href='https:\/\/burg-halle.de\/innenausbautag\/innenausbautag-2023\/innenausbau-tag-2023_martin-patze-93\/'><img width=\"150\" height=\"150\" src=\"https:\/\/burg-halle.de\/innenausbautag\/wp-content\/uploads\/2023\/09\/Innenausbau-Tag-2023_\u00a9Martin-Patze-93-150x150.jpg\" class=\"attachment-thumbnail size-thumbnail\" alt=\"\" decoding=\"async\" loading=\"lazy\" \/><\/a>\n\t\t\t<\/div><\/figure><figure class='gallery-item'>\n\t\t\t<div class='gallery-icon landscape'>\n\t\t\t\t<a href='https:\/\/burg-halle.de\/innenausbautag\/innenausbautag-2023\/innenausbau-tag-2023_martin-patze-89\/'><img width=\"150\" height=\"150\" src=\"https:\/\/burg-halle.de\/innenausbautag\/wp-content\/uploads\/2023\/09\/Innenausbau-Tag-2023_\u00a9Martin-Patze-89-150x150.jpg\" class=\"attachment-thumbnail size-thumbnail\" alt=\"\" decoding=\"async\" loading=\"lazy\" \/><\/a>\n\t\t\t<\/div><\/figure><figure class='gallery-item'>\n\t\t\t<div class='gallery-icon landscape'>\n\t\t\t\t<a href='https:\/\/burg-halle.de\/innenausbautag\/innenausbautag-2023\/innenausbau-tag-2023_martin-patze-92\/'><img width=\"150\" height=\"150\" src=\"https:\/\/burg-halle.de\/innenausbautag\/wp-content\/uploads\/2023\/09\/Innenausbau-Tag-2023_\u00a9Martin-Patze-92-150x150.jpg\" class=\"attachment-thumbnail size-thumbnail\" alt=\"\" decoding=\"async\" loading=\"lazy\" \/><\/a>\n\t\t\t<\/div><\/figure><figure class='gallery-item'>\n\t\t\t<div class='gallery-icon landscape'>\n\t\t\t\t<a href='https:\/\/burg-halle.de\/innenausbautag\/innenausbautag-2023\/innenausbau-tag-2023_martin-patze-87\/'><img width=\"150\" height=\"150\" src=\"https:\/\/burg-halle.de\/innenausbautag\/wp-content\/uploads\/2023\/09\/Innenausbau-Tag-2023_\u00a9Martin-Patze-87-150x150.jpg\" class=\"attachment-thumbnail size-thumbnail\" alt=\"\" decoding=\"async\" loading=\"lazy\" \/><\/a>\n\t\t\t<\/div><\/figure><figure class='gallery-item'>\n\t\t\t<div class='gallery-icon landscape'>\n\t\t\t\t<a href='https:\/\/burg-halle.de\/innenausbautag\/innenausbautag-2023\/innenausbau-tag-2023_martin-patze-88\/'><img width=\"150\" height=\"150\" src=\"https:\/\/burg-halle.de\/innenausbautag\/wp-content\/uploads\/2023\/09\/Innenausbau-Tag-2023_\u00a9Martin-Patze-88-150x150.jpg\" class=\"attachment-thumbnail size-thumbnail\" alt=\"\" decoding=\"async\" loading=\"lazy\" \/><\/a>\n\t\t\t<\/div><\/figure><figure class='gallery-item'>\n\t\t\t<div class='gallery-icon landscape'>\n\t\t\t\t<a href='https:\/\/burg-halle.de\/innenausbautag\/innenausbautag-2023\/innenausbau-tag-2023_martin-patze-90\/'><img width=\"150\" height=\"150\" src=\"https:\/\/burg-halle.de\/innenausbautag\/wp-content\/uploads\/2023\/09\/Innenausbau-Tag-2023_\u00a9Martin-Patze-90-150x150.jpg\" class=\"attachment-thumbnail size-thumbnail\" alt=\"\" decoding=\"async\" loading=\"lazy\" \/><\/a>\n\t\t\t<\/div><\/figure><figure class='gallery-item'>\n\t\t\t<div class='gallery-icon landscape'>\n\t\t\t\t<a href='https:\/\/burg-halle.de\/innenausbautag\/innenausbautag-2023\/innenausbau-tag-2023_martin-patze-83\/'><img width=\"150\" height=\"150\" src=\"https:\/\/burg-halle.de\/innenausbautag\/wp-content\/uploads\/2023\/09\/Innenausbau-Tag-2023_\u00a9Martin-Patze-83-150x150.jpg\" class=\"attachment-thumbnail size-thumbnail\" alt=\"\" decoding=\"async\" loading=\"lazy\" \/><\/a>\n\t\t\t<\/div><\/figure><figure class='gallery-item'>\n\t\t\t<div class='gallery-icon landscape'>\n\t\t\t\t<a href='https:\/\/burg-halle.de\/innenausbautag\/innenausbautag-2023\/innenausbau-tag-2023_martin-patze-85\/'><img width=\"150\" height=\"150\" src=\"https:\/\/burg-halle.de\/innenausbautag\/wp-content\/uploads\/2023\/09\/Innenausbau-Tag-2023_\u00a9Martin-Patze-85-150x150.jpg\" class=\"attachment-thumbnail size-thumbnail\" alt=\"\" decoding=\"async\" loading=\"lazy\" \/><\/a>\n\t\t\t<\/div><\/figure><figure class='gallery-item'>\n\t\t\t<div class='gallery-icon landscape'>\n\t\t\t\t<a href='https:\/\/burg-halle.de\/innenausbautag\/innenausbautag-2023\/innenausbau-tag-2023_martin-patze-84\/'><img width=\"150\" height=\"150\" src=\"https:\/\/burg-halle.de\/innenausbautag\/wp-content\/uploads\/2023\/09\/Innenausbau-Tag-2023_\u00a9Martin-Patze-84-150x150.jpg\" class=\"attachment-thumbnail size-thumbnail\" alt=\"\" decoding=\"async\" loading=\"lazy\" \/><\/a>\n\t\t\t<\/div><\/figure><figure class='gallery-item'>\n\t\t\t<div class='gallery-icon landscape'>\n\t\t\t\t<a href='https:\/\/burg-halle.de\/innenausbautag\/innenausbautag-2023\/innenausbau-tag-2023_martin-patze-82\/'><img width=\"150\" height=\"150\" src=\"https:\/\/burg-halle.de\/innenausbautag\/wp-content\/uploads\/2023\/09\/Innenausbau-Tag-2023_\u00a9Martin-Patze-82-150x150.jpg\" class=\"attachment-thumbnail size-thumbnail\" alt=\"\" decoding=\"async\" loading=\"lazy\" \/><\/a>\n\t\t\t<\/div><\/figure><figure class='gallery-item'>\n\t\t\t<div class='gallery-icon landscape'>\n\t\t\t\t<a href='https:\/\/burg-halle.de\/innenausbautag\/innenausbautag-2023\/innenausbau-tag-2023_martin-patze-86\/'><img width=\"150\" height=\"150\" src=\"https:\/\/burg-halle.de\/innenausbautag\/wp-content\/uploads\/2023\/09\/Innenausbau-Tag-2023_\u00a9Martin-Patze-86-150x150.jpg\" class=\"attachment-thumbnail size-thumbnail\" alt=\"\" decoding=\"async\" loading=\"lazy\" \/><\/a>\n\t\t\t<\/div><\/figure><figure class='gallery-item'>\n\t\t\t<div class='gallery-icon landscape'>\n\t\t\t\t<a href='https:\/\/burg-halle.de\/innenausbautag\/innenausbautag-2023\/innenausbau-tag-2023_martin-patze-79\/'><img width=\"150\" height=\"150\" src=\"https:\/\/burg-halle.de\/innenausbautag\/wp-content\/uploads\/2023\/09\/Innenausbau-Tag-2023_\u00a9Martin-Patze-79-150x150.jpg\" class=\"attachment-thumbnail size-thumbnail\" alt=\"\" decoding=\"async\" loading=\"lazy\" \/><\/a>\n\t\t\t<\/div><\/figure><figure class='gallery-item'>\n\t\t\t<div class='gallery-icon landscape'>\n\t\t\t\t<a href='https:\/\/burg-halle.de\/innenausbautag\/innenausbautag-2023\/innenausbau-tag-2023_martin-patze-80\/'><img width=\"150\" height=\"150\" src=\"https:\/\/burg-halle.de\/innenausbautag\/wp-content\/uploads\/2023\/09\/Innenausbau-Tag-2023_\u00a9Martin-Patze-80-150x150.jpg\" class=\"attachment-thumbnail size-thumbnail\" alt=\"\" decoding=\"async\" loading=\"lazy\" \/><\/a>\n\t\t\t<\/div><\/figure><figure class='gallery-item'>\n\t\t\t<div class='gallery-icon landscape'>\n\t\t\t\t<a href='https:\/\/burg-halle.de\/innenausbautag\/innenausbautag-2023\/innenausbau-tag-2023_martin-patze-81\/'><img width=\"150\" height=\"150\" src=\"https:\/\/burg-halle.de\/innenausbautag\/wp-content\/uploads\/2023\/09\/Innenausbau-Tag-2023_\u00a9Martin-Patze-81-150x150.jpg\" class=\"attachment-thumbnail size-thumbnail\" alt=\"\" decoding=\"async\" loading=\"lazy\" \/><\/a>\n\t\t\t<\/div><\/figure><figure class='gallery-item'>\n\t\t\t<div class='gallery-icon landscape'>\n\t\t\t\t<a href='https:\/\/burg-halle.de\/innenausbautag\/innenausbautag-2023\/innenausbau-tag-2023_martin-patze-78\/'><img width=\"150\" height=\"150\" src=\"https:\/\/burg-halle.de\/innenausbautag\/wp-content\/uploads\/2023\/09\/Innenausbau-Tag-2023_\u00a9Martin-Patze-78-150x150.jpg\" class=\"attachment-thumbnail size-thumbnail\" alt=\"\" decoding=\"async\" loading=\"lazy\" \/><\/a>\n\t\t\t<\/div><\/figure><figure class='gallery-item'>\n\t\t\t<div class='gallery-icon landscape'>\n\t\t\t\t<a href='https:\/\/burg-halle.de\/innenausbautag\/innenausbautag-2023\/innenausbau-tag-2023_martin-patze-76\/'><img width=\"150\" height=\"150\" src=\"https:\/\/burg-halle.de\/innenausbautag\/wp-content\/uploads\/2023\/09\/Innenausbau-Tag-2023_\u00a9Martin-Patze-76-150x150.jpg\" class=\"attachment-thumbnail size-thumbnail\" alt=\"\" decoding=\"async\" loading=\"lazy\" \/><\/a>\n\t\t\t<\/div><\/figure><figure class='gallery-item'>\n\t\t\t<div class='gallery-icon landscape'>\n\t\t\t\t<a href='https:\/\/burg-halle.de\/innenausbautag\/innenausbautag-2023\/innenausbau-tag-2023_martin-patze-77\/'><img width=\"150\" height=\"150\" src=\"https:\/\/burg-halle.de\/innenausbautag\/wp-content\/uploads\/2023\/09\/Innenausbau-Tag-2023_\u00a9Martin-Patze-77-150x150.jpg\" class=\"attachment-thumbnail size-thumbnail\" alt=\"\" decoding=\"async\" loading=\"lazy\" \/><\/a>\n\t\t\t<\/div><\/figure><figure class='gallery-item'>\n\t\t\t<div class='gallery-icon landscape'>\n\t\t\t\t<a href='https:\/\/burg-halle.de\/innenausbautag\/innenausbautag-2023\/innenausbau-tag-2023_martin-patze-75\/'><img width=\"150\" height=\"150\" src=\"https:\/\/burg-halle.de\/innenausbautag\/wp-content\/uploads\/2023\/09\/Innenausbau-Tag-2023_\u00a9Martin-Patze-75-150x150.jpg\" class=\"attachment-thumbnail size-thumbnail\" alt=\"\" decoding=\"async\" loading=\"lazy\" \/><\/a>\n\t\t\t<\/div><\/figure><figure class='gallery-item'>\n\t\t\t<div class='gallery-icon landscape'>\n\t\t\t\t<a href='https:\/\/burg-halle.de\/innenausbautag\/innenausbautag-2023\/innenausbau-tag-2023_martin-patze-71\/'><img width=\"150\" height=\"150\" src=\"https:\/\/burg-halle.de\/innenausbautag\/wp-content\/uploads\/2023\/09\/Innenausbau-Tag-2023_\u00a9Martin-Patze-71-150x150.jpg\" class=\"attachment-thumbnail size-thumbnail\" alt=\"\" decoding=\"async\" loading=\"lazy\" \/><\/a>\n\t\t\t<\/div><\/figure><figure class='gallery-item'>\n\t\t\t<div class='gallery-icon landscape'>\n\t\t\t\t<a href='https:\/\/burg-halle.de\/innenausbautag\/innenausbautag-2023\/innenausbau-tag-2023_martin-patze-74\/'><img width=\"150\" height=\"150\" src=\"https:\/\/burg-halle.de\/innenausbautag\/wp-content\/uploads\/2023\/09\/Innenausbau-Tag-2023_\u00a9Martin-Patze-74-150x150.jpg\" class=\"attachment-thumbnail size-thumbnail\" alt=\"\" decoding=\"async\" loading=\"lazy\" \/><\/a>\n\t\t\t<\/div><\/figure><figure class='gallery-item'>\n\t\t\t<div class='gallery-icon landscape'>\n\t\t\t\t<a href='https:\/\/burg-halle.de\/innenausbautag\/innenausbautag-2023\/innenausbau-tag-2023_martin-patze-72\/'><img width=\"150\" height=\"150\" src=\"https:\/\/burg-halle.de\/innenausbautag\/wp-content\/uploads\/2023\/09\/Innenausbau-Tag-2023_\u00a9Martin-Patze-72-150x150.jpg\" class=\"attachment-thumbnail size-thumbnail\" alt=\"\" decoding=\"async\" loading=\"lazy\" \/><\/a>\n\t\t\t<\/div><\/figure><figure class='gallery-item'>\n\t\t\t<div class='gallery-icon landscape'>\n\t\t\t\t<a href='https:\/\/burg-halle.de\/innenausbautag\/innenausbautag-2023\/innenausbau-tag-2023_martin-patze-73\/'><img width=\"150\" height=\"150\" src=\"https:\/\/burg-halle.de\/innenausbautag\/wp-content\/uploads\/2023\/09\/Innenausbau-Tag-2023_\u00a9Martin-Patze-73-150x150.jpg\" class=\"attachment-thumbnail size-thumbnail\" alt=\"\" decoding=\"async\" loading=\"lazy\" \/><\/a>\n\t\t\t<\/div><\/figure><figure class='gallery-item'>\n\t\t\t<div class='gallery-icon landscape'>\n\t\t\t\t<a href='https:\/\/burg-halle.de\/innenausbautag\/innenausbautag-2023\/innenausbau-tag-2023_martin-patze-70\/'><img width=\"150\" height=\"150\" src=\"https:\/\/burg-halle.de\/innenausbautag\/wp-content\/uploads\/2023\/09\/Innenausbau-Tag-2023_\u00a9Martin-Patze-70-150x150.jpg\" class=\"attachment-thumbnail size-thumbnail\" alt=\"\" decoding=\"async\" loading=\"lazy\" \/><\/a>\n\t\t\t<\/div><\/figure><figure class='gallery-item'>\n\t\t\t<div class='gallery-icon landscape'>\n\t\t\t\t<a href='https:\/\/burg-halle.de\/innenausbautag\/innenausbautag-2023\/innenausbau-tag-2023_martin-patze-67\/'><img width=\"150\" height=\"150\" src=\"https:\/\/burg-halle.de\/innenausbautag\/wp-content\/uploads\/2023\/09\/Innenausbau-Tag-2023_\u00a9Martin-Patze-67-150x150.jpg\" class=\"attachment-thumbnail size-thumbnail\" alt=\"\" decoding=\"async\" loading=\"lazy\" \/><\/a>\n\t\t\t<\/div><\/figure><figure class='gallery-item'>\n\t\t\t<div class='gallery-icon landscape'>\n\t\t\t\t<a href='https:\/\/burg-halle.de\/innenausbautag\/innenausbautag-2023\/innenausbau-tag-2023_martin-patze-68\/'><img width=\"150\" height=\"150\" src=\"https:\/\/burg-halle.de\/innenausbautag\/wp-content\/uploads\/2023\/09\/Innenausbau-Tag-2023_\u00a9Martin-Patze-68-150x150.jpg\" class=\"attachment-thumbnail size-thumbnail\" alt=\"\" decoding=\"async\" loading=\"lazy\" \/><\/a>\n\t\t\t<\/div><\/figure><figure class='gallery-item'>\n\t\t\t<div class='gallery-icon landscape'>\n\t\t\t\t<a href='https:\/\/burg-halle.de\/innenausbautag\/innenausbautag-2023\/innenausbau-tag-2023_martin-patze-69\/'><img width=\"150\" height=\"150\" src=\"https:\/\/burg-halle.de\/innenausbautag\/wp-content\/uploads\/2023\/09\/Innenausbau-Tag-2023_\u00a9Martin-Patze-69-150x150.jpg\" class=\"attachment-thumbnail size-thumbnail\" alt=\"\" decoding=\"async\" loading=\"lazy\" \/><\/a>\n\t\t\t<\/div><\/figure><figure class='gallery-item'>\n\t\t\t<div class='gallery-icon landscape'>\n\t\t\t\t<a href='https:\/\/burg-halle.de\/innenausbautag\/innenausbautag-2023\/innenausbau-tag-2023_martin-patze-66\/'><img width=\"150\" height=\"150\" src=\"https:\/\/burg-halle.de\/innenausbautag\/wp-content\/uploads\/2023\/09\/Innenausbau-Tag-2023_\u00a9Martin-Patze-66-150x150.jpg\" class=\"attachment-thumbnail size-thumbnail\" alt=\"\" decoding=\"async\" loading=\"lazy\" \/><\/a>\n\t\t\t<\/div><\/figure><figure class='gallery-item'>\n\t\t\t<div class='gallery-icon landscape'>\n\t\t\t\t<a href='https:\/\/burg-halle.de\/innenausbautag\/innenausbautag-2023\/innenausbau-tag-2023_martin-patze-64\/'><img width=\"150\" height=\"150\" src=\"https:\/\/burg-halle.de\/innenausbautag\/wp-content\/uploads\/2023\/09\/Innenausbau-Tag-2023_\u00a9Martin-Patze-64-150x150.jpg\" class=\"attachment-thumbnail size-thumbnail\" alt=\"\" decoding=\"async\" loading=\"lazy\" \/><\/a>\n\t\t\t<\/div><\/figure><figure class='gallery-item'>\n\t\t\t<div class='gallery-icon landscape'>\n\t\t\t\t<a href='https:\/\/burg-halle.de\/innenausbautag\/innenausbautag-2023\/innenausbau-tag-2023_martin-patze-65\/'><img width=\"150\" height=\"150\" src=\"https:\/\/burg-halle.de\/innenausbautag\/wp-content\/uploads\/2023\/09\/Innenausbau-Tag-2023_\u00a9Martin-Patze-65-150x150.jpg\" class=\"attachment-thumbnail size-thumbnail\" alt=\"\" decoding=\"async\" loading=\"lazy\" \/><\/a>\n\t\t\t<\/div><\/figure><figure class='gallery-item'>\n\t\t\t<div class='gallery-icon landscape'>\n\t\t\t\t<a href='https:\/\/burg-halle.de\/innenausbautag\/innenausbautag-2023\/innenausbau-tag-2023_martin-patze-63\/'><img width=\"150\" height=\"150\" src=\"https:\/\/burg-halle.de\/innenausbautag\/wp-content\/uploads\/2023\/09\/Innenausbau-Tag-2023_\u00a9Martin-Patze-63-150x150.jpg\" class=\"attachment-thumbnail size-thumbnail\" alt=\"\" decoding=\"async\" loading=\"lazy\" \/><\/a>\n\t\t\t<\/div><\/figure><figure class='gallery-item'>\n\t\t\t<div class='gallery-icon portrait'>\n\t\t\t\t<a href='https:\/\/burg-halle.de\/innenausbautag\/innenausbautag-2023\/innenausbau-tag-2023_martin-patze-59\/'><img width=\"150\" height=\"150\" src=\"https:\/\/burg-halle.de\/innenausbautag\/wp-content\/uploads\/2023\/09\/Innenausbau-Tag-2023_\u00a9Martin-Patze-59-150x150.jpg\" class=\"attachment-thumbnail size-thumbnail\" alt=\"\" decoding=\"async\" loading=\"lazy\" \/><\/a>\n\t\t\t<\/div><\/figure><figure class='gallery-item'>\n\t\t\t<div class='gallery-icon landscape'>\n\t\t\t\t<a href='https:\/\/burg-halle.de\/innenausbautag\/innenausbautag-2023\/innenausbau-tag-2023_martin-patze-62\/'><img width=\"150\" height=\"150\" src=\"https:\/\/burg-halle.de\/innenausbautag\/wp-content\/uploads\/2023\/09\/Innenausbau-Tag-2023_\u00a9Martin-Patze-62-150x150.jpg\" class=\"attachment-thumbnail size-thumbnail\" alt=\"\" decoding=\"async\" loading=\"lazy\" \/><\/a>\n\t\t\t<\/div><\/figure><figure class='gallery-item'>\n\t\t\t<div class='gallery-icon landscape'>\n\t\t\t\t<a href='https:\/\/burg-halle.de\/innenausbautag\/innenausbautag-2023\/innenausbau-tag-2023_martin-patze-58\/'><img width=\"150\" height=\"150\" src=\"https:\/\/burg-halle.de\/innenausbautag\/wp-content\/uploads\/2023\/09\/Innenausbau-Tag-2023_\u00a9Martin-Patze-58-150x150.jpg\" class=\"attachment-thumbnail size-thumbnail\" alt=\"\" decoding=\"async\" loading=\"lazy\" \/><\/a>\n\t\t\t<\/div><\/figure><figure class='gallery-item'>\n\t\t\t<div class='gallery-icon landscape'>\n\t\t\t\t<a href='https:\/\/burg-halle.de\/innenausbautag\/innenausbautag-2023\/innenausbau-tag-2023_martin-patze-60\/'><img width=\"150\" height=\"150\" src=\"https:\/\/burg-halle.de\/innenausbautag\/wp-content\/uploads\/2023\/09\/Innenausbau-Tag-2023_\u00a9Martin-Patze-60-150x150.jpg\" class=\"attachment-thumbnail size-thumbnail\" alt=\"\" decoding=\"async\" loading=\"lazy\" \/><\/a>\n\t\t\t<\/div><\/figure><figure class='gallery-item'>\n\t\t\t<div class='gallery-icon landscape'>\n\t\t\t\t<a href='https:\/\/burg-halle.de\/innenausbautag\/innenausbautag-2023\/innenausbau-tag-2023_martin-patze-61\/'><img width=\"150\" height=\"150\" src=\"https:\/\/burg-halle.de\/innenausbautag\/wp-content\/uploads\/2023\/09\/Innenausbau-Tag-2023_\u00a9Martin-Patze-61-150x150.jpg\" class=\"attachment-thumbnail size-thumbnail\" alt=\"\" decoding=\"async\" loading=\"lazy\" \/><\/a>\n\t\t\t<\/div><\/figure><figure class='gallery-item'>\n\t\t\t<div class='gallery-icon landscape'>\n\t\t\t\t<a href='https:\/\/burg-halle.de\/innenausbautag\/innenausbautag-2023\/innenausbau-tag-2023_martin-patze-57\/'><img width=\"150\" height=\"150\" src=\"https:\/\/burg-halle.de\/innenausbautag\/wp-content\/uploads\/2023\/09\/Innenausbau-Tag-2023_\u00a9Martin-Patze-57-150x150.jpg\" class=\"attachment-thumbnail size-thumbnail\" alt=\"\" decoding=\"async\" loading=\"lazy\" \/><\/a>\n\t\t\t<\/div><\/figure><figure class='gallery-item'>\n\t\t\t<div class='gallery-icon landscape'>\n\t\t\t\t<a href='https:\/\/burg-halle.de\/innenausbautag\/innenausbautag-2023\/innenausbau-tag-2023_martin-patze-56\/'><img width=\"150\" height=\"150\" src=\"https:\/\/burg-halle.de\/innenausbautag\/wp-content\/uploads\/2023\/09\/Innenausbau-Tag-2023_\u00a9Martin-Patze-56-150x150.jpg\" class=\"attachment-thumbnail size-thumbnail\" alt=\"\" decoding=\"async\" loading=\"lazy\" \/><\/a>\n\t\t\t<\/div><\/figure><figure class='gallery-item'>\n\t\t\t<div class='gallery-icon landscape'>\n\t\t\t\t<a href='https:\/\/burg-halle.de\/innenausbautag\/innenausbautag-2023\/innenausbau-tag-2023_martin-patze-53\/'><img width=\"150\" height=\"150\" src=\"https:\/\/burg-halle.de\/innenausbautag\/wp-content\/uploads\/2023\/09\/Innenausbau-Tag-2023_\u00a9Martin-Patze-53-150x150.jpg\" class=\"attachment-thumbnail size-thumbnail\" alt=\"\" decoding=\"async\" loading=\"lazy\" \/><\/a>\n\t\t\t<\/div><\/figure><figure class='gallery-item'>\n\t\t\t<div class='gallery-icon landscape'>\n\t\t\t\t<a href='https:\/\/burg-halle.de\/innenausbautag\/innenausbautag-2023\/innenausbau-tag-2023_martin-patze-54\/'><img width=\"150\" height=\"150\" src=\"https:\/\/burg-halle.de\/innenausbautag\/wp-content\/uploads\/2023\/09\/Innenausbau-Tag-2023_\u00a9Martin-Patze-54-150x150.jpg\" class=\"attachment-thumbnail size-thumbnail\" alt=\"\" decoding=\"async\" loading=\"lazy\" \/><\/a>\n\t\t\t<\/div><\/figure><figure class='gallery-item'>\n\t\t\t<div class='gallery-icon landscape'>\n\t\t\t\t<a href='https:\/\/burg-halle.de\/innenausbautag\/innenausbautag-2023\/innenausbau-tag-2023_martin-patze-55\/'><img width=\"150\" height=\"150\" src=\"https:\/\/burg-halle.de\/innenausbautag\/wp-content\/uploads\/2023\/09\/Innenausbau-Tag-2023_\u00a9Martin-Patze-55-150x150.jpg\" class=\"attachment-thumbnail size-thumbnail\" alt=\"\" decoding=\"async\" loading=\"lazy\" \/><\/a>\n\t\t\t<\/div><\/figure><figure class='gallery-item'>\n\t\t\t<div class='gallery-icon landscape'>\n\t\t\t\t<a href='https:\/\/burg-halle.de\/innenausbautag\/innenausbautag-2023\/innenausbau-tag-2023_martin-patze-52\/'><img width=\"150\" height=\"150\" src=\"https:\/\/burg-halle.de\/innenausbautag\/wp-content\/uploads\/2023\/09\/Innenausbau-Tag-2023_\u00a9Martin-Patze-52-150x150.jpg\" class=\"attachment-thumbnail size-thumbnail\" alt=\"\" decoding=\"async\" loading=\"lazy\" \/><\/a>\n\t\t\t<\/div><\/figure><figure class='gallery-item'>\n\t\t\t<div class='gallery-icon landscape'>\n\t\t\t\t<a href='https:\/\/burg-halle.de\/innenausbautag\/innenausbautag-2023\/innenausbau-tag-2023_martin-patze-51\/'><img width=\"150\" height=\"150\" src=\"https:\/\/burg-halle.de\/innenausbautag\/wp-content\/uploads\/2023\/09\/Innenausbau-Tag-2023_\u00a9Martin-Patze-51-150x150.jpg\" class=\"attachment-thumbnail size-thumbnail\" alt=\"\" decoding=\"async\" loading=\"lazy\" \/><\/a>\n\t\t\t<\/div><\/figure><figure class='gallery-item'>\n\t\t\t<div class='gallery-icon landscape'>\n\t\t\t\t<a href='https:\/\/burg-halle.de\/innenausbautag\/innenausbautag-2023\/innenausbau-tag-2023_martin-patze-48\/'><img width=\"150\" height=\"150\" src=\"https:\/\/burg-halle.de\/innenausbautag\/wp-content\/uploads\/2023\/09\/Innenausbau-Tag-2023_\u00a9Martin-Patze-48-150x150.jpg\" class=\"attachment-thumbnail size-thumbnail\" alt=\"\" decoding=\"async\" loading=\"lazy\" \/><\/a>\n\t\t\t<\/div><\/figure><figure class='gallery-item'>\n\t\t\t<div class='gallery-icon portrait'>\n\t\t\t\t<a href='https:\/\/burg-halle.de\/innenausbautag\/innenausbautag-2023\/innenausbau-tag-2023_martin-patze-49\/'><img width=\"150\" height=\"150\" src=\"https:\/\/burg-halle.de\/innenausbautag\/wp-content\/uploads\/2023\/09\/Innenausbau-Tag-2023_\u00a9Martin-Patze-49-150x150.jpg\" class=\"attachment-thumbnail size-thumbnail\" alt=\"\" decoding=\"async\" loading=\"lazy\" \/><\/a>\n\t\t\t<\/div><\/figure><figure class='gallery-item'>\n\t\t\t<div class='gallery-icon landscape'>\n\t\t\t\t<a href='https:\/\/burg-halle.de\/innenausbautag\/innenausbautag-2023\/innenausbau-tag-2023_martin-patze-50\/'><img width=\"150\" height=\"150\" src=\"https:\/\/burg-halle.de\/innenausbautag\/wp-content\/uploads\/2023\/09\/Innenausbau-Tag-2023_\u00a9Martin-Patze-50-150x150.jpg\" class=\"attachment-thumbnail size-thumbnail\" alt=\"\" decoding=\"async\" loading=\"lazy\" \/><\/a>\n\t\t\t<\/div><\/figure><figure class='gallery-item'>\n\t\t\t<div class='gallery-icon landscape'>\n\t\t\t\t<a href='https:\/\/burg-halle.de\/innenausbautag\/innenausbautag-2023\/innenausbau-tag-2023_martin-patze-47\/'><img width=\"150\" height=\"150\" src=\"https:\/\/burg-halle.de\/innenausbautag\/wp-content\/uploads\/2023\/09\/Innenausbau-Tag-2023_\u00a9Martin-Patze-47-150x150.jpg\" class=\"attachment-thumbnail size-thumbnail\" alt=\"\" decoding=\"async\" loading=\"lazy\" \/><\/a>\n\t\t\t<\/div><\/figure><figure class='gallery-item'>\n\t\t\t<div class='gallery-icon landscape'>\n\t\t\t\t<a href='https:\/\/burg-halle.de\/innenausbautag\/innenausbautag-2023\/innenausbau-tag-2023_martin-patze-46\/'><img width=\"150\" height=\"150\" src=\"https:\/\/burg-halle.de\/innenausbautag\/wp-content\/uploads\/2023\/09\/Innenausbau-Tag-2023_\u00a9Martin-Patze-46-150x150.jpg\" class=\"attachment-thumbnail size-thumbnail\" alt=\"\" decoding=\"async\" loading=\"lazy\" \/><\/a>\n\t\t\t<\/div><\/figure><figure class='gallery-item'>\n\t\t\t<div class='gallery-icon portrait'>\n\t\t\t\t<a href='https:\/\/burg-halle.de\/innenausbautag\/innenausbautag-2023\/innenausbau-tag-2023_martin-patze-45\/'><img width=\"150\" height=\"150\" src=\"https:\/\/burg-halle.de\/innenausbautag\/wp-content\/uploads\/2023\/09\/Innenausbau-Tag-2023_\u00a9Martin-Patze-45-150x150.jpg\" class=\"attachment-thumbnail size-thumbnail\" alt=\"\" decoding=\"async\" loading=\"lazy\" \/><\/a>\n\t\t\t<\/div><\/figure><figure class='gallery-item'>\n\t\t\t<div class='gallery-icon landscape'>\n\t\t\t\t<a href='https:\/\/burg-halle.de\/innenausbautag\/innenausbautag-2023\/innenausbau-tag-2023_martin-patze-41\/'><img width=\"150\" height=\"150\" src=\"https:\/\/burg-halle.de\/innenausbautag\/wp-content\/uploads\/2023\/09\/Innenausbau-Tag-2023_\u00a9Martin-Patze-41-150x150.jpg\" class=\"attachment-thumbnail size-thumbnail\" alt=\"\" decoding=\"async\" loading=\"lazy\" \/><\/a>\n\t\t\t<\/div><\/figure><figure class='gallery-item'>\n\t\t\t<div class='gallery-icon landscape'>\n\t\t\t\t<a href='https:\/\/burg-halle.de\/innenausbautag\/innenausbautag-2023\/innenausbau-tag-2023_martin-patze-39\/'><img width=\"150\" height=\"150\" src=\"https:\/\/burg-halle.de\/innenausbautag\/wp-content\/uploads\/2023\/09\/Innenausbau-Tag-2023_\u00a9Martin-Patze-39-150x150.jpg\" class=\"attachment-thumbnail size-thumbnail\" alt=\"\" decoding=\"async\" loading=\"lazy\" \/><\/a>\n\t\t\t<\/div><\/figure><figure class='gallery-item'>\n\t\t\t<div class='gallery-icon landscape'>\n\t\t\t\t<a href='https:\/\/burg-halle.de\/innenausbautag\/innenausbautag-2023\/innenausbau-tag-2023_martin-patze-40\/'><img width=\"150\" height=\"150\" src=\"https:\/\/burg-halle.de\/innenausbautag\/wp-content\/uploads\/2023\/09\/Innenausbau-Tag-2023_\u00a9Martin-Patze-40-150x150.jpg\" class=\"attachment-thumbnail size-thumbnail\" alt=\"\" decoding=\"async\" loading=\"lazy\" \/><\/a>\n\t\t\t<\/div><\/figure><figure class='gallery-item'>\n\t\t\t<div class='gallery-icon landscape'>\n\t\t\t\t<a href='https:\/\/burg-halle.de\/innenausbautag\/innenausbautag-2023\/innenausbau-tag-2023_martin-patze-42\/'><img width=\"150\" height=\"150\" src=\"https:\/\/burg-halle.de\/innenausbautag\/wp-content\/uploads\/2023\/09\/Innenausbau-Tag-2023_\u00a9Martin-Patze-42-150x150.jpg\" class=\"attachment-thumbnail size-thumbnail\" alt=\"\" decoding=\"async\" loading=\"lazy\" \/><\/a>\n\t\t\t<\/div><\/figure><figure class='gallery-item'>\n\t\t\t<div class='gallery-icon landscape'>\n\t\t\t\t<a href='https:\/\/burg-halle.de\/innenausbautag\/innenausbautag-2023\/innenausbau-tag-2023_martin-patze-43\/'><img width=\"150\" height=\"150\" src=\"https:\/\/burg-halle.de\/innenausbautag\/wp-content\/uploads\/2023\/09\/Innenausbau-Tag-2023_\u00a9Martin-Patze-43-150x150.jpg\" class=\"attachment-thumbnail size-thumbnail\" alt=\"\" decoding=\"async\" loading=\"lazy\" \/><\/a>\n\t\t\t<\/div><\/figure><figure class='gallery-item'>\n\t\t\t<div class='gallery-icon landscape'>\n\t\t\t\t<a href='https:\/\/burg-halle.de\/innenausbautag\/innenausbautag-2023\/innenausbau-tag-2023_martin-patze-44\/'><img width=\"150\" height=\"150\" src=\"https:\/\/burg-halle.de\/innenausbautag\/wp-content\/uploads\/2023\/09\/Innenausbau-Tag-2023_\u00a9Martin-Patze-44-150x150.jpg\" class=\"attachment-thumbnail size-thumbnail\" alt=\"\" decoding=\"async\" loading=\"lazy\" \/><\/a>\n\t\t\t<\/div><\/figure><figure class='gallery-item'>\n\t\t\t<div class='gallery-icon landscape'>\n\t\t\t\t<a href='https:\/\/burg-halle.de\/innenausbautag\/innenausbautag-2023\/innenausbau-tag-2023_martin-patze-132\/'><img width=\"150\" height=\"150\" src=\"https:\/\/burg-halle.de\/innenausbautag\/wp-content\/uploads\/2023\/09\/Innenausbau-Tag-2023_\u00a9Martin-Patze-132-150x150.jpg\" class=\"attachment-thumbnail size-thumbnail\" alt=\"\" decoding=\"async\" loading=\"lazy\" \/><\/a>\n\t\t\t<\/div><\/figure><figure class='gallery-item'>\n\t\t\t<div class='gallery-icon landscape'>\n\t\t\t\t<a href='https:\/\/burg-halle.de\/innenausbautag\/innenausbautag-2023\/innenausbau-tag-2023_martin-patze-133\/'><img width=\"150\" height=\"150\" src=\"https:\/\/burg-halle.de\/innenausbautag\/wp-content\/uploads\/2023\/09\/Innenausbau-Tag-2023_\u00a9Martin-Patze-133-150x150.jpg\" class=\"attachment-thumbnail size-thumbnail\" alt=\"\" decoding=\"async\" loading=\"lazy\" \/><\/a>\n\t\t\t<\/div><\/figure><figure class='gallery-item'>\n\t\t\t<div class='gallery-icon landscape'>\n\t\t\t\t<a href='https:\/\/burg-halle.de\/innenausbautag\/innenausbautag-2023\/innenausbau-tag-2023_martin-patze-129\/'><img width=\"150\" height=\"150\" src=\"https:\/\/burg-halle.de\/innenausbautag\/wp-content\/uploads\/2023\/09\/Innenausbau-Tag-2023_\u00a9Martin-Patze-129-150x150.jpg\" class=\"attachment-thumbnail size-thumbnail\" alt=\"\" decoding=\"async\" loading=\"lazy\" \/><\/a>\n\t\t\t<\/div><\/figure><figure class='gallery-item'>\n\t\t\t<div class='gallery-icon landscape'>\n\t\t\t\t<a href='https:\/\/burg-halle.de\/innenausbautag\/innenausbautag-2023\/innenausbau-tag-2023_martin-patze-131\/'><img width=\"150\" height=\"150\" src=\"https:\/\/burg-halle.de\/innenausbautag\/wp-content\/uploads\/2023\/09\/Innenausbau-Tag-2023_\u00a9Martin-Patze-131-150x150.jpg\" class=\"attachment-thumbnail size-thumbnail\" alt=\"\" decoding=\"async\" loading=\"lazy\" \/><\/a>\n\t\t\t<\/div><\/figure><figure class='gallery-item'>\n\t\t\t<div class='gallery-icon landscape'>\n\t\t\t\t<a href='https:\/\/burg-halle.de\/innenausbautag\/innenausbautag-2023\/innenausbau-tag-2023_martin-patze-130\/'><img width=\"150\" height=\"150\" src=\"https:\/\/burg-halle.de\/innenausbautag\/wp-content\/uploads\/2023\/09\/Innenausbau-Tag-2023_\u00a9Martin-Patze-130-150x150.jpg\" class=\"attachment-thumbnail size-thumbnail\" alt=\"\" decoding=\"async\" loading=\"lazy\" \/><\/a>\n\t\t\t<\/div><\/figure><figure class='gallery-item'>\n\t\t\t<div class='gallery-icon landscape'>\n\t\t\t\t<a href='https:\/\/burg-halle.de\/innenausbautag\/innenausbautag-2023\/innenausbau-tag-2023_martin-patze-125\/'><img width=\"150\" height=\"150\" src=\"https:\/\/burg-halle.de\/innenausbautag\/wp-content\/uploads\/2023\/09\/Innenausbau-Tag-2023_\u00a9Martin-Patze-125-150x150.jpg\" class=\"attachment-thumbnail size-thumbnail\" alt=\"\" decoding=\"async\" loading=\"lazy\" \/><\/a>\n\t\t\t<\/div><\/figure><figure class='gallery-item'>\n\t\t\t<div class='gallery-icon landscape'>\n\t\t\t\t<a href='https:\/\/burg-halle.de\/innenausbautag\/innenausbautag-2023\/innenausbau-tag-2023_martin-patze-128\/'><img width=\"150\" height=\"150\" src=\"https:\/\/burg-halle.de\/innenausbautag\/wp-content\/uploads\/2023\/09\/Innenausbau-Tag-2023_\u00a9Martin-Patze-128-150x150.jpg\" class=\"attachment-thumbnail size-thumbnail\" alt=\"\" decoding=\"async\" loading=\"lazy\" \/><\/a>\n\t\t\t<\/div><\/figure><figure class='gallery-item'>\n\t\t\t<div class='gallery-icon landscape'>\n\t\t\t\t<a href='https:\/\/burg-halle.de\/innenausbautag\/innenausbautag-2023\/innenausbau-tag-2023_martin-patze-124\/'><img width=\"150\" height=\"150\" src=\"https:\/\/burg-halle.de\/innenausbautag\/wp-content\/uploads\/2023\/09\/Innenausbau-Tag-2023_\u00a9Martin-Patze-124-150x150.jpg\" class=\"attachment-thumbnail size-thumbnail\" alt=\"\" decoding=\"async\" loading=\"lazy\" \/><\/a>\n\t\t\t<\/div><\/figure><figure class='gallery-item'>\n\t\t\t<div class='gallery-icon landscape'>\n\t\t\t\t<a href='https:\/\/burg-halle.de\/innenausbautag\/innenausbautag-2023\/innenausbau-tag-2023_martin-patze-121\/'><img width=\"150\" height=\"150\" src=\"https:\/\/burg-halle.de\/innenausbautag\/wp-content\/uploads\/2023\/09\/Innenausbau-Tag-2023_\u00a9Martin-Patze-121-150x150.jpg\" class=\"attachment-thumbnail size-thumbnail\" alt=\"\" decoding=\"async\" loading=\"lazy\" \/><\/a>\n\t\t\t<\/div><\/figure><figure class='gallery-item'>\n\t\t\t<div class='gallery-icon landscape'>\n\t\t\t\t<a href='https:\/\/burg-halle.de\/innenausbautag\/innenausbautag-2023\/innenausbau-tag-2023_martin-patze-120\/'><img width=\"150\" height=\"150\" src=\"https:\/\/burg-halle.de\/innenausbautag\/wp-content\/uploads\/2023\/09\/Innenausbau-Tag-2023_\u00a9Martin-Patze-120-150x150.jpg\" class=\"attachment-thumbnail size-thumbnail\" alt=\"\" decoding=\"async\" loading=\"lazy\" \/><\/a>\n\t\t\t<\/div><\/figure><figure class='gallery-item'>\n\t\t\t<div class='gallery-icon landscape'>\n\t\t\t\t<a href='https:\/\/burg-halle.de\/innenausbautag\/innenausbautag-2023\/innenausbau-tag-2023_martin-patze-123\/'><img width=\"150\" height=\"150\" src=\"https:\/\/burg-halle.de\/innenausbautag\/wp-content\/uploads\/2023\/09\/Innenausbau-Tag-2023_\u00a9Martin-Patze-123-150x150.jpg\" class=\"attachment-thumbnail size-thumbnail\" alt=\"\" decoding=\"async\" loading=\"lazy\" \/><\/a>\n\t\t\t<\/div><\/figure><figure class='gallery-item'>\n\t\t\t<div class='gallery-icon landscape'>\n\t\t\t\t<a href='https:\/\/burg-halle.de\/innenausbautag\/innenausbautag-2023\/innenausbau-tag-2023_martin-patze-122\/'><img width=\"150\" height=\"150\" src=\"https:\/\/burg-halle.de\/innenausbautag\/wp-content\/uploads\/2023\/09\/Innenausbau-Tag-2023_\u00a9Martin-Patze-122-150x150.jpg\" class=\"attachment-thumbnail size-thumbnail\" alt=\"\" decoding=\"async\" loading=\"lazy\" \/><\/a>\n\t\t\t<\/div><\/figure><figure class='gallery-item'>\n\t\t\t<div class='gallery-icon landscape'>\n\t\t\t\t<a href='https:\/\/burg-halle.de\/innenausbautag\/innenausbautag-2023\/innenausbau-tag-2023_martin-patze-127\/'><img width=\"150\" height=\"150\" src=\"https:\/\/burg-halle.de\/innenausbautag\/wp-content\/uploads\/2023\/09\/Innenausbau-Tag-2023_\u00a9Martin-Patze-127-150x150.jpg\" class=\"attachment-thumbnail size-thumbnail\" alt=\"\" decoding=\"async\" loading=\"lazy\" \/><\/a>\n\t\t\t<\/div><\/figure><figure class='gallery-item'>\n\t\t\t<div class='gallery-icon landscape'>\n\t\t\t\t<a href='https:\/\/burg-halle.de\/innenausbautag\/innenausbautag-2023\/innenausbau-tag-2023_martin-patze-126\/'><img width=\"150\" height=\"150\" src=\"https:\/\/burg-halle.de\/innenausbautag\/wp-content\/uploads\/2023\/09\/Innenausbau-Tag-2023_\u00a9Martin-Patze-126-150x150.jpg\" class=\"attachment-thumbnail size-thumbnail\" alt=\"\" decoding=\"async\" loading=\"lazy\" \/><\/a>\n\t\t\t<\/div><\/figure><figure class='gallery-item'>\n\t\t\t<div class='gallery-icon landscape'>\n\t\t\t\t<a href='https:\/\/burg-halle.de\/innenausbautag\/innenausbautag-2023\/innenausbau-tag-2023_martin-patze-119\/'><img width=\"150\" height=\"150\" src=\"https:\/\/burg-halle.de\/innenausbautag\/wp-content\/uploads\/2023\/09\/Innenausbau-Tag-2023_\u00a9Martin-Patze-119-150x150.jpg\" class=\"attachment-thumbnail size-thumbnail\" alt=\"\" decoding=\"async\" loading=\"lazy\" \/><\/a>\n\t\t\t<\/div><\/figure><figure class='gallery-item'>\n\t\t\t<div class='gallery-icon landscape'>\n\t\t\t\t<a href='https:\/\/burg-halle.de\/innenausbautag\/innenausbautag-2023\/innenausbau-tag-2023_martin-patze-118\/'><img width=\"150\" height=\"150\" src=\"https:\/\/burg-halle.de\/innenausbautag\/wp-content\/uploads\/2023\/09\/Innenausbau-Tag-2023_\u00a9Martin-Patze-118-150x150.jpg\" class=\"attachment-thumbnail size-thumbnail\" alt=\"\" decoding=\"async\" loading=\"lazy\" \/><\/a>\n\t\t\t<\/div><\/figure><figure class='gallery-item'>\n\t\t\t<div class='gallery-icon landscape'>\n\t\t\t\t<a href='https:\/\/burg-halle.de\/innenausbautag\/innenausbautag-2023\/innenausbau-tag-2023_martin-patze-117\/'><img width=\"150\" height=\"150\" src=\"https:\/\/burg-halle.de\/innenausbautag\/wp-content\/uploads\/2023\/09\/Innenausbau-Tag-2023_\u00a9Martin-Patze-117-150x150.jpg\" class=\"attachment-thumbnail size-thumbnail\" alt=\"\" decoding=\"async\" loading=\"lazy\" \/><\/a>\n\t\t\t<\/div><\/figure><figure class='gallery-item'>\n\t\t\t<div class='gallery-icon landscape'>\n\t\t\t\t<a href='https:\/\/burg-halle.de\/innenausbautag\/innenausbautag-2023\/innenausbau-tag-2023_martin-patze-114\/'><img width=\"150\" height=\"150\" src=\"https:\/\/burg-halle.de\/innenausbautag\/wp-content\/uploads\/2023\/09\/Innenausbau-Tag-2023_\u00a9Martin-Patze-114-150x150.jpg\" class=\"attachment-thumbnail size-thumbnail\" alt=\"\" decoding=\"async\" loading=\"lazy\" \/><\/a>\n\t\t\t<\/div><\/figure><figure class='gallery-item'>\n\t\t\t<div class='gallery-icon landscape'>\n\t\t\t\t<a href='https:\/\/burg-halle.de\/innenausbautag\/innenausbautag-2023\/innenausbau-tag-2023_martin-patze-116\/'><img width=\"150\" height=\"150\" src=\"https:\/\/burg-halle.de\/innenausbautag\/wp-content\/uploads\/2023\/09\/Innenausbau-Tag-2023_\u00a9Martin-Patze-116-150x150.jpg\" class=\"attachment-thumbnail size-thumbnail\" alt=\"\" decoding=\"async\" loading=\"lazy\" \/><\/a>\n\t\t\t<\/div><\/figure><figure class='gallery-item'>\n\t\t\t<div class='gallery-icon landscape'>\n\t\t\t\t<a href='https:\/\/burg-halle.de\/innenausbautag\/innenausbautag-2023\/innenausbau-tag-2023_martin-patze-115\/'><img width=\"150\" height=\"150\" src=\"https:\/\/burg-halle.de\/innenausbautag\/wp-content\/uploads\/2023\/09\/Innenausbau-Tag-2023_\u00a9Martin-Patze-115-150x150.jpg\" class=\"attachment-thumbnail size-thumbnail\" alt=\"\" decoding=\"async\" loading=\"lazy\" \/><\/a>\n\t\t\t<\/div><\/figure><figure class='gallery-item'>\n\t\t\t<div class='gallery-icon landscape'>\n\t\t\t\t<a href='https:\/\/burg-halle.de\/innenausbautag\/innenausbautag-2023\/innenausbau-tag-2023_martin-patze-111\/'><img width=\"150\" height=\"150\" src=\"https:\/\/burg-halle.de\/innenausbautag\/wp-content\/uploads\/2023\/09\/Innenausbau-Tag-2023_\u00a9Martin-Patze-111-150x150.jpg\" class=\"attachment-thumbnail size-thumbnail\" alt=\"\" decoding=\"async\" loading=\"lazy\" \/><\/a>\n\t\t\t<\/div><\/figure><figure class='gallery-item'>\n\t\t\t<div class='gallery-icon landscape'>\n\t\t\t\t<a href='https:\/\/burg-halle.de\/innenausbautag\/innenausbautag-2023\/innenausbau-tag-2023_martin-patze-108\/'><img width=\"150\" height=\"150\" src=\"https:\/\/burg-halle.de\/innenausbautag\/wp-content\/uploads\/2023\/09\/Innenausbau-Tag-2023_\u00a9Martin-Patze-108-150x150.jpg\" class=\"attachment-thumbnail size-thumbnail\" alt=\"\" decoding=\"async\" loading=\"lazy\" \/><\/a>\n\t\t\t<\/div><\/figure><figure class='gallery-item'>\n\t\t\t<div class='gallery-icon landscape'>\n\t\t\t\t<a href='https:\/\/burg-halle.de\/innenausbautag\/innenausbautag-2023\/innenausbau-tag-2023_martin-patze-109\/'><img width=\"150\" height=\"150\" src=\"https:\/\/burg-halle.de\/innenausbautag\/wp-content\/uploads\/2023\/09\/Innenausbau-Tag-2023_\u00a9Martin-Patze-109-150x150.jpg\" class=\"attachment-thumbnail size-thumbnail\" alt=\"\" decoding=\"async\" loading=\"lazy\" \/><\/a>\n\t\t\t<\/div><\/figure><figure class='gallery-item'>\n\t\t\t<div class='gallery-icon landscape'>\n\t\t\t\t<a href='https:\/\/burg-halle.de\/innenausbautag\/innenausbautag-2023\/innenausbau-tag-2023_martin-patze-113\/'><img width=\"150\" height=\"150\" src=\"https:\/\/burg-halle.de\/innenausbautag\/wp-content\/uploads\/2023\/09\/Innenausbau-Tag-2023_\u00a9Martin-Patze-113-150x150.jpg\" class=\"attachment-thumbnail size-thumbnail\" alt=\"\" decoding=\"async\" loading=\"lazy\" \/><\/a>\n\t\t\t<\/div><\/figure><figure class='gallery-item'>\n\t\t\t<div class='gallery-icon landscape'>\n\t\t\t\t<a href='https:\/\/burg-halle.de\/innenausbautag\/innenausbautag-2023\/innenausbau-tag-2023_martin-patze-110\/'><img width=\"150\" height=\"150\" src=\"https:\/\/burg-halle.de\/innenausbautag\/wp-content\/uploads\/2023\/09\/Innenausbau-Tag-2023_\u00a9Martin-Patze-110-150x150.jpg\" class=\"attachment-thumbnail size-thumbnail\" alt=\"\" decoding=\"async\" loading=\"lazy\" \/><\/a>\n\t\t\t<\/div><\/figure><figure class='gallery-item'>\n\t\t\t<div class='gallery-icon landscape'>\n\t\t\t\t<a href='https:\/\/burg-halle.de\/innenausbautag\/innenausbautag-2023\/innenausbau-tag-2023_martin-patze-112\/'><img width=\"150\" height=\"150\" src=\"https:\/\/burg-halle.de\/innenausbautag\/wp-content\/uploads\/2023\/09\/Innenausbau-Tag-2023_\u00a9Martin-Patze-112-150x150.jpg\" class=\"attachment-thumbnail size-thumbnail\" alt=\"\" decoding=\"async\" loading=\"lazy\" \/><\/a>\n\t\t\t<\/div><\/figure><figure class='gallery-item'>\n\t\t\t<div class='gallery-icon landscape'>\n\t\t\t\t<a href='https:\/\/burg-halle.de\/innenausbautag\/innenausbautag-2023\/innenausbau-tag-2023_martin-patze-106\/'><img width=\"150\" height=\"150\" src=\"https:\/\/burg-halle.de\/innenausbautag\/wp-content\/uploads\/2023\/09\/Innenausbau-Tag-2023_\u00a9Martin-Patze-106-150x150.jpg\" class=\"attachment-thumbnail size-thumbnail\" alt=\"\" decoding=\"async\" loading=\"lazy\" \/><\/a>\n\t\t\t<\/div><\/figure><figure class='gallery-item'>\n\t\t\t<div class='gallery-icon landscape'>\n\t\t\t\t<a href='https:\/\/burg-halle.de\/innenausbautag\/innenausbautag-2023\/innenausbau-tag-2023_martin-patze-107\/'><img width=\"150\" height=\"150\" src=\"https:\/\/burg-halle.de\/innenausbautag\/wp-content\/uploads\/2023\/09\/Innenausbau-Tag-2023_\u00a9Martin-Patze-107-150x150.jpg\" class=\"attachment-thumbnail size-thumbnail\" alt=\"\" decoding=\"async\" loading=\"lazy\" \/><\/a>\n\t\t\t<\/div><\/figure><figure class='gallery-item'>\n\t\t\t<div class='gallery-icon landscape'>\n\t\t\t\t<a href='https:\/\/burg-halle.de\/innenausbautag\/innenausbautag-2023\/innenausbau-tag-2023_martin-patze-105\/'><img width=\"150\" height=\"150\" src=\"https:\/\/burg-halle.de\/innenausbautag\/wp-content\/uploads\/2023\/09\/Innenausbau-Tag-2023_\u00a9Martin-Patze-105-150x150.jpg\" class=\"attachment-thumbnail size-thumbnail\" alt=\"\" decoding=\"async\" loading=\"lazy\" \/><\/a>\n\t\t\t<\/div><\/figure><figure class='gallery-item'>\n\t\t\t<div class='gallery-icon landscape'>\n\t\t\t\t<a href='https:\/\/burg-halle.de\/innenausbautag\/innenausbautag-2023\/innenausbau-tag-2023_martin-patze-103\/'><img width=\"150\" height=\"150\" src=\"https:\/\/burg-halle.de\/innenausbautag\/wp-content\/uploads\/2023\/09\/Innenausbau-Tag-2023_\u00a9Martin-Patze-103-150x150.jpg\" class=\"attachment-thumbnail size-thumbnail\" alt=\"\" decoding=\"async\" loading=\"lazy\" \/><\/a>\n\t\t\t<\/div><\/figure><figure class='gallery-item'>\n\t\t\t<div class='gallery-icon landscape'>\n\t\t\t\t<a href='https:\/\/burg-halle.de\/innenausbautag\/innenausbautag-2023\/innenausbau-tag-2023_martin-patze-104\/'><img width=\"150\" height=\"150\" src=\"https:\/\/burg-halle.de\/innenausbautag\/wp-content\/uploads\/2023\/09\/Innenausbau-Tag-2023_\u00a9Martin-Patze-104-150x150.jpg\" class=\"attachment-thumbnail size-thumbnail\" alt=\"\" decoding=\"async\" loading=\"lazy\" \/><\/a>\n\t\t\t<\/div><\/figure><figure class='gallery-item'>\n\t\t\t<div class='gallery-icon landscape'>\n\t\t\t\t<a href='https:\/\/burg-halle.de\/innenausbautag\/innenausbautag-2023\/innenausbau-tag-2023_martin-patze-100\/'><img width=\"150\" height=\"150\" src=\"https:\/\/burg-halle.de\/innenausbautag\/wp-content\/uploads\/2023\/09\/Innenausbau-Tag-2023_\u00a9Martin-Patze-100-150x150.jpg\" class=\"attachment-thumbnail size-thumbnail\" alt=\"\" decoding=\"async\" loading=\"lazy\" \/><\/a>\n\t\t\t<\/div><\/figure><figure class='gallery-item'>\n\t\t\t<div class='gallery-icon landscape'>\n\t\t\t\t<a href='https:\/\/burg-halle.de\/innenausbautag\/innenausbautag-2023\/innenausbau-tag-2023_martin-patze-102\/'><img width=\"150\" height=\"150\" src=\"https:\/\/burg-halle.de\/innenausbautag\/wp-content\/uploads\/2023\/09\/Innenausbau-Tag-2023_\u00a9Martin-Patze-102-150x150.jpg\" class=\"attachment-thumbnail size-thumbnail\" alt=\"\" decoding=\"async\" loading=\"lazy\" \/><\/a>\n\t\t\t<\/div><\/figure><figure class='gallery-item'>\n\t\t\t<div class='gallery-icon landscape'>\n\t\t\t\t<a href='https:\/\/burg-halle.de\/innenausbautag\/innenausbautag-2023\/innenausbau-tag-2023_martin-patze-99\/'><img width=\"150\" height=\"150\" src=\"https:\/\/burg-halle.de\/innenausbautag\/wp-content\/uploads\/2023\/09\/Innenausbau-Tag-2023_\u00a9Martin-Patze-99-150x150.jpg\" class=\"attachment-thumbnail size-thumbnail\" alt=\"\" decoding=\"async\" loading=\"lazy\" \/><\/a>\n\t\t\t<\/div><\/figure><figure class='gallery-item'>\n\t\t\t<div class='gallery-icon landscape'>\n\t\t\t\t<a href='https:\/\/burg-halle.de\/innenausbautag\/innenausbautag-2023\/innenausbau-tag-2023_martin-patze-101\/'><img width=\"150\" height=\"150\" src=\"https:\/\/burg-halle.de\/innenausbautag\/wp-content\/uploads\/2023\/09\/Innenausbau-Tag-2023_\u00a9Martin-Patze-101-150x150.jpg\" class=\"attachment-thumbnail size-thumbnail\" alt=\"\" decoding=\"async\" loading=\"lazy\" \/><\/a>\n\t\t\t<\/div><\/figure><figure class='gallery-item'>\n\t\t\t<div class='gallery-icon landscape'>\n\t\t\t\t<a href='https:\/\/burg-halle.de\/innenausbautag\/innenausbautag-2023\/innenausbau-tag-2023_martin-patze-98\/'><img width=\"150\" height=\"150\" src=\"https:\/\/burg-halle.de\/innenausbautag\/wp-content\/uploads\/2023\/09\/Innenausbau-Tag-2023_\u00a9Martin-Patze-98-150x150.jpg\" class=\"attachment-thumbnail size-thumbnail\" alt=\"\" decoding=\"async\" loading=\"lazy\" \/><\/a>\n\t\t\t<\/div><\/figure><figure class='gallery-item'>\n\t\t\t<div class='gallery-icon landscape'>\n\t\t\t\t<a href='https:\/\/burg-halle.de\/innenausbautag\/innenausbautag-2023\/innenausbau-tag-2023_martin-patze-97\/'><img width=\"150\" height=\"150\" src=\"https:\/\/burg-halle.de\/innenausbautag\/wp-content\/uploads\/2023\/09\/Innenausbau-Tag-2023_\u00a9Martin-Patze-97-150x150.jpg\" class=\"attachment-thumbnail size-thumbnail\" alt=\"\" decoding=\"async\" loading=\"lazy\" \/><\/a>\n\t\t\t<\/div><\/figure><figure class='gallery-item'>\n\t\t\t<div class='gallery-icon portrait'>\n\t\t\t\t<a href='https:\/\/burg-halle.de\/innenausbautag\/innenausbautag-2023\/innenausbau-tag-2023_martin-patze-174\/'><img width=\"150\" height=\"150\" src=\"https:\/\/burg-halle.de\/innenausbautag\/wp-content\/uploads\/2023\/09\/Innenausbau-Tag-2023_\u00a9Martin-Patze-174-150x150.jpg\" class=\"attachment-thumbnail size-thumbnail\" alt=\"\" decoding=\"async\" loading=\"lazy\" \/><\/a>\n\t\t\t<\/div><\/figure><figure class='gallery-item'>\n\t\t\t<div class='gallery-icon landscape'>\n\t\t\t\t<a href='https:\/\/burg-halle.de\/innenausbautag\/innenausbautag-2023\/innenausbau-tag-2023_martin-patze-96\/'><img width=\"150\" height=\"150\" src=\"https:\/\/burg-halle.de\/innenausbautag\/wp-content\/uploads\/2023\/09\/Innenausbau-Tag-2023_\u00a9Martin-Patze-96-150x150.jpg\" class=\"attachment-thumbnail size-thumbnail\" alt=\"\" decoding=\"async\" loading=\"lazy\" \/><\/a>\n\t\t\t<\/div><\/figure><figure class='gallery-item'>\n\t\t\t<div class='gallery-icon landscape'>\n\t\t\t\t<a href='https:\/\/burg-halle.de\/innenausbautag\/innenausbautag-2023\/innenausbau-tag-2023_martin-patze-173\/'><img width=\"150\" height=\"150\" src=\"https:\/\/burg-halle.de\/innenausbautag\/wp-content\/uploads\/2023\/09\/Innenausbau-Tag-2023_\u00a9Martin-Patze-173-150x150.jpg\" class=\"attachment-thumbnail size-thumbnail\" alt=\"\" decoding=\"async\" loading=\"lazy\" \/><\/a>\n\t\t\t<\/div><\/figure><figure class='gallery-item'>\n\t\t\t<div class='gallery-icon landscape'>\n\t\t\t\t<a href='https:\/\/burg-halle.de\/innenausbautag\/innenausbautag-2023\/innenausbau-tag-2023_martin-patze\/'><img width=\"150\" height=\"150\" src=\"https:\/\/burg-halle.de\/innenausbautag\/wp-content\/uploads\/2023\/09\/Innenausbau-Tag-2023_\u00a9Martin-Patze-150x150.jpg\" class=\"attachment-thumbnail size-thumbnail\" alt=\"\" decoding=\"async\" loading=\"lazy\" \/><\/a>\n\t\t\t<\/div><\/figure><figure class='gallery-item'>\n\t\t\t<div class='gallery-icon landscape'>\n\t\t\t\t<a href='https:\/\/burg-halle.de\/innenausbautag\/innenausbautag-2023\/innenausbau-tag-2023_martin-patze-172\/'><img width=\"150\" height=\"150\" src=\"https:\/\/burg-halle.de\/innenausbautag\/wp-content\/uploads\/2023\/09\/Innenausbau-Tag-2023_\u00a9Martin-Patze-172-150x150.jpg\" class=\"attachment-thumbnail size-thumbnail\" alt=\"\" decoding=\"async\" loading=\"lazy\" \/><\/a>\n\t\t\t<\/div><\/figure><figure class='gallery-item'>\n\t\t\t<div class='gallery-icon landscape'>\n\t\t\t\t<a href='https:\/\/burg-halle.de\/innenausbautag\/innenausbautag-2023\/innenausbau-tag-2023_martin-patze-171\/'><img width=\"150\" height=\"150\" src=\"https:\/\/burg-halle.de\/innenausbautag\/wp-content\/uploads\/2023\/09\/Innenausbau-Tag-2023_\u00a9Martin-Patze-171-150x150.jpg\" class=\"attachment-thumbnail size-thumbnail\" alt=\"\" decoding=\"async\" loading=\"lazy\" \/><\/a>\n\t\t\t<\/div><\/figure><figure class='gallery-item'>\n\t\t\t<div class='gallery-icon landscape'>\n\t\t\t\t<a href='https:\/\/burg-halle.de\/innenausbautag\/innenausbautag-2023\/innenausbau-tag-2023_martin-patze-168\/'><img width=\"150\" height=\"150\" src=\"https:\/\/burg-halle.de\/innenausbautag\/wp-content\/uploads\/2023\/09\/Innenausbau-Tag-2023_\u00a9Martin-Patze-168-150x150.jpg\" class=\"attachment-thumbnail size-thumbnail\" alt=\"\" decoding=\"async\" loading=\"lazy\" \/><\/a>\n\t\t\t<\/div><\/figure><figure class='gallery-item'>\n\t\t\t<div class='gallery-icon landscape'>\n\t\t\t\t<a href='https:\/\/burg-halle.de\/innenausbautag\/innenausbautag-2023\/innenausbau-tag-2023_martin-patze-167\/'><img width=\"150\" height=\"150\" src=\"https:\/\/burg-halle.de\/innenausbautag\/wp-content\/uploads\/2023\/09\/Innenausbau-Tag-2023_\u00a9Martin-Patze-167-150x150.jpg\" class=\"attachment-thumbnail size-thumbnail\" alt=\"\" decoding=\"async\" loading=\"lazy\" \/><\/a>\n\t\t\t<\/div><\/figure><figure class='gallery-item'>\n\t\t\t<div class='gallery-icon landscape'>\n\t\t\t\t<a href='https:\/\/burg-halle.de\/innenausbautag\/innenausbautag-2023\/innenausbau-tag-2023_martin-patze-166\/'><img width=\"150\" height=\"150\" src=\"https:\/\/burg-halle.de\/innenausbautag\/wp-content\/uploads\/2023\/09\/Innenausbau-Tag-2023_\u00a9Martin-Patze-166-150x150.jpg\" class=\"attachment-thumbnail size-thumbnail\" alt=\"\" decoding=\"async\" loading=\"lazy\" \/><\/a>\n\t\t\t<\/div><\/figure><figure class='gallery-item'>\n\t\t\t<div class='gallery-icon landscape'>\n\t\t\t\t<a href='https:\/\/burg-halle.de\/innenausbautag\/innenausbautag-2023\/innenausbau-tag-2023_martin-patze-165\/'><img width=\"150\" height=\"150\" src=\"https:\/\/burg-halle.de\/innenausbautag\/wp-content\/uploads\/2023\/09\/Innenausbau-Tag-2023_\u00a9Martin-Patze-165-150x150.jpg\" class=\"attachment-thumbnail size-thumbnail\" alt=\"\" decoding=\"async\" loading=\"lazy\" \/><\/a>\n\t\t\t<\/div><\/figure><figure class='gallery-item'>\n\t\t\t<div class='gallery-icon landscape'>\n\t\t\t\t<a href='https:\/\/burg-halle.de\/innenausbautag\/innenausbautag-2023\/innenausbau-tag-2023_martin-patze-169\/'><img width=\"150\" height=\"150\" src=\"https:\/\/burg-halle.de\/innenausbautag\/wp-content\/uploads\/2023\/09\/Innenausbau-Tag-2023_\u00a9Martin-Patze-169-150x150.jpg\" class=\"attachment-thumbnail size-thumbnail\" alt=\"\" decoding=\"async\" loading=\"lazy\" \/><\/a>\n\t\t\t<\/div><\/figure><figure class='gallery-item'>\n\t\t\t<div class='gallery-icon landscape'>\n\t\t\t\t<a href='https:\/\/burg-halle.de\/innenausbautag\/innenausbautag-2023\/innenausbau-tag-2023_martin-patze-164\/'><img width=\"150\" height=\"150\" src=\"https:\/\/burg-halle.de\/innenausbautag\/wp-content\/uploads\/2023\/09\/Innenausbau-Tag-2023_\u00a9Martin-Patze-164-150x150.jpg\" class=\"attachment-thumbnail size-thumbnail\" alt=\"\" decoding=\"async\" loading=\"lazy\" \/><\/a>\n\t\t\t<\/div><\/figure><figure class='gallery-item'>\n\t\t\t<div class='gallery-icon landscape'>\n\t\t\t\t<a href='https:\/\/burg-halle.de\/innenausbautag\/innenausbautag-2023\/innenausbau-tag-2023_martin-patze-163\/'><img width=\"150\" height=\"150\" src=\"https:\/\/burg-halle.de\/innenausbautag\/wp-content\/uploads\/2023\/09\/Innenausbau-Tag-2023_\u00a9Martin-Patze-163-150x150.jpg\" class=\"attachment-thumbnail size-thumbnail\" alt=\"\" decoding=\"async\" loading=\"lazy\" \/><\/a>\n\t\t\t<\/div><\/figure><figure class='gallery-item'>\n\t\t\t<div class='gallery-icon landscape'>\n\t\t\t\t<a href='https:\/\/burg-halle.de\/innenausbautag\/innenausbautag-2023\/innenausbau-tag-2023_martin-patze-170\/'><img width=\"150\" height=\"150\" src=\"https:\/\/burg-halle.de\/innenausbautag\/wp-content\/uploads\/2023\/09\/Innenausbau-Tag-2023_\u00a9Martin-Patze-170-150x150.jpg\" class=\"attachment-thumbnail size-thumbnail\" alt=\"\" decoding=\"async\" loading=\"lazy\" \/><\/a>\n\t\t\t<\/div><\/figure><figure class='gallery-item'>\n\t\t\t<div class='gallery-icon landscape'>\n\t\t\t\t<a href='https:\/\/burg-halle.de\/innenausbautag\/innenausbautag-2023\/innenausbau-tag-2023_martin-patze-162\/'><img width=\"150\" height=\"150\" src=\"https:\/\/burg-halle.de\/innenausbautag\/wp-content\/uploads\/2023\/09\/Innenausbau-Tag-2023_\u00a9Martin-Patze-162-150x150.jpg\" class=\"attachment-thumbnail size-thumbnail\" alt=\"\" decoding=\"async\" loading=\"lazy\" \/><\/a>\n\t\t\t<\/div><\/figure><figure class='gallery-item'>\n\t\t\t<div class='gallery-icon landscape'>\n\t\t\t\t<a href='https:\/\/burg-halle.de\/innenausbautag\/innenausbautag-2023\/innenausbau-tag-2023_martin-patze-161\/'><img width=\"150\" height=\"150\" src=\"https:\/\/burg-halle.de\/innenausbautag\/wp-content\/uploads\/2023\/09\/Innenausbau-Tag-2023_\u00a9Martin-Patze-161-150x150.jpg\" class=\"attachment-thumbnail size-thumbnail\" alt=\"\" decoding=\"async\" loading=\"lazy\" \/><\/a>\n\t\t\t<\/div><\/figure><figure class='gallery-item'>\n\t\t\t<div class='gallery-icon landscape'>\n\t\t\t\t<a href='https:\/\/burg-halle.de\/innenausbautag\/innenausbautag-2023\/innenausbau-tag-2023_martin-patze-159\/'><img width=\"150\" height=\"150\" src=\"https:\/\/burg-halle.de\/innenausbautag\/wp-content\/uploads\/2023\/09\/Innenausbau-Tag-2023_\u00a9Martin-Patze-159-150x150.jpg\" class=\"attachment-thumbnail size-thumbnail\" alt=\"\" decoding=\"async\" loading=\"lazy\" \/><\/a>\n\t\t\t<\/div><\/figure><figure class='gallery-item'>\n\t\t\t<div class='gallery-icon landscape'>\n\t\t\t\t<a href='https:\/\/burg-halle.de\/innenausbautag\/innenausbautag-2023\/innenausbau-tag-2023_martin-patze-160\/'><img width=\"150\" height=\"150\" src=\"https:\/\/burg-halle.de\/innenausbautag\/wp-content\/uploads\/2023\/09\/Innenausbau-Tag-2023_\u00a9Martin-Patze-160-150x150.jpg\" class=\"attachment-thumbnail size-thumbnail\" alt=\"\" decoding=\"async\" loading=\"lazy\" \/><\/a>\n\t\t\t<\/div><\/figure><figure class='gallery-item'>\n\t\t\t<div class='gallery-icon landscape'>\n\t\t\t\t<a href='https:\/\/burg-halle.de\/innenausbautag\/innenausbautag-2023\/innenausbau-tag-2023_martin-patze-156\/'><img width=\"150\" height=\"150\" src=\"https:\/\/burg-halle.de\/innenausbautag\/wp-content\/uploads\/2023\/09\/Innenausbau-Tag-2023_\u00a9Martin-Patze-156-150x150.jpg\" class=\"attachment-thumbnail size-thumbnail\" alt=\"\" decoding=\"async\" loading=\"lazy\" \/><\/a>\n\t\t\t<\/div><\/figure><figure class='gallery-item'>\n\t\t\t<div class='gallery-icon landscape'>\n\t\t\t\t<a href='https:\/\/burg-halle.de\/innenausbautag\/innenausbautag-2023\/innenausbau-tag-2023_martin-patze-153\/'><img width=\"150\" height=\"150\" src=\"https:\/\/burg-halle.de\/innenausbautag\/wp-content\/uploads\/2023\/09\/Innenausbau-Tag-2023_\u00a9Martin-Patze-153-150x150.jpg\" class=\"attachment-thumbnail size-thumbnail\" alt=\"\" decoding=\"async\" loading=\"lazy\" \/><\/a>\n\t\t\t<\/div><\/figure><figure class='gallery-item'>\n\t\t\t<div class='gallery-icon landscape'>\n\t\t\t\t<a href='https:\/\/burg-halle.de\/innenausbautag\/innenausbautag-2023\/innenausbau-tag-2023_martin-patze-154\/'><img width=\"150\" height=\"150\" src=\"https:\/\/burg-halle.de\/innenausbautag\/wp-content\/uploads\/2023\/09\/Innenausbau-Tag-2023_\u00a9Martin-Patze-154-150x150.jpg\" class=\"attachment-thumbnail size-thumbnail\" alt=\"\" decoding=\"async\" loading=\"lazy\" \/><\/a>\n\t\t\t<\/div><\/figure><figure class='gallery-item'>\n\t\t\t<div class='gallery-icon landscape'>\n\t\t\t\t<a href='https:\/\/burg-halle.de\/innenausbautag\/innenausbautag-2023\/innenausbau-tag-2023_martin-patze-151\/'><img width=\"150\" height=\"150\" src=\"https:\/\/burg-halle.de\/innenausbautag\/wp-content\/uploads\/2023\/09\/Innenausbau-Tag-2023_\u00a9Martin-Patze-151-150x150.jpg\" class=\"attachment-thumbnail size-thumbnail\" alt=\"\" decoding=\"async\" loading=\"lazy\" \/><\/a>\n\t\t\t<\/div><\/figure><figure class='gallery-item'>\n\t\t\t<div class='gallery-icon landscape'>\n\t\t\t\t<a href='https:\/\/burg-halle.de\/innenausbautag\/innenausbautag-2023\/innenausbau-tag-2023_martin-patze-152\/'><img width=\"150\" height=\"150\" src=\"https:\/\/burg-halle.de\/innenausbautag\/wp-content\/uploads\/2023\/09\/Innenausbau-Tag-2023_\u00a9Martin-Patze-152-150x150.jpg\" class=\"attachment-thumbnail size-thumbnail\" alt=\"\" decoding=\"async\" loading=\"lazy\" \/><\/a>\n\t\t\t<\/div><\/figure><figure class='gallery-item'>\n\t\t\t<div class='gallery-icon landscape'>\n\t\t\t\t<a href='https:\/\/burg-halle.de\/innenausbautag\/innenausbautag-2023\/innenausbau-tag-2023_martin-patze-157\/'><img width=\"150\" height=\"150\" src=\"https:\/\/burg-halle.de\/innenausbautag\/wp-content\/uploads\/2023\/09\/Innenausbau-Tag-2023_\u00a9Martin-Patze-157-150x150.jpg\" class=\"attachment-thumbnail size-thumbnail\" alt=\"\" decoding=\"async\" loading=\"lazy\" \/><\/a>\n\t\t\t<\/div><\/figure><figure class='gallery-item'>\n\t\t\t<div class='gallery-icon landscape'>\n\t\t\t\t<a href='https:\/\/burg-halle.de\/innenausbautag\/innenausbautag-2023\/innenausbau-tag-2023_martin-patze-150\/'><img width=\"150\" height=\"150\" src=\"https:\/\/burg-halle.de\/innenausbautag\/wp-content\/uploads\/2023\/09\/Innenausbau-Tag-2023_\u00a9Martin-Patze-150-150x150.jpg\" class=\"attachment-thumbnail size-thumbnail\" alt=\"\" decoding=\"async\" loading=\"lazy\" \/><\/a>\n\t\t\t<\/div><\/figure><figure class='gallery-item'>\n\t\t\t<div class='gallery-icon landscape'>\n\t\t\t\t<a href='https:\/\/burg-halle.de\/innenausbautag\/innenausbautag-2023\/innenausbau-tag-2023_martin-patze-155\/'><img width=\"150\" height=\"150\" src=\"https:\/\/burg-halle.de\/innenausbautag\/wp-content\/uploads\/2023\/09\/Innenausbau-Tag-2023_\u00a9Martin-Patze-155-150x150.jpg\" class=\"attachment-thumbnail size-thumbnail\" alt=\"\" decoding=\"async\" loading=\"lazy\" \/><\/a>\n\t\t\t<\/div><\/figure><figure class='gallery-item'>\n\t\t\t<div class='gallery-icon landscape'>\n\t\t\t\t<a href='https:\/\/burg-halle.de\/innenausbautag\/innenausbautag-2023\/innenausbau-tag-2023_martin-patze-149\/'><img width=\"150\" height=\"150\" src=\"https:\/\/burg-halle.de\/innenausbautag\/wp-content\/uploads\/2023\/09\/Innenausbau-Tag-2023_\u00a9Martin-Patze-149-150x150.jpg\" class=\"attachment-thumbnail size-thumbnail\" alt=\"\" decoding=\"async\" loading=\"lazy\" \/><\/a>\n\t\t\t<\/div><\/figure><figure class='gallery-item'>\n\t\t\t<div class='gallery-icon landscape'>\n\t\t\t\t<a href='https:\/\/burg-halle.de\/innenausbautag\/innenausbautag-2023\/innenausbau-tag-2023_martin-patze-158\/'><img width=\"150\" height=\"150\" src=\"https:\/\/burg-halle.de\/innenausbautag\/wp-content\/uploads\/2023\/09\/Innenausbau-Tag-2023_\u00a9Martin-Patze-158-150x150.jpg\" class=\"attachment-thumbnail size-thumbnail\" alt=\"\" decoding=\"async\" loading=\"lazy\" \/><\/a>\n\t\t\t<\/div><\/figure><figure class='gallery-item'>\n\t\t\t<div class='gallery-icon landscape'>\n\t\t\t\t<a href='https:\/\/burg-halle.de\/innenausbautag\/innenausbautag-2023\/innenausbau-tag-2023_martin-patze-148\/'><img width=\"150\" height=\"150\" src=\"https:\/\/burg-halle.de\/innenausbautag\/wp-content\/uploads\/2023\/09\/Innenausbau-Tag-2023_\u00a9Martin-Patze-148-150x150.jpg\" class=\"attachment-thumbnail size-thumbnail\" alt=\"\" decoding=\"async\" loading=\"lazy\" \/><\/a>\n\t\t\t<\/div><\/figure><figure class='gallery-item'>\n\t\t\t<div class='gallery-icon landscape'>\n\t\t\t\t<a href='https:\/\/burg-halle.de\/innenausbautag\/innenausbautag-2023\/innenausbau-tag-2023_martin-patze-147\/'><img width=\"150\" height=\"150\" src=\"https:\/\/burg-halle.de\/innenausbautag\/wp-content\/uploads\/2023\/09\/Innenausbau-Tag-2023_\u00a9Martin-Patze-147-150x150.jpg\" class=\"attachment-thumbnail size-thumbnail\" alt=\"\" decoding=\"async\" loading=\"lazy\" \/><\/a>\n\t\t\t<\/div><\/figure><figure class='gallery-item'>\n\t\t\t<div class='gallery-icon landscape'>\n\t\t\t\t<a href='https:\/\/burg-halle.de\/innenausbautag\/innenausbautag-2023\/innenausbau-tag-2023_martin-patze-142\/'><img width=\"150\" height=\"150\" src=\"https:\/\/burg-halle.de\/innenausbautag\/wp-content\/uploads\/2023\/09\/Innenausbau-Tag-2023_\u00a9Martin-Patze-142-150x150.jpg\" class=\"attachment-thumbnail size-thumbnail\" alt=\"\" decoding=\"async\" loading=\"lazy\" \/><\/a>\n\t\t\t<\/div><\/figure><figure class='gallery-item'>\n\t\t\t<div class='gallery-icon landscape'>\n\t\t\t\t<a href='https:\/\/burg-halle.de\/innenausbautag\/innenausbautag-2023\/innenausbau-tag-2023_martin-patze-138\/'><img width=\"150\" height=\"150\" src=\"https:\/\/burg-halle.de\/innenausbautag\/wp-content\/uploads\/2023\/09\/Innenausbau-Tag-2023_\u00a9Martin-Patze-138-150x150.jpg\" class=\"attachment-thumbnail size-thumbnail\" alt=\"\" decoding=\"async\" loading=\"lazy\" \/><\/a>\n\t\t\t<\/div><\/figure><figure class='gallery-item'>\n\t\t\t<div class='gallery-icon landscape'>\n\t\t\t\t<a href='https:\/\/burg-halle.de\/innenausbautag\/innenausbautag-2023\/innenausbau-tag-2023_martin-patze-143\/'><img width=\"150\" height=\"150\" src=\"https:\/\/burg-halle.de\/innenausbautag\/wp-content\/uploads\/2023\/09\/Innenausbau-Tag-2023_\u00a9Martin-Patze-143-150x150.jpg\" class=\"attachment-thumbnail size-thumbnail\" alt=\"\" decoding=\"async\" loading=\"lazy\" \/><\/a>\n\t\t\t<\/div><\/figure><figure class='gallery-item'>\n\t\t\t<div class='gallery-icon landscape'>\n\t\t\t\t<a href='https:\/\/burg-halle.de\/innenausbautag\/innenausbautag-2023\/innenausbau-tag-2023_martin-patze-141\/'><img width=\"150\" height=\"150\" src=\"https:\/\/burg-halle.de\/innenausbautag\/wp-content\/uploads\/2023\/09\/Innenausbau-Tag-2023_\u00a9Martin-Patze-141-150x150.jpg\" class=\"attachment-thumbnail size-thumbnail\" alt=\"\" decoding=\"async\" loading=\"lazy\" \/><\/a>\n\t\t\t<\/div><\/figure><figure class='gallery-item'>\n\t\t\t<div class='gallery-icon landscape'>\n\t\t\t\t<a href='https:\/\/burg-halle.de\/innenausbautag\/innenausbautag-2023\/innenausbau-tag-2023_martin-patze-145\/'><img width=\"150\" height=\"150\" src=\"https:\/\/burg-halle.de\/innenausbautag\/wp-content\/uploads\/2023\/09\/Innenausbau-Tag-2023_\u00a9Martin-Patze-145-150x150.jpg\" class=\"attachment-thumbnail size-thumbnail\" alt=\"\" decoding=\"async\" loading=\"lazy\" \/><\/a>\n\t\t\t<\/div><\/figure><figure class='gallery-item'>\n\t\t\t<div class='gallery-icon landscape'>\n\t\t\t\t<a href='https:\/\/burg-halle.de\/innenausbautag\/innenausbautag-2023\/innenausbau-tag-2023_martin-patze-144\/'><img width=\"150\" height=\"150\" src=\"https:\/\/burg-halle.de\/innenausbautag\/wp-content\/uploads\/2023\/09\/Innenausbau-Tag-2023_\u00a9Martin-Patze-144-150x150.jpg\" class=\"attachment-thumbnail size-thumbnail\" alt=\"\" decoding=\"async\" loading=\"lazy\" \/><\/a>\n\t\t\t<\/div><\/figure><figure class='gallery-item'>\n\t\t\t<div class='gallery-icon landscape'>\n\t\t\t\t<a href='https:\/\/burg-halle.de\/innenausbautag\/innenausbautag-2023\/innenausbau-tag-2023_martin-patze-135\/'><img width=\"150\" height=\"150\" src=\"https:\/\/burg-halle.de\/innenausbautag\/wp-content\/uploads\/2023\/09\/Innenausbau-Tag-2023_\u00a9Martin-Patze-135-150x150.jpg\" class=\"attachment-thumbnail size-thumbnail\" alt=\"\" decoding=\"async\" loading=\"lazy\" \/><\/a>\n\t\t\t<\/div><\/figure><figure class='gallery-item'>\n\t\t\t<div class='gallery-icon landscape'>\n\t\t\t\t<a href='https:\/\/burg-halle.de\/innenausbautag\/innenausbautag-2023\/innenausbau-tag-2023_martin-patze-140\/'><img width=\"150\" height=\"150\" src=\"https:\/\/burg-halle.de\/innenausbautag\/wp-content\/uploads\/2023\/09\/Innenausbau-Tag-2023_\u00a9Martin-Patze-140-150x150.jpg\" class=\"attachment-thumbnail size-thumbnail\" alt=\"\" decoding=\"async\" loading=\"lazy\" \/><\/a>\n\t\t\t<\/div><\/figure><figure class='gallery-item'>\n\t\t\t<div class='gallery-icon landscape'>\n\t\t\t\t<a href='https:\/\/burg-halle.de\/innenausbautag\/innenausbautag-2023\/innenausbau-tag-2023_martin-patze-136\/'><img width=\"150\" height=\"150\" src=\"https:\/\/burg-halle.de\/innenausbautag\/wp-content\/uploads\/2023\/09\/Innenausbau-Tag-2023_\u00a9Martin-Patze-136-150x150.jpg\" class=\"attachment-thumbnail size-thumbnail\" alt=\"\" decoding=\"async\" loading=\"lazy\" \/><\/a>\n\t\t\t<\/div><\/figure><figure class='gallery-item'>\n\t\t\t<div class='gallery-icon landscape'>\n\t\t\t\t<a href='https:\/\/burg-halle.de\/innenausbautag\/innenausbautag-2023\/innenausbau-tag-2023_martin-patze-137\/'><img width=\"150\" height=\"150\" src=\"https:\/\/burg-halle.de\/innenausbautag\/wp-content\/uploads\/2023\/09\/Innenausbau-Tag-2023_\u00a9Martin-Patze-137-150x150.jpg\" class=\"attachment-thumbnail size-thumbnail\" alt=\"\" decoding=\"async\" loading=\"lazy\" \/><\/a>\n\t\t\t<\/div><\/figure><figure class='gallery-item'>\n\t\t\t<div class='gallery-icon landscape'>\n\t\t\t\t<a href='https:\/\/burg-halle.de\/innenausbautag\/innenausbautag-2023\/innenausbau-tag-2023_martin-patze-146\/'><img width=\"150\" height=\"150\" src=\"https:\/\/burg-halle.de\/innenausbautag\/wp-content\/uploads\/2023\/09\/Innenausbau-Tag-2023_\u00a9Martin-Patze-146-150x150.jpg\" class=\"attachment-thumbnail size-thumbnail\" alt=\"\" decoding=\"async\" loading=\"lazy\" \/><\/a>\n\t\t\t<\/div><\/figure><figure class='gallery-item'>\n\t\t\t<div class='gallery-icon landscape'>\n\t\t\t\t<a href='https:\/\/burg-halle.de\/innenausbautag\/innenausbautag-2023\/innenausbau-tag-2023_martin-patze-139\/'><img width=\"150\" height=\"150\" src=\"https:\/\/burg-halle.de\/innenausbautag\/wp-content\/uploads\/2023\/09\/Innenausbau-Tag-2023_\u00a9Martin-Patze-139-150x150.jpg\" class=\"attachment-thumbnail size-thumbnail\" alt=\"\" decoding=\"async\" loading=\"lazy\" \/><\/a>\n\t\t\t<\/div><\/figure>\n\t\t<\/div>\n\n","protected":false},"excerpt":{"rendered":"<p>Der Mitteldeutsche Innenausbautag ist eine Kooperation der Tischler Sachsen-Anhalt und des Designhaus Halle an der Burg Giebichenstein Kunsthochschule Halle. Das Format im Zusammenspiel zweiter Partner &#8211; einer Handwerksorganisation und einer Kunsthochschule &#8211; ist in dieser Form einmalig. Der Innenausbautag lebt vom kollegialen Austausch, Impulse geben den Teilnehmenden die Gelegenheit sich mit innovativen oder gesellschaftlich relevanten [&hellip;]<\/p>\n","protected":false},"author":1,"featured_media":0,"parent":0,"menu_order":0,"comment_status":"closed","ping_status":"closed","template":"","meta":{"footnotes":""},"acf":[],"_links":{"self":[{"href":"https:\/\/burg-halle.de\/innenausbautag\/wp-json\/wp\/v2\/pages\/7"}],"collection":[{"href":"https:\/\/burg-halle.de\/innenausbautag\/wp-json\/wp\/v2\/pages"}],"about":[{"href":"https:\/\/burg-halle.de\/innenausbautag\/wp-json\/wp\/v2\/types\/page"}],"author":[{"embeddable":true,"href":"https:\/\/burg-halle.de\/innenausbautag\/wp-json\/wp\/v2\/users\/1"}],"replies":[{"embeddable":true,"href":"https:\/\/burg-halle.de\/innenausbautag\/wp-json\/wp\/v2\/comments?post=7"}],"version-history":[{"count":132,"href":"https:\/\/burg-halle.de\/innenausbautag\/wp-json\/wp\/v2\/pages\/7\/revisions"}],"predecessor-version":[{"id":940,"href":"https:\/\/burg-halle.de\/innenausbautag\/wp-json\/wp\/v2\/pages\/7\/revisions\/940"}],"wp:attachment":[{"href":"https:\/\/burg-halle.de\/innenausbautag\/wp-json\/wp\/v2\/media?parent=7"}],"curies":[{"name":"wp","href":"https:\/\/api.w.org\/{rel}","templated":true}]}}