{"id":925,"date":"2025-05-05T13:06:31","date_gmt":"2025-05-05T11:06:31","guid":{"rendered":"https:\/\/burg-halle.de\/innenausbautag\/?page_id=925"},"modified":"2025-09-01T09:34:13","modified_gmt":"2025-09-01T07:34:13","slug":"innenausbautag-2025","status":"publish","type":"page","link":"https:\/\/burg-halle.de\/innenausbautag\/","title":{"rendered":"Innenausbautag 2025"},"content":{"rendered":"\n<div id=\"custom-header-container\" class=\"wp-block-group alignwide is-layout-flow wp-block-group-is-layout-flow\">\n    <div class=\"custom-header-content\">\n        <div class=\"custom-left-column\">\n            <span class=\"custom-topline\" style=\"--cs-header-color-primary:#91c1e6; --cs-header-color-secondary:#ffffff\"><p>03. September 2025<strong> in Halle (Saale)<\/strong><\/p>\n<\/span>\n            <figure class=\"wp-block-image size-large custom-header-text\">\n                <img decoding=\"async\" fetchpriority=\"high\" width=\"824\" height=\"1024\" src=\"https:\/\/burg-halle.de\/innenausbautag\/wp-content\/uploads\/2025\/05\/Logo.png\" alt=\"Logo Schriftzug Innenausbautag\">\n            <\/figure>\n        <\/div>\n\n        <div class=\"custom-right-column\">\n            <figure class=\"wp-block-image size-large custom-header-image\">\n                <img loading=\"lazy\" decoding=\"async\" width=\"1024\" height=\"723\" src=\"https:\/\/burg-halle.de\/innenausbautag\/wp-content\/uploads\/2025\/05\/Titel.png\" alt=\"Bild von einer Lasche\">\n            <\/figure>\n        <\/div>\n\n\n        <div class=\"custom-bottom-row\">\n            <div class=\"wp-block-group alignwide mobile-scroll-down is-layout-flow wp-block-group-is-layout-flow\">\n                <figure class=\"wp-block-image alignwide size-full mobile-arrow-down\">\n                    <a href=\"#cs-intro-link\">\n                        <svg width=\"100\" height=\"50\" viewBox=\"0 0 100 50\" xmlns=\"http:\/\/www.w3.org\/2000\/svg\">\n                            <line x1=\"2\" y1=\"9\" x2=\"50\" y2=\"41\" stroke=\"var(--cs-color-h)\" stroke-width=\"4\" stroke-linecap=\"round\" \/>\n                            <line x1=\"98\" y1=\"9\" x2=\"50\" y2=\"41\" stroke=\"var(--cs-color-h)\" stroke-width=\"4\" stroke-linecap=\"round\" \/>\n                        <\/svg>\n                    <\/a>\n                <\/figure>\n            <\/div>\n        <\/div>\n    <\/div>\n<\/div>\n\n\n<div class=\"wp-block-group alignfull cs-content-element is-layout-flow wp-block-group-is-layout-flow\">\n<p>Der Mitteldeutsche Innenausbautag ist eine Kooperation der Tischler Sachsen-Anhalt und des Designhauses Halle an der Burg Giebichenstein Kunsthochschule Halle. Das Format im Zusammenspiel zweiter Partner &#8211; einer Handwerksorganisation und einer Kunsthochschule &#8211; ist in dieser Form einmalig.<\/p>\n\n\n\n<p>Der Innenausbautag lebt vom kollegialen Austausch, Impulse geben den Teilnehmenden die Gelegenheit sich mit innovativen oder gesellschaftlich relevanten Themen auseinanderzusetzen und diese in einem behaglichen Rahmen zu auszutauschen und auch sacken zu lassen. Die Impulse orientieren sich an Leitthemen wie Wert, Zukunft, Vision oder Region und beleuchten diese zun\u00e4chst abstrakten Begriffe anhand von handfesten Beispielen. Das Anliegen des Innenausbautages ist, jedem Teilnehmenden einen einen Ansto\u00df f\u00fcr den Alltag &#8211; oder auch dar\u00fcber hinaus &#8211; mitzugeben.<\/p>\n\n\n\n<p>Unterst\u00fctzt von einem Freundeskreis findet diese Veranstaltung seit 2015 alle zwei Jahre Anfang September statt.&nbsp;<\/p>\n<\/div>\n\n\n\n<div class=\"wp-block-group alignfull cs-content-element has-global-padding is-layout-constrained wp-block-group-is-layout-constrained\" id=\"cs-intro-link\">\n<h2 class=\"wp-block-heading alignfull\">Bildung<\/h2>\n\n\n\n<p><strong>Bildung und Ausbildung \u2013 Chancen und Perspektiven<\/strong><\/p>\n\n\n\n<p>Was bedeutet eine starke handwerkliche Bildung f\u00fcr die Zukunft unserer Gesellschaft? Wie k\u00f6nnen Menschen f\u00fcr Berufe im Handwerk begeistert und langfristig gebunden werden?<\/p>\n\n\n\n<p>Vier Impulsvortr\u00e4ge geben uns spannende Einblicke in die vielf\u00e4ltigen Facetten handwerklicher Bildung und zeigen uns, wie wir davon profitieren k\u00f6nnen. Neben der F\u00f6rderung junger Talente und der Digitalisierung von Wissen spielen moderne Ausbildungsformate und die Weitergabe handwerklicher F\u00e4higkeiten eine zentrale Rolle. Durch die Zusammenarbeit von Unternehmen, Ausbildungsst\u00e4tten und Mentoren kann das Handwerk nachhaltig gest\u00e4rkt werden.<\/p>\n\n\n\n<p># Handwerkliche Berufe sind zukunftsf\u00e4hig und verdienen gesellschaftlich mehr Beachtung.<\/p>\n\n\n\n<p>Sie sind essenziell f\u00fcr eine stabile Wirtschaft und sollten st\u00e4rker wertgesch\u00e4tzt werden. Mehr Sichtbarkeit und eine gute Ausbildung k\u00f6nnen junge Menschen f\u00fcr diese Berufe begeistern.<\/p>\n\n\n\n<p># Digitalisierung im Handwerk schafft Wissenstransfer und sichert Traditionen.<\/p>\n\n\n\n<p>Wissen bewahren und zug\u00e4nglich machen \u2013 das f\u00f6rdert Austausch und sichert handwerkliche Techniken.<\/p>\n\n\n\n<p># Gestaltung und Handwerk k\u00f6nnen zum pers\u00f6nlichen Gl\u00fcck beitragen.<\/p>\n\n\n\n<p>Gestalterische Prozesse erm\u00f6glichen es, Lebensr\u00e4ume aktiv zu formen. Handwerk schafft es, diese erlebbar zu machen. Dadurch entsteht nicht nur materieller Wert, sondern auch Wohlbefinden.<\/p>\n\n\n\n<p># Das duale Ausbildungssystem ist ein internationales Erfolgsmodell.<\/p>\n\n\n\n<p>Die Kombination aus Praxis und Theorie sichert hohe Ausbildungsqualit\u00e4t. Dieses Modell gilt es zu st\u00e4rken und entsprechend stetig sich \u00e4ndernder Anforderungen weiterzuentwickeln.<\/p>\n\n\n\n<p># Junge Menschen brauchen st\u00e4rkere Vorbilder in technischen und handwerklichen Berufen.<\/p>\n\n\n\n<p>Vorbilder erleichtern den Zugang und bauen Ber\u00fchrungs\u00e4ngste ab. Technische Berufe werden so attraktiver.<\/p>\n<\/div>\n\n\n\n<div class=\"wp-block-group alignfull cs-content-element is-layout-flow wp-block-group-is-layout-flow\" id=\"programm\">\n<h2 class=\"wp-block-heading alignfull\">Programm<\/h2>\n\n\n\n<p><br>3. September 2025 im Designhaus Halle (Saale)<\/p>\n\n\n\n<p class=\"download-link\"><a href=\"https:\/\/burg-halle.de\/innenausbautag\/wp-content\/uploads\/2025\/08\/25-TI-Doku-A4-12Seiten-Druck.pdf\">Programm Download (2MB)<\/a><\/p>\n\n\n\n<p><\/p>\n\n\n\n<p><strong>09:00 Uhr Gru\u00dfworte<\/strong><br>Vorsitzender des Landesverbandes Tischler Sachsen-Anhalt, Frank B\u00f6gelsack<br>Einf\u00fchrung in den Themenkomplex<br>Martin A. B\u00fcdel, Burg Giebichenstein Kunsthochschule Halle<\/p>\n\n\n\n<p><strong>09:30 Impuls 1 &#8211; NACHFOLGE.BILDUNG<\/strong><br>Generation N, die Zukunftsorganisation des Tischlerhandwerks in Sachsen-Anhalt<br>Lucas B\u00f6gelsack, B\u00f6gelsack M\u00f6belmanufaktur, Halberstadt<br>Robert Dreyer, Tischlerei Dreyer Wulferstedt<\/p>\n\n\n\n<p><strong>10:30 Uhr Impuls 2 &#8211; GL\u00dcCK.BILDUNG<\/strong><br>Gl\u00fcck l\u00e4sst sich generieren, Bildung ist der erste Schritt dazu.<br>Prof. Axel M\u00fcller-Sch\u00f6ll, Burg Giebichenstein Kunsthochschule Halle<\/p>\n\n\n\n<p><strong>13:30 Uhr Impuls 3 \u2013 AUS.BILDUNG<\/strong><br>Zusammenspiel von Handwerkern und Lehrern am Beispiel Werkraumschule Bregenzerwald<br>Martin Bereuter, Werkraum Bregenzerwald<\/p>\n\n\n\n<p><strong>14:30 Uhr Impuls 4 &#8211; NACHWUCHS.BILDUNG<\/strong><br>(Aus)bildung ist Zukunft \u2013 f\u00fcr alle<br>Barbara Austel, TTS Tooltechnic Systems und Festool<\/p>\n\n\n\n<p><strong>16:00 Uhr Zwischenspiel<\/strong><br>F\u00fchrung durch die Mensa am Campus Design<\/p>\n\n\n\n<p><strong>17:00 Uhr Kulinarischer Ausklang<\/strong>&nbsp;auf der Konsumterrasse am Neuwerk 7<\/p>\n\n\n\n<p><\/p>\n\n\n\n<p><\/p>\n\n\n\n<p><\/p>\n\n\n\n<p><\/p>\n\n\n\n<p><\/p>\n<\/div>\n\n\n\n<div class=\"wp-block-group alignfull cs-content-element is-layout-flow wp-block-group-is-layout-flow\" id=\"speaker\">\n<h2 class=\"wp-block-heading alignfull\">Referent*innen<\/h2>\n\n\n<div class=\"wp-block-group alignfull lectures is-layout-flow wp-block-group-is-layout-flow\">\n      <div class=\"wp-block-group lecture-grid is-layout-flow wp-block-group-is-layout-flow\">\n      <div class=\"wp-block-group lecture-grid-description is-layout-flow wp-block-group-is-layout-flow\">\n        <div class=\"wp-block-group is-nowrap is-layout-flex wp-container-10 wp-block-group-is-layout-flex lecture-topline\">\n          <h3 class=\"wp-block-heading lecture-category\">NACHFOLGE.BILDUNG <\/h3>\n          <p class=\"lecture-speaker-names\">\n                            <span class=\"lecture-speaker-name\">Robert Dreyer<\/span>\n            und                <span class=\"lecture-speaker-name\">Lucas B\u00f6gelsack<\/span>\n                      <\/p>\n        <\/div>\n\n        <p><strong class=\"lecture-title\">Generation N, die Zukunftsorganisation des Tischlerhandwerks in Sachsen-Anhalt<\/strong> \u2013 <p>Generation N\u00a0ist ein Netzwerkprojekt zur Zukunftssicherung des Tischlerhandwerks in Sachsen-Anhalt. Es verbindet junge Fachkr\u00e4fte, digitalisiert das Wissen \u00e4lterer Generationen in einer Videodatenbank und bietet moderne Weiterbildungsformate. Workshops, Mentoring und Exkursionen f\u00f6rdern Austausch, Innovation und Nachhaltigkeit. Ziel ist es, die Attraktivit\u00e4t des Berufs zu steigern, Betriebsnachfolgen zu sichern und digitale Technologien ins Handwerk zu integrieren. Generation N schafft eine Plattform, die \u00fcberregionale Strahlkraft entwickeln und das Tischlerhandwerk langfristig st\u00e4rken soll.<\/p>\n<p>&nbsp;<\/p>\n <\/p>\n      <\/div>\n\n      <div class=\"wp-block-group lecture-speaker-grid is-layout-flow wp-block-group-is-layout-flow\">\n\n                    <div class=\"wp-block-group speaker-grid-item is-layout-flow wp-block-group-is-layout-flow\">\n              <figure class=\"wp-block-image size-large\">\n                <img decoding=\"async\" src=\"https:\/\/burg-halle.de\/innenausbautag\/wp-content\/uploads\/2025\/05\/Robert_Dreyer-683x1024.jpg\" alt=\"Bild des Referenten Robert Dreyer\">\n              <\/figure>\n\n              <div class=\"wp-block-group speaker-hover-container is-layout-flow wp-block-group-is-layout-flow\">\n                <h3 class=\"wp-block-heading\">Robert Dreyer<\/h3>\n\n                <p><p><strong>Handwerk mit Unternehmergeist<\/strong><br \/>\nRobert Dreyer f\u00fchrt die \u00fcber 100-j\u00e4hrige Tischlerei Dreyer in vierter Generation. Unter seiner Leitung wuchs der Betrieb von etwa 12 auf \u00fcber 35 Mitarbeitende. Als Tischlermeister und Wirtschaftsingenieur steht er f\u00fcr pr\u00e4zises Handwerk, moderne Technik und nachhaltiges Wachstum.<\/p>\n<p>&nbsp;<\/p>\n<\/p>\n              <\/div>\n            <\/div>\n                    <div class=\"wp-block-group speaker-grid-item is-layout-flow wp-block-group-is-layout-flow\">\n              <figure class=\"wp-block-image size-large\">\n                <img decoding=\"async\" src=\"https:\/\/burg-halle.de\/innenausbautag\/wp-content\/uploads\/2025\/05\/Lucas_Boegelsack-1024x1024.jpg\" alt=\"Bild des Referenten Lucas B\u00f6gelsack\">\n              <\/figure>\n\n              <div class=\"wp-block-group speaker-hover-container is-layout-flow wp-block-group-is-layout-flow\">\n                <h3 class=\"wp-block-heading\">Lucas B\u00f6gelsack<\/h3>\n\n                <p><p><strong>Gestaltung mit Weitblick<\/strong><br \/>\nLucas B\u00f6gelsack bringt frische Impulse in die B\u00f6gelsack M\u00f6belmanufaktur. Nach seiner Ausbildung zum Tischler und dem Studium der Innenarchitektur an der Burg Giebichenstein sammelte er Erfahrungen bei renommierten Architekten in Dresden und Bregenz. 2024 kehrte er ins Familienunternehmen zur\u00fcck, um traditionelles Handwerk mit modernen Designans\u00e4tzen zu verbinden und die Manufaktur zukunftsorientiert als Tischlerei und Planungsb\u00fcro weiterzuf\u00fchren.<\/p>\n<\/p>\n              <\/div>\n            <\/div>\n              <\/div>\n    <\/div>\n\n      <div class=\"wp-block-group lecture-grid is-layout-flow wp-block-group-is-layout-flow\">\n      <div class=\"wp-block-group lecture-grid-description is-layout-flow wp-block-group-is-layout-flow\">\n        <div class=\"wp-block-group is-nowrap is-layout-flex wp-container-10 wp-block-group-is-layout-flex lecture-topline\">\n          <h3 class=\"wp-block-heading lecture-category\">GL\u00dcCK.BILDUNG<\/h3>\n          <p class=\"lecture-speaker-names\">\n                            <span class=\"lecture-speaker-name\">Prof. Axel M\u00fcller-Sch\u00f6ll<\/span>\n                      <\/p>\n        <\/div>\n\n        <p><strong class=\"lecture-title\">Gl\u00fcck l\u00e4sst sich generieren, Bildung ist der erste Schritt dazu.<\/strong> \u2013 <p><strong>Gl\u00fcck ist (auch) Bildungssache<\/strong><br \/>\nDer Begriff des Gl\u00fccks wird oft floskelhaft benutzt. Es ist aber auch Gegenstand ernsthafter Forschung. Vorgestellt werden 2 Theorien, eine aus Finnland, die andere aus den USA, die Professoren renommierter Universit\u00e4ten als Forschungsgegenstand entwickelt haben. Axel M\u00fcller-Sch\u00f6ll vertritt die These, dass Gestaltung, unabh\u00e4ngig ob handwerklich oder akademisch betrieben, Enzyme sind, um Gl\u00fcck f\u00fcr sich und andere zu generieren. Anhand eines Semesterprojektes, zeigt er wie Studierende sich damit auseinandersetzen und eigenst\u00e4ndig Position beziehen. Dabei geht darum die Voraussetzung zu schaffen, jene Angebotsseite zu st\u00e4rken, die nicht nur unmittelbare kommerzielle Ziele verfolgt, sondern vor allem jene, die Muster generiert, um den Besteller zu unterst\u00fctzen, seinen eigenen Kosmos zu weiterzuentwickeln, zu orchestrieren und mit seinen dezidierten Lebenszielen in Einklang zu bringen. Gespannt wird der Bogen von der Problemerkenntnis, der Idee und deren sukzessiver Entwicklung, bis hin zur Strategie der Kommunikation.<\/p>\n <\/p>\n      <\/div>\n\n      <div class=\"wp-block-group lecture-speaker-grid is-layout-flow wp-block-group-is-layout-flow\">\n\n                    <div class=\"wp-block-group speaker-grid-item is-layout-flow wp-block-group-is-layout-flow\">\n              <figure class=\"wp-block-image size-large\">\n                <img decoding=\"async\" src=\"https:\/\/burg-halle.de\/innenausbautag\/wp-content\/uploads\/2025\/05\/Axel-Mueller-Schoell.jpg\" alt=\"Bild des Referenten Prof. Axel M\u00fcller-Sch\u00f6ll\">\n              <\/figure>\n\n              <div class=\"wp-block-group speaker-hover-container is-layout-flow wp-block-group-is-layout-flow\">\n                <h3 class=\"wp-block-heading\">Prof. Axel M\u00fcller-Sch\u00f6ll<\/h3>\n\n                <p><p>Prof. Axel M\u00fcller-Sch\u00f6ll, studierte Architektur, Innenarchitektur und M\u00f6beldesign an der Staatlichen Akademie der Bildenden K\u00fcnste Stuttgart und an der Universit\u00e4t Florenz. Nach verschiedenen Lehrt\u00e4tigkeiten an den Kunsthochschulen in Stuttgart, Lyon und Peking lehrt er seit 1994 als Professor f\u00fcr Entwerfen Innenarchitektur \/ Ausbaukonstruktion an der Burg Giebichenstein Kunsthochschule Halle. 1999 gr\u00fcndete er dort das idea &#8230;Institut (Institut for Interior design environment and architecture). Er war Dekan des Fachbereichs Design und von 2010-14 Rektor der Burg Giebichenstein Kunsthochschule Halle.Zusammen mit seinem B\u00fcro, dem Studio Paretaia Stuttgart, besch\u00e4ftigt er sich mit Architektur, Innenausbauten, Ausstellungskonzepten, M\u00f6beldesign und mit der Beratung von Unternehmen. Er publiziert B\u00fccher, Texte und Kritiken auf ganzen Sektor der Gestaltung, u.a. seit \u00fcber 30 Jahren als Kolumnist des dds (Der Deutsche Schreiner \u2013 M\u00f6bel und Ausbau).<\/p>\n<\/p>\n              <\/div>\n            <\/div>\n              <\/div>\n    <\/div>\n\n      <div class=\"wp-block-group lecture-grid is-layout-flow wp-block-group-is-layout-flow\">\n      <div class=\"wp-block-group lecture-grid-description is-layout-flow wp-block-group-is-layout-flow\">\n        <div class=\"wp-block-group is-nowrap is-layout-flex wp-container-10 wp-block-group-is-layout-flex lecture-topline\">\n          <h3 class=\"wp-block-heading lecture-category\">Aus.Bildung<\/h3>\n          <p class=\"lecture-speaker-names\">\n                            <span class=\"lecture-speaker-name\">Martin Bereuter<\/span>\n                      <\/p>\n        <\/div>\n\n        <p><strong class=\"lecture-title\">Zusammenspiel von Handwerkern und Lehrern am Beispiel Werkraumschule Bregenzerwald<\/strong> \u2013 <p>Wie, wo, durch wen und warum handwerkliches Wissen weitergegeben wird, wie daraus K\u00f6nnen und Meisterschaft entsteht, ist wahrscheinlich so vielf\u00e4ltig wie das Handwerk selbst. Trotzdem haben wir es geschafft mit dem Dualen Ausbildungssystem in Deutschland, \u00d6sterreich und der Schweiz rechtlich als auch in der gesellschaftlichen Vorstellung einen Rahmen in unserem kollektiven Bewusstsein zur handwerklichen Ausbildung zu verankert.<\/p>\n<p>Der Werkraum Bregenzerwald besch\u00e4ftigt sich als Verein seit seiner Gr\u00fcndung mit Fragen des Nachwuchses und der zeitgem\u00e4\u00dfen regionalen handwerklichen Ausbildung. Menschen f\u00fcr die Arbeit im Handwerk zu gewinnen ist neben dem Engagement f\u00fcr eine zeitgem\u00e4\u00dfe Gestaltung im Handwerk Kernaufgabe des Werkraums Bregenzerwald. Anhand der Werkraum Schule, dem Ausstellungsprogramm im Werkraumhaus sowie seinen Erfahrungen im unternehmerischen Alltag wird Martin Bereuter Rahmen und Inhalt der Dualen Ausbildungspraxis aus seiner Sicht vorstellen und auf gesellschaftliche Ver\u00e4nderungen hin reflektieren.<\/p>\n <\/p>\n      <\/div>\n\n      <div class=\"wp-block-group lecture-speaker-grid is-layout-flow wp-block-group-is-layout-flow\">\n\n                    <div class=\"wp-block-group speaker-grid-item is-layout-flow wp-block-group-is-layout-flow\">\n              <figure class=\"wp-block-image size-large\">\n                <img decoding=\"async\" src=\"https:\/\/burg-halle.de\/innenausbautag\/wp-content\/uploads\/2025\/05\/martinbereuter_Foto_AdolfBereuter-683x1024.jpg\" alt=\"Bild des Referenten Martin Bereuter\">\n              <\/figure>\n\n              <div class=\"wp-block-group speaker-hover-container is-layout-flow wp-block-group-is-layout-flow\">\n                <h3 class=\"wp-block-heading\">Martin Bereuter<\/h3>\n\n                <p><p>Martin Bereuter hat nach seiner Ausbildung zum Tischler an der HTL in Imst berufsbegleitend Architektur an der Uni Liechtenstein studiert. Er arbeitete bei Bruno Spagolla als Projektarchitekt bevor er 2007 die Tischlerei seines Vaters in Lingenau im Bregenzerwald \u00fcbernahm. Zeitgleich begann seine Vorstandst\u00e4tigkeit im Werkraum Bregenzerwald, dessen Obmann er von 2015 bis 2023 war. Er war Mitbegr\u00fcnder der Werkraumschule Bregenzerwald. In der Tischlerei Bereuter realisiert er zusammen mit seinen Mitarbeiter:innen Innenausbauten, Ausstellungsprojekte und M\u00f6bel. Die Gestaltung der Projekte erfolgt durch Architekt:innen, in Kooperation oder selbstst\u00e4ndig. Eine kuratierte Kollektion vertreibt er unter dem Label \u201ehirnholz.<\/p>\n<\/p>\n              <\/div>\n            <\/div>\n              <\/div>\n    <\/div>\n\n      <div class=\"wp-block-group lecture-grid is-layout-flow wp-block-group-is-layout-flow\">\n      <div class=\"wp-block-group lecture-grid-description is-layout-flow wp-block-group-is-layout-flow\">\n        <div class=\"wp-block-group is-nowrap is-layout-flex wp-container-10 wp-block-group-is-layout-flex lecture-topline\">\n          <h3 class=\"wp-block-heading lecture-category\">Nachwuchs.Bildung<\/h3>\n          <p class=\"lecture-speaker-names\">\n                            <span class=\"lecture-speaker-name\">Barbara Austel<\/span>\n                      <\/p>\n        <\/div>\n\n        <p><strong class=\"lecture-title\">Aus Bildung wird Zukunft.<\/strong> \u2013 <p>Die Bildung unserer Nachwuchskr\u00e4fte war schon immer Basis f\u00fcr die Zukunft und wird es auch bleiben. Was oftmals in den Hintergrund tritt, ist die berufliche Bildung. Bei vielen Eltern steht ein Studium an erster Stelle, an eine Lehre wird nur selten gedacht. Das liegt zum einen daran, dass praktische bzw. handwerkliche Fertigkeit in Schulen nicht mehr gelehrt werden, wie auch an haftenden Klischees. Zudem sind weibliche Fachkr\u00e4fte vor allem mit technischem Hintergrund nur sehr sp\u00e4rlich vertreten und es fehlt M\u00e4dchen an Vorbildern.<\/p>\n<p>Im Vortrag wird der Frage nachgegangen, wie man junge Menschen zielgruppenspezifisch ansprechen kann und berufliche Bildung wieder in den Mittelpunkt r\u00fcckt. Anhand von Beispielen wird aufgezeigt, wie bei jungen Menschen H\u00fcrden abgebaut werden und handwerkliche T\u00e4tigkeiten ausprobiert werden k\u00f6nnen und so der Weg zu einer Ausbildung geebnet wird.<\/p>\n<p>Zudem wird aufgezeigt, wie es nach der Ausbildung weitergehen kann. Wie bindet man Auszubildende schon fr\u00fch an das Unternehmen und wie schafft man Loyalit\u00e4t zum Unternehmen.<\/p>\n <\/p>\n      <\/div>\n\n      <div class=\"wp-block-group lecture-speaker-grid is-layout-flow wp-block-group-is-layout-flow\">\n\n                    <div class=\"wp-block-group speaker-grid-item is-layout-flow wp-block-group-is-layout-flow\">\n              <figure class=\"wp-block-image size-large\">\n                <img decoding=\"async\" src=\"https:\/\/burg-halle.de\/innenausbautag\/wp-content\/uploads\/2025\/05\/Portrait_Barbara_Austel_s_w-707x1024.jpeg\" alt=\"Bild des Referenten Barbara Austel\">\n              <\/figure>\n\n              <div class=\"wp-block-group speaker-hover-container is-layout-flow wp-block-group-is-layout-flow\">\n                <h3 class=\"wp-block-heading\">Barbara Austel<\/h3>\n\n                <p><p>Barbara Austel startete 1995 mit einer Lehre zur Schreinerin ins Berufsleben und erwarb anschlie\u00dfend in einem BWL-Studium wirtschaftliche Kenntnisse. Nach weiteren Stationen unter anderem im Produktmanagement in verschiedenen Unternehmen, trat sie 2008 in 3. Generation in das Familienunternehmen ein. Seit 2017 ist sie Vorsitzende des Aufsichtsrats der TTS Tooltechnic Systems AG &amp; Co.KG und verk\u00f6rpert die Balance zwischen Tradition und Innovation des Unternehmens. 2021 schloss sie in Frankreich ihren Master in Change ab. Die TTS beheimatet die Marken Festool, Shaper, ExoIQ, SawStop, Tanos und TTS Cleantec.<\/p>\n<\/p>\n              <\/div>\n            <\/div>\n              <\/div>\n    <\/div>\n\n  \n<\/div><\/div>\n\n\n\n<div class=\"wp-block-group alignfull cs-content-element is-layout-flow wp-block-group-is-layout-flow\" id=\"location\">\n<h2 class=\"wp-block-heading alignfull\">Veranstaltungsort<\/h2>\n\n\n\n<p>Designhaus Halle<br>Ernst-K\u00f6nig-Str. 1-2<br>06108 Halle (Saale)<\/p>\n\n\n\n<figure class=\"wp-block-image size-full cs-map-image\"><img decoding=\"async\" src=\"https:\/\/burg-halle.de\/innenausbautag\/wp-content\/uploads\/2023\/08\/Location.svg\" alt=\"\" class=\"wp-image-45\"\/><\/figure>\n<\/div>\n\n\n\n<div class=\"wp-block-group alignfull cs-content-element is-layout-flow wp-block-group-is-layout-flow\" id=\"kontakt\">\n<h2 class=\"wp-block-heading alignfull\">Kontakt<\/h2>\n\n\n\n<p>Landesinnungsverband des Tischlerhandwerks<br>c\/o B\u00f6gelsack M\u00f6belmanufaktur GmbH<br>T. +49 (0)39 41 \/ 58 81 459<br><a href=\"mailto:info@tischler-sachsen-anhalt.de\">info@tischler-sachsen-anhalt.de<\/a><\/p>\n\n\n\n<p><\/p>\n<\/div>\n\n\n\n<div class=\"wp-block-group alignfull cs-content-element is-layout-flow wp-block-group-is-layout-flow\" id=\"partner\">\n<h2 class=\"wp-block-heading alignfull\">Partnerschaften<\/h2>\n\n\n\n<p>Ein besonderes Augenmerk der Veranstaltung liegt darauf, die gewonne-<br>nen Erfahrungen untereinander, aber auch mit den entsprechenden<br>Industrie- und Handelspartnern zu diskutieren.<\/p>\n\n\n\n<p>Dazu \u00fcbernehmen Unternehmen f\u00fcr Handel und Industrie Tischpaten-<br>schaften und stellen in Gespr\u00e4chsrunden ihre eigenen Aktivit\u00e4ten und<br>Perspektiven im Kontext des Innenausbautages zum Thema REGION vor.<\/p>\n\n\n\n<div class=\"wp-block-group alignwide partner-logo-container has-global-padding is-layout-constrained wp-block-group-is-layout-constrained\">\n        <div class=\"wp-block-group partner-container-item is-layout-flow wp-block-group-is-layout-flow is-highlighted\">\n        <figure class=\"wp-block-image size-large partner-logo\">\n            <a href=\"https:\/\/www.tischler-sachsen.de\" target=\"_blank\">\n                <img decoding=\"async\" loading=\"lazy\" width=\"2560\" height=\"2269\" src=\"https:\/\/burg-halle.de\/innenausbautag\/wp-content\/uploads\/2023\/08\/image001-scaled.jpeg\" alt=\"Logo eines Partners des Mitteldeutschen Innenausbautags\" class=\"wp-image-49\" srcset=\"https:\/\/burg-halle.de\/innenausbautag\/wp-content\/uploads\/2023\/08\/image001-scaled.jpeg 2560w, https:\/\/burg-halle.de\/innenausbautag\/wp-content\/uploads\/2023\/08\/image001-300x266.jpeg 300w, https:\/\/burg-halle.de\/innenausbautag\/wp-content\/uploads\/2023\/08\/image001-1024x908.jpeg 1024w, https:\/\/burg-halle.de\/innenausbautag\/wp-content\/uploads\/2023\/08\/image001-768x681.jpeg 768w, https:\/\/burg-halle.de\/innenausbautag\/wp-content\/uploads\/2023\/08\/image001-1536x1362.jpeg 1536w, https:\/\/burg-halle.de\/innenausbautag\/wp-content\/uploads\/2023\/08\/image001-2048x1816.jpeg 2048w\" sizes=\"(max-width: 2560px) 100vw, 2560px\" \/> \n            <\/a>\n        <\/figure>\n    <\/div>\n\n    <div class=\"wp-block-group partner-container-item is-layout-flow wp-block-group-is-layout-flow is-highlighted\">\n        <figure class=\"wp-block-image size-large partner-logo\">\n            <a href=\"https:\/\/www.burg-halle.de\/\" target=\"_blank\">\n                <img decoding=\"async\" src=\"https:\/\/burg-halle.de\/innenausbautag\/wp-content\/uploads\/2023\/08\/BurgLogo.png\" alt=\"Logo eines Partners des Mitteldeutschen Innenausbautags\" class=\"wp-image-49\"> \n            <\/a>\n        <\/figure>\n    <\/div>\n\n    <div class=\"wp-block-group partner-container-item is-layout-flow wp-block-group-is-layout-flow is-highlighted\">\n        <figure class=\"wp-block-image size-large partner-logo\">\n            <a href=\"https:\/\/www.dds-online.de\/\" target=\"_blank\">\n                <img decoding=\"async\" src=\"https:\/\/burg-halle.de\/innenausbautag\/wp-content\/uploads\/2023\/08\/dds_logo.png\" alt=\"Logo eines Partners des Mitteldeutschen Innenausbautags\" class=\"wp-image-49\"> \n            <\/a>\n        <\/figure>\n    <\/div>\n\n\n<\/div>\n\n\n<div class=\"wp-block-group alignwide partner-logo-container has-global-padding is-layout-constrained wp-block-group-is-layout-constrained\">\n        <div class=\"wp-block-group partner-container-item is-layout-flow wp-block-group-is-layout-flow \">\n        <figure class=\"wp-block-image size-large partner-logo\">\n            <a href=\"www.adler-lacke.com\" target=\"_blank\">\n                <img decoding=\"async\" src=\"https:\/\/burg-halle.de\/innenausbautag\/wp-content\/uploads\/2025\/05\/Adler-Logo-4c-rot.png\" alt=\"Logo eines Partners des Mitteldeutschen Innenausbautags\" class=\"wp-image-49\"> \n            <\/a>\n        <\/figure>\n    <\/div>\n\n    <div class=\"wp-block-group partner-container-item is-layout-flow wp-block-group-is-layout-flow \">\n        <figure class=\"wp-block-image size-large partner-logo\">\n            <a href=\"https:\/\/www.wuerth.de\/\" target=\"_blank\">\n                <img decoding=\"async\" src=\"https:\/\/burg-halle.de\/innenausbautag\/wp-content\/uploads\/2023\/08\/Logo-Mitte-MP-4c-1.jpeg\" alt=\"Logo eines Partners des Mitteldeutschen Innenausbautags\" class=\"wp-image-49\"> \n            <\/a>\n        <\/figure>\n    <\/div>\n\n    <div class=\"wp-block-group partner-container-item is-layout-flow wp-block-group-is-layout-flow \">\n        <figure class=\"wp-block-image size-large partner-logo\">\n            <a href=\"https:\/\/www.behrens-gruppe.de\" target=\"_blank\">\n                <img decoding=\"async\" src=\"https:\/\/burg-halle.de\/innenausbautag\/wp-content\/uploads\/2023\/08\/BG-Logo_4C_300dpi.jpeg\" alt=\"Logo eines Partners des Mitteldeutschen Innenausbautags\" class=\"wp-image-49\"> \n            <\/a>\n        <\/figure>\n    <\/div>\n\n    <div class=\"wp-block-group partner-container-item is-layout-flow wp-block-group-is-layout-flow \">\n        <figure class=\"wp-block-image size-large partner-logo\">\n            <a href=\"https:\/\/www.zeg-holz.de\" target=\"_blank\">\n                <img decoding=\"async\" src=\"https:\/\/burg-halle.de\/innenausbautag\/wp-content\/uploads\/2023\/08\/ZEG_Logo_A4_2015_rgb.jpeg\" alt=\"Logo eines Partners des Mitteldeutschen Innenausbautags\" class=\"wp-image-49\"> \n            <\/a>\n        <\/figure>\n    <\/div>\n\n    <div class=\"wp-block-group partner-container-item is-layout-flow wp-block-group-is-layout-flow \">\n        <figure class=\"wp-block-image size-large partner-logo\">\n            <a href=\"https:\/\/www.remmers.com\" target=\"_blank\">\n                <img decoding=\"async\" src=\"https:\/\/burg-halle.de\/innenausbautag\/wp-content\/uploads\/2023\/08\/230120_REM_Logo_RZ_RGB-1458x464px-1.jpeg\" alt=\"Logo eines Partners des Mitteldeutschen Innenausbautags\" class=\"wp-image-49\"> \n            <\/a>\n        <\/figure>\n    <\/div>\n\n    <div class=\"wp-block-group partner-container-item is-layout-flow wp-block-group-is-layout-flow \">\n        <figure class=\"wp-block-image size-large partner-logo\">\n            <a href=\"https:\/\/www.signal-iduna.de\/\" target=\"_blank\">\n                <img decoding=\"async\" src=\"https:\/\/burg-halle.de\/innenausbautag\/wp-content\/uploads\/2025\/05\/SI_Logo_Claim_RGB_Blue.jpg\" alt=\"Logo eines Partners des Mitteldeutschen Innenausbautags\" class=\"wp-image-49\"> \n            <\/a>\n        <\/figure>\n    <\/div>\n\n    <div class=\"wp-block-group partner-container-item is-layout-flow wp-block-group-is-layout-flow \">\n        <figure class=\"wp-block-image size-large partner-logo\">\n            <a href=\"https:\/\/www.nuessing.de\/\" target=\"_blank\">\n                <img decoding=\"async\" src=\"https:\/\/burg-halle.de\/innenausbautag\/wp-content\/uploads\/2023\/08\/Nuessing_Logo_mehr_als_Beschlaege.jpeg\" alt=\"Logo eines Partners des Mitteldeutschen Innenausbautags\" class=\"wp-image-49\"> \n            <\/a>\n        <\/figure>\n    <\/div>\n\n    <div class=\"wp-block-group partner-container-item is-layout-flow wp-block-group-is-layout-flow \">\n        <figure class=\"wp-block-image size-large partner-logo\">\n            <a href=\"https:\/\/www.muenchener-verein.de\" target=\"_blank\">\n                <img decoding=\"async\" src=\"https:\/\/burg-halle.de\/innenausbautag\/wp-content\/uploads\/2023\/08\/MV-Logo.jpeg\" alt=\"Logo eines Partners des Mitteldeutschen Innenausbautags\" class=\"wp-image-49\"> \n            <\/a>\n        <\/figure>\n    <\/div>\n\n    <div class=\"wp-block-group partner-container-item is-layout-flow wp-block-group-is-layout-flow \">\n        <figure class=\"wp-block-image size-large partner-logo\">\n            <a href=\"https:\/\/www.haefele.de\/\" target=\"_blank\">\n                <img decoding=\"async\" src=\"https:\/\/burg-halle.de\/innenausbautag\/wp-content\/uploads\/2023\/08\/haefele_logo-1.jpg\" alt=\"Logo eines Partners des Mitteldeutschen Innenausbautags\" class=\"wp-image-49\"> \n            <\/a>\n        <\/figure>\n    <\/div>\n\n    <div class=\"wp-block-group partner-container-item is-layout-flow wp-block-group-is-layout-flow \">\n        <figure class=\"wp-block-image size-large partner-logo\">\n            <a href=\"https:\/\/www.hkh-maschinen.de\/\" target=\"_blank\">\n                <img decoding=\"async\" src=\"https:\/\/burg-halle.de\/innenausbautag\/wp-content\/uploads\/2025\/05\/Logo-HopertKlinzmann-scaled.jpg\" alt=\"Logo eines Partners des Mitteldeutschen Innenausbautags\" class=\"wp-image-49\"> \n            <\/a>\n        <\/figure>\n    <\/div>\n\n    <div class=\"wp-block-group partner-container-item is-layout-flow wp-block-group-is-layout-flow \">\n        <figure class=\"wp-block-image size-large partner-logo\">\n            <a href=\"https:\/\/www.ikk-gesundplus.de\/\" target=\"_blank\">\n                <img decoding=\"async\" src=\"https:\/\/burg-halle.de\/innenausbautag\/wp-content\/uploads\/2025\/05\/ikkgpCMYK_ohne_claim.png\" alt=\"Logo eines Partners des Mitteldeutschen Innenausbautags\" class=\"wp-image-49\"> \n            <\/a>\n        <\/figure>\n    <\/div>\n\n    <div class=\"wp-block-group partner-container-item is-layout-flow wp-block-group-is-layout-flow \">\n        <figure class=\"wp-block-image size-large partner-logo\">\n            <a href=\"https:\/\/www.prosol-farben.de\" target=\"_blank\">\n                <img decoding=\"async\" src=\"https:\/\/burg-halle.de\/innenausbautag\/wp-content\/uploads\/2025\/05\/Prosol_Lacke-Farben-Bodenbelaege.png\" alt=\"Logo eines Partners des Mitteldeutschen Innenausbautags\" class=\"wp-image-49\"> \n            <\/a>\n        <\/figure>\n    <\/div>\n\n    <div class=\"wp-block-group partner-container-item is-layout-flow wp-block-group-is-layout-flow \">\n        <figure class=\"wp-block-image size-large partner-logo\">\n            <a href=\"https:\/\/www.br-maschinen.de\/\" target=\"_blank\">\n                <img decoding=\"async\" src=\"https:\/\/burg-halle.de\/innenausbautag\/wp-content\/uploads\/2025\/05\/BR-Maschinenhandel-Logo-Vektordatei.png\" alt=\"Logo eines Partners des Mitteldeutschen Innenausbautags\" class=\"wp-image-49\"> \n            <\/a>\n        <\/figure>\n    <\/div>\n\n    <div class=\"wp-block-group partner-container-item is-layout-flow wp-block-group-is-layout-flow \">\n        <figure class=\"wp-block-image size-large partner-logo\">\n            <a href=\"https:\/\/www.roggemann.de\/\" target=\"_blank\">\n                <img decoding=\"async\" src=\"https:\/\/burg-halle.de\/innenausbautag\/wp-content\/uploads\/2025\/05\/LogoEnnoRoggemann_RGB_blau.jpg\" alt=\"Logo eines Partners des Mitteldeutschen Innenausbautags\" class=\"wp-image-49\"> \n            <\/a>\n        <\/figure>\n    <\/div>\n\n    <div class=\"wp-block-group partner-container-item is-layout-flow wp-block-group-is-layout-flow \">\n        <figure class=\"wp-block-image size-large partner-logo\">\n            <a href=\"https:\/\/www.werkzeugschleiferei-halle.de\/\" target=\"_blank\">\n                <img decoding=\"async\" src=\"https:\/\/burg-halle.de\/innenausbautag\/wp-content\/uploads\/2025\/05\/Siegbert_Kinne.png\" alt=\"Logo eines Partners des Mitteldeutschen Innenausbautags\" class=\"wp-image-49\"> \n            <\/a>\n        <\/figure>\n    <\/div>\n\n    <div class=\"wp-block-group partner-container-item is-layout-flow wp-block-group-is-layout-flow \">\n        <figure class=\"wp-block-image size-large partner-logo\">\n            <a href=\"https:\/\/www.allee-center-magdeburg.de\/\" target=\"_blank\">\n                <img decoding=\"async\" src=\"https:\/\/burg-halle.de\/innenausbautag\/wp-content\/uploads\/2025\/05\/ACM_LOGO_4c.jpg\" alt=\"Logo eines Partners des Mitteldeutschen Innenausbautags\" class=\"wp-image-49\"> \n            <\/a>\n        <\/figure>\n    <\/div>\n\n    <div class=\"wp-block-group partner-container-item is-layout-flow wp-block-group-is-layout-flow \">\n        <figure class=\"wp-block-image size-large partner-logo\">\n            <a href=\"https:\/\/www.kloepfer.de\" target=\"_blank\">\n                <img decoding=\"async\" src=\"https:\/\/burg-halle.de\/innenausbautag\/wp-content\/uploads\/2025\/06\/KL_Holzhandel_1c_PNG.png\" alt=\"Logo eines Partners des Mitteldeutschen Innenausbautags\" class=\"wp-image-49\"> \n            <\/a>\n        <\/figure>\n    <\/div>\n\n\n<\/div><\/div>\n","protected":false},"excerpt":{"rendered":"<p>Der Mitteldeutsche Innenausbautag ist eine Kooperation der Tischler Sachsen-Anhalt und des Designhauses Halle an der Burg Giebichenstein Kunsthochschule Halle. Das Format im Zusammenspiel zweiter Partner &#8211; einer Handwerksorganisation und einer Kunsthochschule &#8211; ist in dieser Form einmalig. Der Innenausbautag lebt vom kollegialen Austausch, Impulse geben den Teilnehmenden die Gelegenheit sich mit innovativen oder gesellschaftlich relevanten [&hellip;]<\/p>\n","protected":false},"author":1,"featured_media":0,"parent":0,"menu_order":0,"comment_status":"closed","ping_status":"closed","template":"","meta":{"footnotes":""},"acf":[],"_links":{"self":[{"href":"https:\/\/burg-halle.de\/innenausbautag\/wp-json\/wp\/v2\/pages\/925"}],"collection":[{"href":"https:\/\/burg-halle.de\/innenausbautag\/wp-json\/wp\/v2\/pages"}],"about":[{"href":"https:\/\/burg-halle.de\/innenausbautag\/wp-json\/wp\/v2\/types\/page"}],"author":[{"embeddable":true,"href":"https:\/\/burg-halle.de\/innenausbautag\/wp-json\/wp\/v2\/users\/1"}],"replies":[{"embeddable":true,"href":"https:\/\/burg-halle.de\/innenausbautag\/wp-json\/wp\/v2\/comments?post=925"}],"version-history":[{"count":52,"href":"https:\/\/burg-halle.de\/innenausbautag\/wp-json\/wp\/v2\/pages\/925\/revisions"}],"predecessor-version":[{"id":1228,"href":"https:\/\/burg-halle.de\/innenausbautag\/wp-json\/wp\/v2\/pages\/925\/revisions\/1228"}],"wp:attachment":[{"href":"https:\/\/burg-halle.de\/innenausbautag\/wp-json\/wp\/v2\/media?parent=925"}],"curies":[{"name":"wp","href":"https:\/\/api.w.org\/{rel}","templated":true}]}}